{"version":"1.0","provider_name":"Av. Deniz Can K\u0131z\u0131l","provider_url":"https:\/\/denizcankizil.tr\/ru","author_name":"admin","author_url":"https:\/\/denizcankizil.tr\/ru\/author\/admin\/","title":"Hatay\u2019a \u2018Vefa Turizmi\u2019 \u00f6nerisi\u2026","type":"rich","width":600,"height":338,"html":"<blockquote class=\"wp-embedded-content\" data-secret=\"LS4cAqunSA\"><a href=\"https:\/\/denizcankizil.tr\/ru\/haberler\/gundem\/hataya-vefa-turizmi-onerisi\/\">Hatay\u2019a \u2018Vefa Turizmi\u2019 \u00f6nerisi\u2026<\/a><\/blockquote><iframe sandbox=\"allow-scripts\" security=\"restricted\" src=\"https:\/\/denizcankizil.tr\/ru\/haberler\/gundem\/hataya-vefa-turizmi-onerisi\/embed\/#?secret=LS4cAqunSA\" width=\"600\" height=\"338\" title=\"\u00abHatay\u2019a \u2018Vefa Turizmi\u2019 \u00f6nerisi\u2026\u00bb &#8212; Av. Deniz Can K\u0131z\u0131l\" data-secret=\"LS4cAqunSA\" frameborder=\"0\" marginwidth=\"0\" marginheight=\"0\" scrolling=\"no\" class=\"wp-embedded-content\"><\/iframe><script>\n\/*! This file is auto-generated *\/\n!function(d,l){\"use strict\";l.querySelector&&d.addEventListener&&\"undefined\"!=typeof URL&&(d.wp=d.wp||{},d.wp.receiveEmbedMessage||(d.wp.receiveEmbedMessage=function(e){var t=e.data;if((t||t.secret||t.message||t.value)&&!\/[^a-zA-Z0-9]\/.test(t.secret)){for(var s,r,n,a=l.querySelectorAll('iframe[data-secret=\"'+t.secret+'\"]'),o=l.querySelectorAll('blockquote[data-secret=\"'+t.secret+'\"]'),c=new RegExp(\"^https?:$\",\"i\"),i=0;i<o.length;i++)o[i].style.display=\"none\";for(i=0;i<a.length;i++)s=a[i],e.source===s.contentWindow&&(s.removeAttribute(\"style\"),\"height\"===t.message?(1e3<(r=parseInt(t.value,10))?r=1e3:~~r<200&&(r=200),s.height=r):\"link\"===t.message&&(r=new URL(s.getAttribute(\"src\")),n=new URL(t.value),c.test(n.protocol))&&n.host===r.host&&l.activeElement===s&&(d.top.location.href=t.value))}},d.addEventListener(\"message\",d.wp.receiveEmbedMessage,!1),l.addEventListener(\"DOMContentLoaded\",function(){for(var e,t,s=l.querySelectorAll(\"iframe.wp-embedded-content\"),r=0;r<s.length;r++)(t=(e=s[r]).getAttribute(\"data-secret\"))||(t=Math.random().toString(36).substring(2,12),e.src+=\"#?secret=\"+t,e.setAttribute(\"data-secret\",t)),e.contentWindow.postMessage({message:\"ready\",secret:t},\"*\")},!1)))}(window,document);\n\/\/# sourceURL=https:\/\/denizcankizil.tr\/wp-includes\/js\/wp-embed.min.js\n<\/script>","description":"\u0130skenderun Gazeteciler Cemiyetini y\u00f6netim kurulu \u00fcyeleriyle ziyaret eden Alanya\u2019da ya\u015fayan Hatayl\u0131lar Beraberlik Dayan\u0131\u015fma Derne\u011fi Ba\u015fkan\u0131 Mustafa K\u00fc\u00e7\u00fck deprem sonras\u0131 insanlar\u0131n birbirlerine ne kadar \u00e7ok ihtiyac\u0131 oldu\u011funu g\u00f6rd\u00fcklerini s\u00f6yledi. \u0130GC Ba\u015fkan\u0131 Diyap Atar ile y\u00f6netim kurulu \u00fcyelerinin Bas\u0131n Merkezi\u2019nde konuk etti\u011fi Alanya\u2019da ya\u015fayan Hatayl\u0131lar Dernek Ba\u015fkan\u0131 Mustafa K\u00fc\u00e7\u00fck, Ba\u015fkan Yard\u0131mc\u0131s\u0131 Av. Birkan Y\u0131lmaz, Adnan G\u00fc\u00e7l\u00fc, Hakan Kahraman, Metin S\u00fcrek\u00e7i ve Mehmet Ta\u015f Hatay ve \u0130skenderun\u2019un turizm konusunda geli\u015fecek \u00f6nemli bir potansiyeline i\u015faret etti. \u0130GC Ba\u015fkan\u0131 Diyap Atar, Alanya\u2019da dernekle\u015fen Hatayl\u0131 hem\u015fherilerini \u0130skenderun\u2019da kendi evlerinde a\u011f\u0131rlamaktan mutluluk duyduklar\u0131n\u0131 ifade ederek Alanya ve Hatay-\u0130skenderun i\u00e7in kar\u015f\u0131l\u0131kl\u0131 yap\u0131lacak \u00e7al\u0131\u015fmalar\u0131 her daim destekleyeceklerini iletti. Hatayl\u0131lar Beraberlik ve Dayan\u0131\u015fma Derne\u011fi Ba\u015fkan\u0131 Mustafa K\u00fc\u00e7\u00fck, Hatay\u2019\u0131n yeti\u015ftirdi\u011fi bir\u00e7ok i\u015f insan\u0131n\u0131n Alanya\u2019da ticaret yapt\u0131\u011f\u0131n\u0131, ya\u015fanan deprem sonras\u0131nda ciddi bir \u00f6rg\u00fctlenmeye ihtiya\u00e7 duyuldu\u011funun fark\u0131na vard\u0131klar\u0131n\u0131 belirterek \u201cAlanya\u2019da ya\u015fayan Hatayl\u0131lar\u0131 bir araya getirerek Beraberlik ve dayan\u0131\u015fma derne\u011fini kurduk. Ya\u015fad\u0131\u011f\u0131m\u0131z yerde s\u00f6z sahibi olan Hatayl\u0131 i\u015f insanlar\u0131m\u0131z ile g\u00fczel bir y\u00f6netim olu\u015fturarak \u00e7al\u0131\u015fmalar\u0131m\u0131za ba\u015flad\u0131k. Alanya\u2019da bir eviniz, sesiniz ve kula\u011f\u0131n\u0131z var. Tecr\u00fcbelerimizi, birikimlerimizi orada bulunan Hatayl\u0131lara ve Hatay da ya\u015fayan akraba, dost insanlar\u0131m\u0131za nas\u0131l birlikte destek oluruz, \u00e7abas\u0131 ve gayreti i\u00e7erisindeyiz\u201d dedi. \u00a0VEFA TUR\u0130ZM\u0130 \u00dcZER\u0130NDE DURALIM Alanya\u2019da ya\u015fayan Hatayl\u0131lar Beraberlik ve Dayan\u0131\u015fma Derne\u011fi Ba\u015fkan\u0131 Mustafa K\u00fc\u00e7\u00fck Hatay\u2019\u0131n muhte\u015fem k\u00fclt\u00fcr, turizm ve do\u011fas\u0131n\u0131n &hellip;"}