{"version":"1.0","provider_name":"Av. Deniz Can K\u0131z\u0131l","provider_url":"https:\/\/denizcankizil.tr\/ru","author_name":"Antalya K\u00f6rfez","author_url":"https:\/\/denizcankizil.tr\/ru\/author\/www-antalyakorfez-com\/","title":"G\u00f6zalt\u0131lar pe\u015f pe\u015fe: \u015eimdi de gazeteci \u0130smail Saymaz...","type":"rich","width":600,"height":338,"html":"<blockquote class=\"wp-embedded-content\" data-secret=\"cIkCOshQA5\"><a href=\"https:\/\/denizcankizil.tr\/ru\/haberler\/gundem\/gozaltilar-pes-pese-simdi-de-gazeteci-ismail-saymaz\/\">G\u00f6zalt\u0131lar pe\u015f pe\u015fe: \u015eimdi de gazeteci \u0130smail Saymaz&#8230;<\/a><\/blockquote><iframe sandbox=\"allow-scripts\" security=\"restricted\" src=\"https:\/\/denizcankizil.tr\/ru\/haberler\/gundem\/gozaltilar-pes-pese-simdi-de-gazeteci-ismail-saymaz\/embed\/#?secret=cIkCOshQA5\" width=\"600\" height=\"338\" title=\"\u00abG\u00f6zalt\u0131lar pe\u015f pe\u015fe: \u015eimdi de gazeteci \u0130smail Saymaz&#8230;\u00bb &#8212; Av. Deniz Can K\u0131z\u0131l\" data-secret=\"cIkCOshQA5\" frameborder=\"0\" marginwidth=\"0\" marginheight=\"0\" scrolling=\"no\" class=\"wp-embedded-content\"><\/iframe><script>\n\/*! This file is auto-generated *\/\n!function(d,l){\"use strict\";l.querySelector&&d.addEventListener&&\"undefined\"!=typeof URL&&(d.wp=d.wp||{},d.wp.receiveEmbedMessage||(d.wp.receiveEmbedMessage=function(e){var t=e.data;if((t||t.secret||t.message||t.value)&&!\/[^a-zA-Z0-9]\/.test(t.secret)){for(var s,r,n,a=l.querySelectorAll('iframe[data-secret=\"'+t.secret+'\"]'),o=l.querySelectorAll('blockquote[data-secret=\"'+t.secret+'\"]'),c=new RegExp(\"^https?:$\",\"i\"),i=0;i<o.length;i++)o[i].style.display=\"none\";for(i=0;i<a.length;i++)s=a[i],e.source===s.contentWindow&&(s.removeAttribute(\"style\"),\"height\"===t.message?(1e3<(r=parseInt(t.value,10))?r=1e3:~~r<200&&(r=200),s.height=r):\"link\"===t.message&&(r=new URL(s.getAttribute(\"src\")),n=new URL(t.value),c.test(n.protocol))&&n.host===r.host&&l.activeElement===s&&(d.top.location.href=t.value))}},d.addEventListener(\"message\",d.wp.receiveEmbedMessage,!1),l.addEventListener(\"DOMContentLoaded\",function(){for(var e,t,s=l.querySelectorAll(\"iframe.wp-embedded-content\"),r=0;r<s.length;r++)(t=(e=s[r]).getAttribute(\"data-secret\"))||(t=Math.random().toString(36).substring(2,12),e.src+=\"#?secret=\"+t,e.setAttribute(\"data-secret\",t)),e.contentWindow.postMessage({message:\"ready\",secret:t},\"*\")},!1)))}(window,document);\n\/\/# sourceURL=https:\/\/denizcankizil.tr\/wp-includes\/js\/wp-embed.min.js\n<\/script>","description":"\u0130stanbul B\u00fcy\u00fck\u015fehir Belediye Ba\u015fkan\u0131 Ekrem \u0130mamo\u011flu&#8217;nun da g\u00f6zalt\u0131na al\u0131nd\u0131\u011f\u0131 2 soru\u015fturma d\u0131\u015f\u0131nda savc\u0131l\u0131\u011f\u0131n &#8220;Gezi Park\u0131&#8221; soru\u015fturmas\u0131 g\u00f6zalt\u0131lar\u0131na da devam etti\u011fi \u00f6\u011frenildi. Bu soru\u015fturma kapsam\u0131nda Halk TV programc\u0131s\u0131 ve gazeteci \u0130smail Saymaz&#8217;\u0131n g\u00f6zalt\u0131na al\u0131nd\u0131\u011f\u0131 biliniyor.\u00a0Saymaz, &#8220;T\u00fcrkiye H\u00fck\u00fcmetini ortadan kald\u0131rmaya te\u015febb\u00fcse yard\u0131m&#8221; su\u00e7undan g\u00f6zalt\u0131na al\u0131nd\u0131. Saymaz&#8217;\u0131n evinde arama yap\u0131ld\u0131. GEZ\u0130 PARKI&#8217;NA BA\u011eLADILAR \u0130stanbul Cumhuriyet Ba\u015fsavc\u0131l\u0131\u011f\u0131 taraf\u0131ndan y\u00fcr\u00fct\u00fclen soru\u015fturma kapsam\u0131nda, gazeteci \u0130smail Saymaz&#8217;\u0131n Gezi Park\u0131 davas\u0131nda a\u011f\u0131rla\u015ft\u0131r\u0131lm\u0131\u015f m\u00fcebbet hapis cezas\u0131 verilen Osman Kavala&#8217;n\u0131n web sitesinin haz\u0131rlanmas\u0131nda ve eylemleri bas\u0131n yoluyla yayma amac\u0131yla kurmay\u0131 planlad\u0131\u011f\u0131 televizyon kanal\u0131n\u0131n kurulmas\u0131 i\u00e7in rol alan ki\u015filerle konu\u015fmalar\u0131n\u0131n oldu\u011fu iddia edildi. Soru\u015fturma kapsam\u0131nda Saymaz&#8217;\u0131n, Gezi Park\u0131 san\u0131klar\u0131 Mehmet Osman Kavala, \u015eerafettin Can Atalay, \u00c7i\u011fdem Mater Utku ve Ay\u015fe M\u00fccella Yap\u0131c\u0131 ile olaylar s\u00fcrecinde yo\u011fun irtibat\u0131 oldu\u011fu, sosyal medyadan olaylara ili\u015fkin \u00e7ok say\u0131da payla\u015f\u0131mda bulundu\u011fu, olaylarda aktif rol alarak sosyal medyada ger\u00e7ekle ba\u011fda\u015fmayan bilgiler vererek vatanda\u015flar\u0131 kolluk kuvvetlerine kar\u015f\u0131 k\u0131\u015fk\u0131rtmaya \u00e7al\u0131\u015ft\u0131\u011f\u0131 \u00f6ne s\u00fcr\u00fcld\u00fc. Soru\u015fturma \u00e7er\u00e7evesinde Saymaz, &#8216;T\u00fcrkiye Cumhuriyeti h\u00fck\u00fcmetini ortadan kald\u0131rmaya te\u015febb\u00fcse yard\u0131m&#8217; su\u00e7lamas\u0131yla g\u00f6zalt\u0131na al\u0131nd\u0131. &#8220;T\u00fcrkiye Cumhuriyeti&#8217;ni ortadan kald\u0131rma&#8217; su\u00e7lamas\u0131&#8221; Ba\u015fsavc\u0131l\u0131\u011f\u0131n konuyla ilgili a\u00e7\u0131klamas\u0131 \u015f\u00f6yle: &#8220;Kamuoyunda \u201cGezi Park\u0131\u201d olaylar\u0131 olarak bilinen ve 61\u2019inci T\u00fcrkiye Cumhuriyeti H\u00fck\u00fcmetini cebir ve \u015fiddet kullan\u0131larak g\u00f6revini yapmas\u0131n\u0131 engellemeyi ama\u00e7layan eylemler silsilesiyle ilgili olarak; G\u00fcrcistan ve Balt\u0131k \u00fclkelerinde Turuncu Devrim, Arap \u00fclkelerinde Arap Bahar\u0131, T\u00fcrkiye\u2019de &hellip;"}