{"version":"1.0","provider_name":"Av. Deniz Can K\u0131z\u0131l","provider_url":"https:\/\/denizcankizil.tr\/ru","author_name":"admin","author_url":"https:\/\/denizcankizil.tr\/ru\/author\/admin\/","title":"'E\u015f zamanl\u0131 \u00fc\u00e7l\u00fc pist' devreye giriyor","type":"rich","width":600,"height":338,"html":"<blockquote class=\"wp-embedded-content\" data-secret=\"bpsF9PvOuz\"><a href=\"https:\/\/denizcankizil.tr\/ru\/haberler\/gundem\/es-zamanli-uclu-pist-devreye-giriyor\/\">&#8216;E\u015f zamanl\u0131 \u00fc\u00e7l\u00fc pist&#8217; devreye giriyor<\/a><\/blockquote><iframe sandbox=\"allow-scripts\" security=\"restricted\" src=\"https:\/\/denizcankizil.tr\/ru\/haberler\/gundem\/es-zamanli-uclu-pist-devreye-giriyor\/embed\/#?secret=bpsF9PvOuz\" width=\"600\" height=\"338\" title=\"\u00ab&#8216;E\u015f zamanl\u0131 \u00fc\u00e7l\u00fc pist&#8217; devreye giriyor\u00bb &#8212; Av. Deniz Can K\u0131z\u0131l\" data-secret=\"bpsF9PvOuz\" frameborder=\"0\" marginwidth=\"0\" marginheight=\"0\" scrolling=\"no\" class=\"wp-embedded-content\"><\/iframe><script>\n\/*! This file is auto-generated *\/\n!function(d,l){\"use strict\";l.querySelector&&d.addEventListener&&\"undefined\"!=typeof URL&&(d.wp=d.wp||{},d.wp.receiveEmbedMessage||(d.wp.receiveEmbedMessage=function(e){var t=e.data;if((t||t.secret||t.message||t.value)&&!\/[^a-zA-Z0-9]\/.test(t.secret)){for(var s,r,n,a=l.querySelectorAll('iframe[data-secret=\"'+t.secret+'\"]'),o=l.querySelectorAll('blockquote[data-secret=\"'+t.secret+'\"]'),c=new RegExp(\"^https?:$\",\"i\"),i=0;i<o.length;i++)o[i].style.display=\"none\";for(i=0;i<a.length;i++)s=a[i],e.source===s.contentWindow&&(s.removeAttribute(\"style\"),\"height\"===t.message?(1e3<(r=parseInt(t.value,10))?r=1e3:~~r<200&&(r=200),s.height=r):\"link\"===t.message&&(r=new URL(s.getAttribute(\"src\")),n=new URL(t.value),c.test(n.protocol))&&n.host===r.host&&l.activeElement===s&&(d.top.location.href=t.value))}},d.addEventListener(\"message\",d.wp.receiveEmbedMessage,!1),l.addEventListener(\"DOMContentLoaded\",function(){for(var e,t,s=l.querySelectorAll(\"iframe.wp-embedded-content\"),r=0;r<s.length;r++)(t=(e=s[r]).getAttribute(\"data-secret\"))||(t=Math.random().toString(36).substring(2,12),e.src+=\"#?secret=\"+t,e.setAttribute(\"data-secret\",t)),e.contentWindow.postMessage({message:\"ready\",secret:t},\"*\")},!1)))}(window,document);\n\/\/# sourceURL=https:\/\/denizcankizil.tr\/wp-includes\/js\/wp-embed.min.js\n<\/script>","description":"\u0130stanbul Havaliman\u0131\u2019nda mevcut pistlerin kullan\u0131m\u0131n\u0131 en verimli hale getirecek &#8216;E\u015f Zamanl\u0131 \u00dc\u00e7l\u00fc Ba\u011f\u0131ms\u0131z Pist Operasyonlar\u0131&#8217; uygulamas\u0131 17 Nisan Per\u015fembe g\u00fcn\u00fc saat 10.00\u2019da ba\u015flayacak.ANKARA (\u0130GFA) &#8211; \u00dc\u00e7l\u00fc Ba\u011f\u0131ms\u0131z Pist Operasyonu\u2019nun e\u015f zamanl\u0131 olarak \u00fc\u00e7 u\u00e7a\u011f\u0131n ini\u015f yapmas\u0131na ve \u00fc\u00e7 u\u00e7a\u011f\u0131n kalk\u0131\u015f yapmas\u0131na olanak sa\u011flayan bir operasyon oldu\u011funu belirten Ula\u015ft\u0131rma ve Altyap\u0131 Bakan\u0131 Abdulkadir Uralo\u011flu, \u0130stanbul Havaliman\u0131\u2019nda \u201cE\u015f Zamanl\u0131 \u00dc\u00e7l\u00fc Ba\u011f\u0131ms\u0131z Pist Operasyonlar\u0131\u201d uygulamas\u0131n\u0131n 17 Nisan Per\u015fembe g\u00fcn\u00fc saat 10.00\u2019da ba\u015flayaca\u011f\u0131n\u0131 a\u00e7\u0131klad\u0131. Bakan Uralo\u011flu, Avrupa\u2019da uygulamay\u0131 hayata ge\u00e7iren ilk \u00fclke T\u00fcrkiye olaca\u011f\u0131n\u0131 s\u00f6yledi. S\u00f6z konusu sistemle \u0130stanbul Havaliman\u0131\u2019na ayn\u0131 anda \u00fc\u00e7 u\u00e7ak ini\u015f yapabilece\u011fini kaydeden Bakan Uralo\u011flu, \u00dc\u00e7l\u00fc Ba\u011f\u0131ms\u0131z Pist Operasyonu ile \u0130stanbul Havaliman\u0131\u2019n\u0131n trafik ak\u0131\u015f\u0131 h\u0131zlanacak ve dinamik kapasitesinin artaca\u011f\u0131n\u0131 belirtti. 2022&#8217;DEN BU YANA YO\u011eUN \u00c7ALI\u015eMA Y\u00dcR\u00dcT\u00dcLD\u00dc Bakan Uralo\u011flu, projenin \u00e7al\u0131\u015fmalar\u0131na 2022 y\u0131l\u0131n\u0131n son \u00e7eyre\u011finde ba\u015fland\u0131\u011f\u0131n\u0131, 2023 ve 2024 y\u0131llar\u0131nda Eurocontrol, Devlet Hava Meydanlar\u0131 \u0130\u015fletmesi, Sivil Havac\u0131l\u0131k Genel M\u00fcd\u00fcrl\u00fc\u011f\u00fc ve T\u00fcrk Hava Yollar\u0131 i\u015f birli\u011fiyle toplant\u0131lar, risk analizleri, emniyet \u00e7al\u0131\u015fmalar\u0131 ve sim\u00fclasyonlar ger\u00e7ekle\u015ftirildi\u011fini belirtti. Eurocontrol taraf\u0131ndan haz\u0131rlanan emniyet analiz raporu do\u011frultusunda gerekli t\u00fcm haz\u0131rl\u0131klar\u0131n tamamland\u0131\u011f\u0131n\u0131 s\u00f6yleyen Uralo\u011flu, \u201cYeni hava sahas\u0131 tasar\u0131m\u0131 yap\u0131ld\u0131, kontrol sistemleri \u00fc\u00e7l\u00fc operasyonlara uygun hale getirildi, havayolu \u015firketleri bilgilendirildi. Hava Trafik Kontrol\u00f6rlerimize yerli ve milli sim\u00fclat\u00f6r\u00fcm\u00fczle e\u011fitimler verildi.\u201d bilgisini verdi. \u0130STANBUL HAVAL\u0130MANI\u2019NIN AVRUPA\u2019DAK\u0130 KONUMU G\u00dc\u00c7LENECEK Uralo\u011flu, uygulaman\u0131n ba\u015flamas\u0131yla &hellip;"}