{"version":"1.0","provider_name":"Av. Deniz Can K\u0131z\u0131l","provider_url":"https:\/\/denizcankizil.tr\/ru","author_name":"admin","author_url":"https:\/\/denizcankizil.tr\/ru\/author\/admin\/","title":"Erzin\u2019de Ara\u00e7 Yang\u0131n\u0131 Korkuttu!","type":"rich","width":600,"height":338,"html":"<blockquote class=\"wp-embedded-content\" data-secret=\"w8ctyEPsoE\"><a href=\"https:\/\/denizcankizil.tr\/ru\/haberler\/gundem\/erzinde-arac-yangini-korkuttu\/\">Erzin\u2019de Ara\u00e7 Yang\u0131n\u0131 Korkuttu!<\/a><\/blockquote><iframe sandbox=\"allow-scripts\" security=\"restricted\" src=\"https:\/\/denizcankizil.tr\/ru\/haberler\/gundem\/erzinde-arac-yangini-korkuttu\/embed\/#?secret=w8ctyEPsoE\" width=\"600\" height=\"338\" title=\"\u00abErzin\u2019de Ara\u00e7 Yang\u0131n\u0131 Korkuttu!\u00bb &#8212; Av. Deniz Can K\u0131z\u0131l\" data-secret=\"w8ctyEPsoE\" frameborder=\"0\" marginwidth=\"0\" marginheight=\"0\" scrolling=\"no\" class=\"wp-embedded-content\"><\/iframe><script>\n\/*! This file is auto-generated *\/\n!function(d,l){\"use strict\";l.querySelector&&d.addEventListener&&\"undefined\"!=typeof URL&&(d.wp=d.wp||{},d.wp.receiveEmbedMessage||(d.wp.receiveEmbedMessage=function(e){var t=e.data;if((t||t.secret||t.message||t.value)&&!\/[^a-zA-Z0-9]\/.test(t.secret)){for(var s,r,n,a=l.querySelectorAll('iframe[data-secret=\"'+t.secret+'\"]'),o=l.querySelectorAll('blockquote[data-secret=\"'+t.secret+'\"]'),c=new RegExp(\"^https?:$\",\"i\"),i=0;i<o.length;i++)o[i].style.display=\"none\";for(i=0;i<a.length;i++)s=a[i],e.source===s.contentWindow&&(s.removeAttribute(\"style\"),\"height\"===t.message?(1e3<(r=parseInt(t.value,10))?r=1e3:~~r<200&&(r=200),s.height=r):\"link\"===t.message&&(r=new URL(s.getAttribute(\"src\")),n=new URL(t.value),c.test(n.protocol))&&n.host===r.host&&l.activeElement===s&&(d.top.location.href=t.value))}},d.addEventListener(\"message\",d.wp.receiveEmbedMessage,!1),l.addEventListener(\"DOMContentLoaded\",function(){for(var e,t,s=l.querySelectorAll(\"iframe.wp-embedded-content\"),r=0;r<s.length;r++)(t=(e=s[r]).getAttribute(\"data-secret\"))||(t=Math.random().toString(36).substring(2,12),e.src+=\"#?secret=\"+t,e.setAttribute(\"data-secret\",t)),e.contentWindow.postMessage({message:\"ready\",secret:t},\"*\")},!1)))}(window,document);\n\/\/# sourceURL=https:\/\/denizcankizil.tr\/wp-includes\/js\/wp-embed.min.js\n<\/script>","description":"Adil Co\u015fkuner\/Erzin Olayda herhangi bir can kayb\u0131 ya da yaralanma ya\u015fanmazken, ekipler yang\u0131n\u0131 s\u00f6nd\u00fcrd\u00fckten sonra so\u011futma \u00e7al\u0131\u015fmalar\u0131n\u0131 da tamamlad\u0131. Yang\u0131n\u0131n \u00e7\u0131k\u0131\u015f nedeni ile ilgili inceleme ba\u015flat\u0131l\u0131rken, b\u00f6lgedeki vatanda\u015flar ekiplerin h\u0131zl\u0131 ve etkili m\u00fcdahalesi sayesinde olas\u0131 bir facian\u0131n \u00f6n\u00fcne ge\u00e7ildi\u011fini belirtti. Yetkililer, olayla ilgili gerekli g\u00fcvenlik \u00f6nlemlerinin al\u0131nd\u0131\u011f\u0131n\u0131 ve her \u015feyin kontrol alt\u0131nda oldu\u011funu a\u00e7\u0131klad\u0131. \u200bHatay\u2019\u0131n Erzin il\u00e7esine ba\u011fl\u0131 Mahmutlu Mahallesi\u2019nde bir ara\u00e7ta yang\u0131n \u00e7\u0131kt\u0131. Korku ve pani\u011fe neden olan yang\u0131na itfaiye ekipleri k\u0131sa s\u00fcrede m\u00fcdahale ederek alevleri kontrol alt\u0131na ald\u0131.\u00a0 \u200bHaberin Al\u0131nt\u0131land\u0131\u011f\u0131 Kaynak: www.iskenderun.org"}