{"version":"1.0","provider_name":"Av. Deniz Can K\u0131z\u0131l","provider_url":"https:\/\/denizcankizil.tr\/ru","author_name":"Antalya K\u00f6rfez","author_url":"https:\/\/denizcankizil.tr\/ru\/author\/www-antalyakorfez-com\/","title":"Engelsiz Antalya i\u00e7in bir ad\u0131m daha","type":"rich","width":600,"height":338,"html":"<blockquote class=\"wp-embedded-content\" data-secret=\"UJQRR701Ib\"><a href=\"https:\/\/denizcankizil.tr\/ru\/haberler\/gundem\/engelsiz-antalya-icin-bir-adim-daha\/\">Engelsiz Antalya i\u00e7in bir ad\u0131m daha<\/a><\/blockquote><iframe sandbox=\"allow-scripts\" security=\"restricted\" src=\"https:\/\/denizcankizil.tr\/ru\/haberler\/gundem\/engelsiz-antalya-icin-bir-adim-daha\/embed\/#?secret=UJQRR701Ib\" width=\"600\" height=\"338\" title=\"\u00abEngelsiz Antalya i\u00e7in bir ad\u0131m daha\u00bb &#8212; Av. Deniz Can K\u0131z\u0131l\" data-secret=\"UJQRR701Ib\" frameborder=\"0\" marginwidth=\"0\" marginheight=\"0\" scrolling=\"no\" class=\"wp-embedded-content\"><\/iframe><script>\n\/*! This file is auto-generated *\/\n!function(d,l){\"use strict\";l.querySelector&&d.addEventListener&&\"undefined\"!=typeof URL&&(d.wp=d.wp||{},d.wp.receiveEmbedMessage||(d.wp.receiveEmbedMessage=function(e){var t=e.data;if((t||t.secret||t.message||t.value)&&!\/[^a-zA-Z0-9]\/.test(t.secret)){for(var s,r,n,a=l.querySelectorAll('iframe[data-secret=\"'+t.secret+'\"]'),o=l.querySelectorAll('blockquote[data-secret=\"'+t.secret+'\"]'),c=new RegExp(\"^https?:$\",\"i\"),i=0;i<o.length;i++)o[i].style.display=\"none\";for(i=0;i<a.length;i++)s=a[i],e.source===s.contentWindow&&(s.removeAttribute(\"style\"),\"height\"===t.message?(1e3<(r=parseInt(t.value,10))?r=1e3:~~r<200&&(r=200),s.height=r):\"link\"===t.message&&(r=new URL(s.getAttribute(\"src\")),n=new URL(t.value),c.test(n.protocol))&&n.host===r.host&&l.activeElement===s&&(d.top.location.href=t.value))}},d.addEventListener(\"message\",d.wp.receiveEmbedMessage,!1),l.addEventListener(\"DOMContentLoaded\",function(){for(var e,t,s=l.querySelectorAll(\"iframe.wp-embedded-content\"),r=0;r<s.length;r++)(t=(e=s[r]).getAttribute(\"data-secret\"))||(t=Math.random().toString(36).substring(2,12),e.src+=\"#?secret=\"+t,e.setAttribute(\"data-secret\",t)),e.contentWindow.postMessage({message:\"ready\",secret:t},\"*\")},!1)))}(window,document);\n\/\/# sourceURL=https:\/\/denizcankizil.tr\/wp-includes\/js\/wp-embed.min.js\n<\/script>","description":"Antalya B\u00fcy\u00fck\u015fehir Belediyesi Engelsiz Hizmet Komisyonu 2025 y\u0131l\u0131 toplant\u0131s\u0131na B\u00fcy\u00fck\u015fehir Belediyesi Genel Sekreter Yard\u0131mc\u0131s\u0131 Mustafa G\u00fcrb\u00fcz, Ba\u015fkan Dan\u0131\u015fman\u0131 Mehmet Karavural, daire ba\u015fkanlar\u0131 \u00fcniversiteler, kamu kurumlar\u0131, STK&#8217;lar, meslek odalar\u0131, il\u00e7e belediyeleri ile ilgili daire ba\u015fkanl\u0131klar\u0131n\u0131n temsilcileri kat\u0131ld\u0131. &#8220;ENGELL\u0130LER\u0130N \u015eEH\u0130RDE YA\u015eAMLARINI KOLAYLA\u015eTIRMAK \u0130STR\u0130YORUZ&#8221; Toplant\u0131n\u0131n a\u00e7\u0131l\u0131\u015f\u0131nda konu\u015fan Antalya B\u00fcy\u00fck\u015fehir Belediyesi Genel Sekreter Yard\u0131mc\u0131s\u0131 Mustafa G\u00fcrb\u00fcz, Engelsiz Hizmet Komisyonu\u2019nun \u00f6nemine dikkat \u00e7ekti. Genel Sekreter Yard\u0131mc\u0131s\u0131 G\u00fcrb\u00fcz, \u201cToplumun her bireyi bizim i\u00e7in \u00f6nemli. Komisyon olarak bizler, engel tan\u0131mayan bireylerin \u015fehirde ya\u015famlar\u0131n\u0131 kolayla\u015ft\u0131racak \u015fartlar\u0131 ele al\u0131yor ve bunlar\u0131 hayata ge\u00e7irmeye \u00e7al\u0131\u015f\u0131yoruz. Bug\u00fcn burada \u00fcniversitelerden, kamu kurumlar\u0131ndan, STK\u2019lardan, meslek odalar\u0131ndan, il\u00e7e belediyelerinden \u00e7ok say\u0131da temsilci var. Bakanl\u0131\u011f\u0131m\u0131z\u0131n engellilere y\u00f6nelik belirledi\u011fi kurallar do\u011frultusunda \u00e7al\u0131\u015f\u0131yoruz. \u00d6rne\u011fin B\u00fcy\u00fck\u015fehir Belediyemizin hizmet binas\u0131, Eri\u015filebilirlik Sertifikas\u0131n\u0131 almaya hak kazand\u0131. Bu olduk\u00e7a \u00f6nemli ve gurur verici bir geli\u015fme\u201d ifadelerini kulland\u0131. ENGELL\u0130LER \u0130\u00c7\u0130N B\u0130R\u00c7OK KONU MASAYA YATIRILDI Toplant\u0131da, rayl\u0131 sistemlerde engelli ara\u00e7lar\u0131na ili\u015fkin konular, ABB b\u00fcnyesindeki otob\u00fcs \u015fof\u00f6rlerinin e\u011fitimi, otob\u00fcslerde sesli sistem uygulamalar\u0131, kald\u0131r\u0131m ve durak ihlalleri gibi bir\u00e7ok konu masaya yat\u0131r\u0131ld\u0131. Komisyon \u00fcyeleri Antalya B\u00fcy\u00fck\u015fehir Belediyesi Ana Hizmet Binas\u0131\u2019n\u0131n Eri\u015filebilirlik Sertifikas\u0131 almas\u0131ndan dolay\u0131 memnuniyetlerini dile getirdi. \u200bAntalya B\u00fcy\u00fck\u015fehir Belediyesi&#8217;nin 2025 y\u0131l\u0131 Engelsiz Hizmet Komisyonu toplant\u0131s\u0131nda, engelli bireylerin kent ya\u015fam\u0131na tam kat\u0131l\u0131m\u0131 i\u00e7in ula\u015f\u0131m, eri\u015filebilirlik ve fark\u0131ndal\u0131k konular\u0131 ele al\u0131nd\u0131.\u00a0 \u200bHaberin Al\u0131nt\u0131land\u0131\u011f\u0131 Kaynak: www.antalyakorfez.com"}