{"version":"1.0","provider_name":"Av. Deniz Can K\u0131z\u0131l","provider_url":"https:\/\/denizcankizil.tr\/ru","author_name":"admin","author_url":"https:\/\/denizcankizil.tr\/ru\/author\/admin\/","title":"Emiralem \u00c7ilek Festivali rekor k\u0131rd\u0131: milyonu ge\u00e7ti!","type":"rich","width":600,"height":338,"html":"<blockquote class=\"wp-embedded-content\" data-secret=\"Pekz7kiih6\"><a href=\"https:\/\/denizcankizil.tr\/ru\/haberler\/gundem\/emiralem-cilek-festivali-rekor-kirdi-milyonu-gecti\/\">Emiralem \u00c7ilek Festivali rekor k\u0131rd\u0131: milyonu ge\u00e7ti!<\/a><\/blockquote><iframe sandbox=\"allow-scripts\" security=\"restricted\" src=\"https:\/\/denizcankizil.tr\/ru\/haberler\/gundem\/emiralem-cilek-festivali-rekor-kirdi-milyonu-gecti\/embed\/#?secret=Pekz7kiih6\" width=\"600\" height=\"338\" title=\"\u00abEmiralem \u00c7ilek Festivali rekor k\u0131rd\u0131: milyonu ge\u00e7ti!\u00bb &#8212; Av. Deniz Can K\u0131z\u0131l\" data-secret=\"Pekz7kiih6\" frameborder=\"0\" marginwidth=\"0\" marginheight=\"0\" scrolling=\"no\" class=\"wp-embedded-content\"><\/iframe><script>\n\/*! This file is auto-generated *\/\n!function(d,l){\"use strict\";l.querySelector&&d.addEventListener&&\"undefined\"!=typeof URL&&(d.wp=d.wp||{},d.wp.receiveEmbedMessage||(d.wp.receiveEmbedMessage=function(e){var t=e.data;if((t||t.secret||t.message||t.value)&&!\/[^a-zA-Z0-9]\/.test(t.secret)){for(var s,r,n,a=l.querySelectorAll('iframe[data-secret=\"'+t.secret+'\"]'),o=l.querySelectorAll('blockquote[data-secret=\"'+t.secret+'\"]'),c=new RegExp(\"^https?:$\",\"i\"),i=0;i<o.length;i++)o[i].style.display=\"none\";for(i=0;i<a.length;i++)s=a[i],e.source===s.contentWindow&&(s.removeAttribute(\"style\"),\"height\"===t.message?(1e3<(r=parseInt(t.value,10))?r=1e3:~~r<200&&(r=200),s.height=r):\"link\"===t.message&&(r=new URL(s.getAttribute(\"src\")),n=new URL(t.value),c.test(n.protocol))&&n.host===r.host&&l.activeElement===s&&(d.top.location.href=t.value))}},d.addEventListener(\"message\",d.wp.receiveEmbedMessage,!1),l.addEventListener(\"DOMContentLoaded\",function(){for(var e,t,s=l.querySelectorAll(\"iframe.wp-embedded-content\"),r=0;r<s.length;r++)(t=(e=s[r]).getAttribute(\"data-secret\"))||(t=Math.random().toString(36).substring(2,12),e.src+=\"#?secret=\"+t,e.setAttribute(\"data-secret\",t)),e.contentWindow.postMessage({message:\"ready\",secret:t},\"*\")},!1)))}(window,document);\n\/\/# sourceURL=https:\/\/denizcankizil.tr\/wp-includes\/js\/wp-embed.min.js\n<\/script>","description":"Menemen\u2019in en \u00f6nemli tar\u0131msal \u00fcr\u00fcnlerinden olan ve bu y\u0131l yakla\u015f\u0131k 7 bin tonluk \u00fcretimle, \u0130zmir\u2019deki \u00e7ilek \u00fcretiminin y\u00fczde 55\u2019ini kar\u015f\u0131layan Emiralem \u00c7ile\u011fi i\u00e7in d\u00fczenlenen 15. Emiralem \u00c7ilek Festivali, renkli anlar ve unutulmaz an\u0131larla birlikte sona erdi. \u200bMenemen\u2019in en \u00f6nemli tar\u0131msal \u00fcr\u00fcnlerinden olan ve bu y\u0131l yakla\u015f\u0131k 7 bin tonluk \u00fcretimle, \u0130zmir\u2019deki \u00e7ilek \u00fcretiminin y\u00fczde 55\u2019ini kar\u015f\u0131layan Emiralem \u00c7ile\u011fi i\u00e7in d\u00fczenlenen 15. Emiralem \u00c7ilek Festivali, renkli anlar ve unutulmaz an\u0131larla birlikte sona erdi.\u00a0 \u200bHaberin Al\u0131nt\u0131land\u0131\u011f\u0131 Kaynak: www.iskenderun.org"}