{"version":"1.0","provider_name":"Av. Deniz Can K\u0131z\u0131l","provider_url":"https:\/\/denizcankizil.tr\/ru","author_name":"Antalya K\u00f6rfez","author_url":"https:\/\/denizcankizil.tr\/ru\/author\/www-antalyakorfez-com\/","title":"E\u011fer olabiliyorsa, kutlu olsun","type":"rich","width":600,"height":338,"html":"<blockquote class=\"wp-embedded-content\" data-secret=\"ths8MH3Aeo\"><a href=\"https:\/\/denizcankizil.tr\/ru\/haberler\/gundem\/eger-olabiliyorsa-kutlu-olsun\/\">E\u011fer olabiliyorsa, kutlu olsun<\/a><\/blockquote><iframe sandbox=\"allow-scripts\" security=\"restricted\" src=\"https:\/\/denizcankizil.tr\/ru\/haberler\/gundem\/eger-olabiliyorsa-kutlu-olsun\/embed\/#?secret=ths8MH3Aeo\" width=\"600\" height=\"338\" title=\"\u00abE\u011fer olabiliyorsa, kutlu olsun\u00bb &#8212; Av. Deniz Can K\u0131z\u0131l\" data-secret=\"ths8MH3Aeo\" frameborder=\"0\" marginwidth=\"0\" marginheight=\"0\" scrolling=\"no\" class=\"wp-embedded-content\"><\/iframe><script>\n\/*! This file is auto-generated *\/\n!function(d,l){\"use strict\";l.querySelector&&d.addEventListener&&\"undefined\"!=typeof URL&&(d.wp=d.wp||{},d.wp.receiveEmbedMessage||(d.wp.receiveEmbedMessage=function(e){var t=e.data;if((t||t.secret||t.message||t.value)&&!\/[^a-zA-Z0-9]\/.test(t.secret)){for(var s,r,n,a=l.querySelectorAll('iframe[data-secret=\"'+t.secret+'\"]'),o=l.querySelectorAll('blockquote[data-secret=\"'+t.secret+'\"]'),c=new RegExp(\"^https?:$\",\"i\"),i=0;i<o.length;i++)o[i].style.display=\"none\";for(i=0;i<a.length;i++)s=a[i],e.source===s.contentWindow&&(s.removeAttribute(\"style\"),\"height\"===t.message?(1e3<(r=parseInt(t.value,10))?r=1e3:~~r<200&&(r=200),s.height=r):\"link\"===t.message&&(r=new URL(s.getAttribute(\"src\")),n=new URL(t.value),c.test(n.protocol))&&n.host===r.host&&l.activeElement===s&&(d.top.location.href=t.value))}},d.addEventListener(\"message\",d.wp.receiveEmbedMessage,!1),l.addEventListener(\"DOMContentLoaded\",function(){for(var e,t,s=l.querySelectorAll(\"iframe.wp-embedded-content\"),r=0;r<s.length;r++)(t=(e=s[r]).getAttribute(\"data-secret\"))||(t=Math.random().toString(36).substring(2,12),e.src+=\"#?secret=\"+t,e.setAttribute(\"data-secret\",t)),e.contentWindow.postMessage({message:\"ready\",secret:t},\"*\")},!1)))}(window,document);\n\/\/# sourceURL=https:\/\/denizcankizil.tr\/wp-includes\/js\/wp-embed.min.js\n<\/script>","description":"29: Cezaevine giren gazeteci say\u0131s\u0131; 18: Bug\u00fcn halihaz\u0131rda tutuklu olan gazeteci say\u0131s\u0131; 313: Hakk\u0131nda soru\u015fturma a\u00e7\u0131lan gazeteci say\u0131s\u0131; 123: G\u00f6zalt\u0131 i\u015flemi uygulanan gazeteci say\u0131s\u0131; 300: Hakk\u0131nda ceza davas\u0131 a\u00e7\u0131lan gazeteci say\u0131s\u0131; 6: Konutu terk etmeme cezas\u0131 alan gazeteci say\u0131s\u0131. 56: Gazetecilerin u\u011frad\u0131\u011f\u0131 fiziksel \u015fiddet say\u0131s\u0131; 90: S\u00f6zl\u00fc olarak tehdit edilen gazeteci say\u0131s\u0131; 3: Sald\u0131r\u0131ya u\u011frayan bas\u0131n kurumu; 3: Hedef g\u00f6sterilen bas\u0131n kurumu; 90: Eri\u015fim yasa\u011f\u0131 getirilen haber say\u0131s\u0131; Bu rakamlar, T\u00fcrkiye Gazeteciler Sendikas\u0131\u2019n\u0131n (TGS) 33 May\u0131s D\u00fcnya Bas\u0131n \u00d6zg\u00fcrl\u00fc\u011f\u00fc g\u00fcn\u00fcnde yay\u0131nlad\u0131\u011f\u0131 rapordan al\u0131nd\u0131. Gazeteci mektuplar\u0131 da var raporda. \u00d6rne\u011fin Gazeteci Y\u0131ld\u0131z Tar mektubunda, &#8220;Yo\u011fun g\u00fcndemlerde birbirimizle haber payla\u015fmam\u0131z gibi Silivri n\u00f6beti payla\u015f\u0131yoruz. Neden al\u0131nd\u0131\u011f\u0131m\u0131 hala bilmiyor, bununla ilgili haber unsurlar\u0131n\u0131 birle\u015ftirip haber bile yapam\u0131yorum&#8221; diyor. Erc\u00fcment Akdeniz ise, evinin g\u00fcr\u00fclt\u00fcyle bas\u0131larak g\u00f6zalt\u0131na al\u0131nd\u0131\u011f\u0131na de\u011finerek, &#8220;Bir gazeteci b\u00f6yle mi g\u00f6zalt\u0131na al\u0131n\u0131r? Halk\u0131n haber alma hakk\u0131 i\u00e7in \u00e7al\u0131\u015fan insanlar\u0131z. Her tutuklama vakas\u0131nda ba\u011f\u0131ms\u0131z muhalif Medya zora giriyor&#8221; ifadelerini kullanm\u0131\u015f. Ben bu raporun bilgilerini Cumhuriyet Gazetesi\u2019nden derledim. Yani, kendimiz ile ilgili bile bas\u0131na, gazeteciye ihtiyac\u0131m\u0131z var. Bir tarafta iktidar eli ile g\u00f6r\u00fcnt\u00fcde ayr\u0131 bile olsa, ayn\u0131 man\u015fetleri atan majestelerinin besleme bas\u0131n\u0131, di\u011fer tarafta bir yandan ekonomik s\u0131k\u0131nt\u0131lar i\u00e7erisinde can \u00e7eki\u015fen nefes almaya \u00e7al\u0131\u015fan ulusal ve yerel bas\u0131n, \u00f6te yanda geli\u015fen teknoloji ile birlikte &hellip;"}