{"version":"1.0","provider_name":"Av. Deniz Can K\u0131z\u0131l","provider_url":"https:\/\/denizcankizil.tr\/ru","author_name":"admin","author_url":"https:\/\/denizcankizil.tr\/ru\/author\/admin\/","title":"Edirne Ke\u015fan'da aranan h\u00fck\u00fcml\u00fcler yakaland\u0131","type":"rich","width":600,"height":338,"html":"<blockquote class=\"wp-embedded-content\" data-secret=\"b6Dk09X7KR\"><a href=\"https:\/\/denizcankizil.tr\/ru\/haberler\/gundem\/edirne-kesanda-aranan-hukumluler-yakalandi\/\">Edirne Ke\u015fan&#8217;da aranan h\u00fck\u00fcml\u00fcler yakaland\u0131<\/a><\/blockquote><iframe sandbox=\"allow-scripts\" security=\"restricted\" src=\"https:\/\/denizcankizil.tr\/ru\/haberler\/gundem\/edirne-kesanda-aranan-hukumluler-yakalandi\/embed\/#?secret=b6Dk09X7KR\" width=\"600\" height=\"338\" title=\"\u00abEdirne Ke\u015fan&#8217;da aranan h\u00fck\u00fcml\u00fcler yakaland\u0131\u00bb &#8212; Av. Deniz Can K\u0131z\u0131l\" data-secret=\"b6Dk09X7KR\" frameborder=\"0\" marginwidth=\"0\" marginheight=\"0\" scrolling=\"no\" class=\"wp-embedded-content\"><\/iframe><script>\n\/*! This file is auto-generated *\/\n!function(d,l){\"use strict\";l.querySelector&&d.addEventListener&&\"undefined\"!=typeof URL&&(d.wp=d.wp||{},d.wp.receiveEmbedMessage||(d.wp.receiveEmbedMessage=function(e){var t=e.data;if((t||t.secret||t.message||t.value)&&!\/[^a-zA-Z0-9]\/.test(t.secret)){for(var s,r,n,a=l.querySelectorAll('iframe[data-secret=\"'+t.secret+'\"]'),o=l.querySelectorAll('blockquote[data-secret=\"'+t.secret+'\"]'),c=new RegExp(\"^https?:$\",\"i\"),i=0;i<o.length;i++)o[i].style.display=\"none\";for(i=0;i<a.length;i++)s=a[i],e.source===s.contentWindow&&(s.removeAttribute(\"style\"),\"height\"===t.message?(1e3<(r=parseInt(t.value,10))?r=1e3:~~r<200&&(r=200),s.height=r):\"link\"===t.message&&(r=new URL(s.getAttribute(\"src\")),n=new URL(t.value),c.test(n.protocol))&&n.host===r.host&&l.activeElement===s&&(d.top.location.href=t.value))}},d.addEventListener(\"message\",d.wp.receiveEmbedMessage,!1),l.addEventListener(\"DOMContentLoaded\",function(){for(var e,t,s=l.querySelectorAll(\"iframe.wp-embedded-content\"),r=0;r<s.length;r++)(t=(e=s[r]).getAttribute(\"data-secret\"))||(t=Math.random().toString(36).substring(2,12),e.src+=\"#?secret=\"+t,e.setAttribute(\"data-secret\",t)),e.contentWindow.postMessage({message:\"ready\",secret:t},\"*\")},!1)))}(window,document);\n\/\/# sourceURL=https:\/\/denizcankizil.tr\/wp-includes\/js\/wp-embed.min.js\n<\/script>","description":"Edirne&#8217;de Ke\u015fan \u0130l\u00e7e Emniyet M\u00fcd\u00fcrl\u00fc\u011f\u00fc ekipleri, 23-27 Ocak 2025 tarihleri aras\u0131nda farkl\u0131 su\u00e7lardan aranan 5 ki\u015fiyi yakalad\u0131. Uyu\u015fturucu ticareti, silahla ya\u011fma, vergi usuls\u00fczl\u00fc\u011f\u00fc ve yaralama gibi su\u00e7lardan h\u00fck\u00fcm giyen \u015fah\u0131slar, Edirne Cezaevine g\u00f6nderildi.Erdo\u011fan DEM\u0130R \/ ED\u0130RNE (\u0130GFA) &#8211; Erdo\u011fan&#8217;da uyu\u015fturucu ve silahla ya\u011fma su\u00e7lar\u0131ndan aranan 5 h\u00fck\u00fcml\u00fc yakaland\u0131. Ke\u015fan \u0130l\u00e7e Emniyet M\u00fcd\u00fcrl\u00fc\u011f\u00fc, aranan \u015fah\u0131slara y\u00f6nelik ger\u00e7ekle\u015ftirdi\u011fi \u00e7al\u0131\u015fmalarda Yenimescit Mahallesi Ya\u011fmur Sokak\u2019ta yap\u0131lan kontrollerde N.D. isimli \u015fahs\u0131n, Edirne A\u011f\u0131r Ceza \u0130lamat Masas\u0131nca &#8220;Uyu\u015fturucu veya Uyar\u0131c\u0131 Madde Ticareti Yapma veya Sa\u011flama&#8221; su\u00e7undan 14 y\u0131l 2 ay hapis cezas\u0131na \u00e7arpt\u0131r\u0131ld\u0131\u011f\u0131 tespit edildi. Ayn\u0131 g\u00fcn, Mustafa Kemal Pa\u015fa Mahallesi\u2019nde yakalanan M.D. isimli \u015fahs\u0131n ise silahla ya\u011fma su\u00e7undan 2 y\u0131l 3 ay hapis cezas\u0131 ald\u0131\u011f\u0131 belirlendi. Emniyet M\u00fcd\u00fcrl\u00fc\u011f\u00fc&#8217;ne ba\u011fl\u0131 ekipler ayn\u0131 mahallede basit yaralama su\u00e7undan aranan F.S., Yukar\u0131 Zaferiye Mahallesi Cumhuriyet Caddesi\u2019nde ise vergi usuls\u00fczl\u00fc\u011f\u00fc su\u00e7undan h\u00fck\u00fcm giymi\u015f S.E.&#8217;yi de yakalad\u0131.\u00a0 Bu arada Mersin A\u011f\u0131r Ceza \u0130lamat Masas\u0131nca &#8220;Uyu\u015fturucu veya Uyar\u0131c\u0131 Madde Ticareti Yapma veya Sa\u011flama&#8221; su\u00e7undan 10 y\u0131l hapis cezas\u0131na \u00e7arpt\u0131r\u0131lan O.Z. isimli \u015fah\u0131s da Ke\u015fan\u2019da yakaland\u0131. Yakalanan \u015fah\u0131slar i\u015flemleri tamamland\u0131ktan sonra Edirne Cezaevi&#8217;ne sevk edildi. Ke\u015fan \u0130l\u00e7e Emniyet M\u00fcd\u00fcrl\u00fc\u011f\u00fc yetkilileri, su\u00e7 ve su\u00e7lularla m\u00fccadelenin kesintisiz s\u00fcrece\u011fini duyurdu. \u200bEdirne&#8217;de Ke\u015fan \u0130l\u00e7e Emniyet M\u00fcd\u00fcrl\u00fc\u011f\u00fc ekipleri, 23-27 Ocak 2025 tarihleri aras\u0131nda farkl\u0131 su\u00e7lardan aranan 5 ki\u015fiyi &hellip;"}