{"version":"1.0","provider_name":"Av. Deniz Can K\u0131z\u0131l","provider_url":"https:\/\/denizcankizil.tr\/ru","author_name":"admin","author_url":"https:\/\/denizcankizil.tr\/ru\/author\/admin\/","title":"D\u00fczce'de motosiklet yayaya \u00e7arpt\u0131","type":"rich","width":600,"height":338,"html":"<blockquote class=\"wp-embedded-content\" data-secret=\"GqhZCKBN4W\"><a href=\"https:\/\/denizcankizil.tr\/ru\/haberler\/gundem\/duzcede-motosiklet-yayaya-carpti\/\">D\u00fczce&#8217;de motosiklet yayaya \u00e7arpt\u0131<\/a><\/blockquote><iframe sandbox=\"allow-scripts\" security=\"restricted\" src=\"https:\/\/denizcankizil.tr\/ru\/haberler\/gundem\/duzcede-motosiklet-yayaya-carpti\/embed\/#?secret=GqhZCKBN4W\" width=\"600\" height=\"338\" title=\"\u00abD\u00fczce&#8217;de motosiklet yayaya \u00e7arpt\u0131\u00bb &#8212; Av. Deniz Can K\u0131z\u0131l\" data-secret=\"GqhZCKBN4W\" frameborder=\"0\" marginwidth=\"0\" marginheight=\"0\" scrolling=\"no\" class=\"wp-embedded-content\"><\/iframe><script>\n\/*! This file is auto-generated *\/\n!function(d,l){\"use strict\";l.querySelector&&d.addEventListener&&\"undefined\"!=typeof URL&&(d.wp=d.wp||{},d.wp.receiveEmbedMessage||(d.wp.receiveEmbedMessage=function(e){var t=e.data;if((t||t.secret||t.message||t.value)&&!\/[^a-zA-Z0-9]\/.test(t.secret)){for(var s,r,n,a=l.querySelectorAll('iframe[data-secret=\"'+t.secret+'\"]'),o=l.querySelectorAll('blockquote[data-secret=\"'+t.secret+'\"]'),c=new RegExp(\"^https?:$\",\"i\"),i=0;i<o.length;i++)o[i].style.display=\"none\";for(i=0;i<a.length;i++)s=a[i],e.source===s.contentWindow&&(s.removeAttribute(\"style\"),\"height\"===t.message?(1e3<(r=parseInt(t.value,10))?r=1e3:~~r<200&&(r=200),s.height=r):\"link\"===t.message&&(r=new URL(s.getAttribute(\"src\")),n=new URL(t.value),c.test(n.protocol))&&n.host===r.host&&l.activeElement===s&&(d.top.location.href=t.value))}},d.addEventListener(\"message\",d.wp.receiveEmbedMessage,!1),l.addEventListener(\"DOMContentLoaded\",function(){for(var e,t,s=l.querySelectorAll(\"iframe.wp-embedded-content\"),r=0;r<s.length;r++)(t=(e=s[r]).getAttribute(\"data-secret\"))||(t=Math.random().toString(36).substring(2,12),e.src+=\"#?secret=\"+t,e.setAttribute(\"data-secret\",t)),e.contentWindow.postMessage({message:\"ready\",secret:t},\"*\")},!1)))}(window,document);\n\/\/# sourceURL=https:\/\/denizcankizil.tr\/wp-includes\/js\/wp-embed.min.js\n<\/script>","description":"D\u00fczce&#8217;de Cumhuriyet Caddesi \u00fczerinde bir motosiklet s\u00fcr\u00fcc\u00fcs\u00fc, yolun kar\u015f\u0131s\u0131na ge\u00e7meye \u00e7al\u0131\u015fan kad\u0131na \u00e7arpt\u0131. Kazada s\u00fcr\u00fcc\u00fc ile yaya yaraland\u0131.Sefer DEM\u0130R \/ D\u00dcZCE (\u0130GFA) &#8211; D\u00fczce&#8217;de al\u0131nan bilgiye g\u00f6re \u015eerefiye Mahallesi Cumhuriyet Caddesi \u00fczerinde D.D. \u0130daresindeki 81 ADG 270 plakal\u0131 motosiklet yolun kar\u015f\u0131s\u0131na ge\u00e7meye \u00e7al\u0131\u015fan kad\u0131na \u00e7arpt\u0131. \u00c7arp\u0131\u015fman\u0131n etkisiyle motosiklet s\u00fcr\u00fcc\u00fcs\u00fc D.D. Ve yaya A.A. Yaraland\u0131. Kazay\u0131 g\u00f6ren vatanda\u015flar\u0131n ihbar\u0131 \u00fczerine sa\u011fl\u0131k ve polis ekipleri sevk edildi. Yaral\u0131lara yap\u0131lan ilk m\u00fcdahalenin ard\u0131ndan ambulanslarla D\u00fczce Atat\u00fcrk Devlet Hastanesi\u2019ne kald\u0131rd\u0131. Olayla ilgili tahkikat ba\u015flat\u0131ld\u0131. \u200bD\u00fczce&#8217;de Cumhuriyet Caddesi \u00fczerinde bir motosiklet s\u00fcr\u00fcc\u00fcs\u00fc, yolun kar\u015f\u0131s\u0131na ge\u00e7meye \u00e7al\u0131\u015fan kad\u0131na \u00e7arpt\u0131. Kazada s\u00fcr\u00fcc\u00fc ile yaya yaraland\u0131.Sefer DEM\u0130R \/ D\u00dcZCE (\u0130GFA) &#8211; D\u00fczce&#8217;de al\u0131nan bilgiye g\u00f6re \u015eerefiye Mahallesi Cumhuriyet Caddesi \u00fczerinde D.D. \u0130daresindeki 81 ADG 270 plakal\u0131 motosiklet yolun kar\u015f\u0131s\u0131na ge\u00e7meye \u00e7al\u0131\u015fan kad\u0131na \u00e7arpt\u0131. \u00c7arp\u0131\u015fman\u0131n etkisiyle motosiklet s\u00fcr\u00fcc\u00fcs\u00fc D.D. Ve yaya A.A. Yaraland\u0131. Kazay\u0131 g\u00f6ren vatanda\u015flar\u0131n ihbar\u0131 \u00fczerine sa\u011fl\u0131k ve polis ekipleri sevk edildi. Yaral\u0131lara yap\u0131lan ilk m\u00fcdahalenin ard\u0131ndan ambulanslarla D\u00fczce Atat\u00fcrk Devlet Hastanesi\u2019ne kald\u0131rd\u0131. Olayla ilgili tahkikat ba\u015flat\u0131ld\u0131.\u00a0 \u200bHaberin Al\u0131nt\u0131land\u0131\u011f\u0131 Kaynak: www.iskenderun.org"}