{"version":"1.0","provider_name":"Av. Deniz Can K\u0131z\u0131l","provider_url":"https:\/\/denizcankizil.tr\/ru","author_name":"Av. Deniz Can K\u0131z\u0131l","author_url":"https:\/\/denizcankizil.tr\/ru","title":"D\u00fczce'de \u00e7evreyi kirletti... Kameralardan ka\u00e7amad\u0131!","type":"rich","width":600,"height":338,"html":"<blockquote class=\"wp-embedded-content\" data-secret=\"3FB55b0Gw2\"><a href=\"https:\/\/denizcankizil.tr\/ru\/haberler\/gundem\/duzcede-cevreyi-kirletti-kameralardan-kacamadi\/\">D\u00fczce&#8217;de \u00e7evreyi kirletti&#8230; Kameralardan ka\u00e7amad\u0131!<\/a><\/blockquote><iframe sandbox=\"allow-scripts\" security=\"restricted\" src=\"https:\/\/denizcankizil.tr\/ru\/haberler\/gundem\/duzcede-cevreyi-kirletti-kameralardan-kacamadi\/embed\/#?secret=3FB55b0Gw2\" width=\"600\" height=\"338\" title=\"\u00abD\u00fczce&#8217;de \u00e7evreyi kirletti&#8230; Kameralardan ka\u00e7amad\u0131!\u00bb &#8212; Av. Deniz Can K\u0131z\u0131l\" data-secret=\"3FB55b0Gw2\" frameborder=\"0\" marginwidth=\"0\" marginheight=\"0\" scrolling=\"no\" class=\"wp-embedded-content\"><\/iframe><script>\n\/*! This file is auto-generated *\/\n!function(d,l){\"use strict\";l.querySelector&&d.addEventListener&&\"undefined\"!=typeof URL&&(d.wp=d.wp||{},d.wp.receiveEmbedMessage||(d.wp.receiveEmbedMessage=function(e){var t=e.data;if((t||t.secret||t.message||t.value)&&!\/[^a-zA-Z0-9]\/.test(t.secret)){for(var s,r,n,a=l.querySelectorAll('iframe[data-secret=\"'+t.secret+'\"]'),o=l.querySelectorAll('blockquote[data-secret=\"'+t.secret+'\"]'),c=new RegExp(\"^https?:$\",\"i\"),i=0;i<o.length;i++)o[i].style.display=\"none\";for(i=0;i<a.length;i++)s=a[i],e.source===s.contentWindow&&(s.removeAttribute(\"style\"),\"height\"===t.message?(1e3<(r=parseInt(t.value,10))?r=1e3:~~r<200&&(r=200),s.height=r):\"link\"===t.message&&(r=new URL(s.getAttribute(\"src\")),n=new URL(t.value),c.test(n.protocol))&&n.host===r.host&&l.activeElement===s&&(d.top.location.href=t.value))}},d.addEventListener(\"message\",d.wp.receiveEmbedMessage,!1),l.addEventListener(\"DOMContentLoaded\",function(){for(var e,t,s=l.querySelectorAll(\"iframe.wp-embedded-content\"),r=0;r<s.length;r++)(t=(e=s[r]).getAttribute(\"data-secret\"))||(t=Math.random().toString(36).substring(2,12),e.src+=\"#?secret=\"+t,e.setAttribute(\"data-secret\",t)),e.contentWindow.postMessage({message:\"ready\",secret:t},\"*\")},!1)))}(window,document);\n\/\/# sourceURL=https:\/\/denizcankizil.tr\/wp-includes\/js\/wp-embed.min.js\n<\/script>","description":"D\u00fczce&#8217;de \u00c7evre Kirlili\u011fine Son Veren Zab\u0131ta M\u00fcdahalesi D\u00fczce&#8217;nin Camikebir Mahallesi&#8217;nde \u00e7evre kirlili\u011fi yaratan bir birey, belediye zab\u0131ta ekiplerinin titiz \u00e7al\u0131\u015fmalar\u0131 sayesinde g\u00fcvenlik kameralar\u0131 arac\u0131l\u0131\u011f\u0131yla tespit edildi. Sefer Demir&#8217;in haberine g\u00f6re, bu olay D\u00fczce Belediyesi Zab\u0131ta M\u00fcd\u00fcrl\u00fc\u011f\u00fc&#8217;n\u00fcn etkinli\u011fini bir kez daha g\u00f6zler \u00f6n\u00fcne serdi. Olay\u0131n Geli\u015fimi \u015eikayet \u00fczerine harekete ge\u00e7en zab\u0131ta ekipleri, b\u00f6lgedeki g\u00fcvenlik kameralar\u0131n\u0131 inceleyerek \u00e7\u00f6p y\u0131\u011f\u0131nlar\u0131n\u0131n yan\u0131na koltuk atan ki\u015finin kimli\u011fini belirledi. Bu t\u00fcr davran\u0131\u015flar, hem \u00e7evre sa\u011fl\u0131\u011f\u0131n\u0131 tehdit etmekte hem de toplumda olumsuz bir izlenim b\u0131rakmaktad\u0131r. Cezai \u0130\u015flem S\u00fcreci \u00c7evre kirlili\u011fine neden olan \u015fah\u0131s hakk\u0131nda gerekli cezai i\u015flemler ba\u015flat\u0131ld\u0131. Bu durum, D\u00fczce Belediyesi&#8217;nin \u00e7evre koruma konusundaki kararl\u0131l\u0131\u011f\u0131n\u0131 ve halk sa\u011fl\u0131\u011f\u0131na verdi\u011fi \u00f6nemi g\u00f6stermektedir. Toplum Bilinci ve \u00c7evresel Sorumluluk B\u00f6yle olaylar\u0131n \u00f6n\u00fcne ge\u00e7mek i\u00e7in toplumsal bilincin art\u0131r\u0131lmas\u0131 b\u00fcy\u00fck \u00f6nem ta\u015f\u0131maktad\u0131r. Yerel y\u00f6netimler ve vatanda\u015flar i\u015fbirli\u011fi yaparak \u00e7evrenin korunmas\u0131na y\u00f6nelik ad\u0131mlar atmal\u0131d\u0131r. \u00d6rne\u011fin, 2023 y\u0131l\u0131 itibar\u0131yla T\u00fcrkiye genelinde yap\u0131lan ara\u015ft\u0131rmalar g\u00f6steriyor ki; halk\u0131n %70&#8217;i \u00e7evresel sorunlara kar\u015f\u0131 duyarl\u0131 oldu\u011funu belirtmektedir. Sonu\u00e7 Olarak D\u00fczce&#8217;deki bu olay, yerel y\u00f6netimlerin etkin m\u00fcdahaleleri sayesinde \u00e7\u00f6z\u00fcme kavu\u015fmu\u015ftur. Gelecek nesillere temiz bir \u00e7evre b\u0131rakmak i\u00e7in herkesin \u00fczerine d\u00fc\u015fen sorumlulu\u011fu yerine getirmesi gerekmektedir. Haber Kayna\u011f\u0131: www.iskenderun.org"}