{"version":"1.0","provider_name":"Av. Deniz Can K\u0131z\u0131l","provider_url":"https:\/\/denizcankizil.tr\/ru","author_name":"admin","author_url":"https:\/\/denizcankizil.tr\/ru\/author\/admin\/","title":"Denizli\u2019de k\u0131rsal \u00fcretime g\u00fc\u00e7l\u00fc destek paketi","type":"rich","width":600,"height":338,"html":"<blockquote class=\"wp-embedded-content\" data-secret=\"JZQaQrRFTB\"><a href=\"https:\/\/denizcankizil.tr\/ru\/haberler\/gundem\/denizlide-kirsal-uretime-guclu-destek-paketi\/\">Denizli\u2019de k\u0131rsal \u00fcretime g\u00fc\u00e7l\u00fc destek paketi<\/a><\/blockquote><iframe sandbox=\"allow-scripts\" security=\"restricted\" src=\"https:\/\/denizcankizil.tr\/ru\/haberler\/gundem\/denizlide-kirsal-uretime-guclu-destek-paketi\/embed\/#?secret=JZQaQrRFTB\" width=\"600\" height=\"338\" title=\"\u00abDenizli\u2019de k\u0131rsal \u00fcretime g\u00fc\u00e7l\u00fc destek paketi\u00bb &#8212; Av. Deniz Can K\u0131z\u0131l\" data-secret=\"JZQaQrRFTB\" frameborder=\"0\" marginwidth=\"0\" marginheight=\"0\" scrolling=\"no\" class=\"wp-embedded-content\"><\/iframe><script>\n\/*! This file is auto-generated *\/\n!function(d,l){\"use strict\";l.querySelector&&d.addEventListener&&\"undefined\"!=typeof URL&&(d.wp=d.wp||{},d.wp.receiveEmbedMessage||(d.wp.receiveEmbedMessage=function(e){var t=e.data;if((t||t.secret||t.message||t.value)&&!\/[^a-zA-Z0-9]\/.test(t.secret)){for(var s,r,n,a=l.querySelectorAll('iframe[data-secret=\"'+t.secret+'\"]'),o=l.querySelectorAll('blockquote[data-secret=\"'+t.secret+'\"]'),c=new RegExp(\"^https?:$\",\"i\"),i=0;i<o.length;i++)o[i].style.display=\"none\";for(i=0;i<a.length;i++)s=a[i],e.source===s.contentWindow&&(s.removeAttribute(\"style\"),\"height\"===t.message?(1e3<(r=parseInt(t.value,10))?r=1e3:~~r<200&&(r=200),s.height=r):\"link\"===t.message&&(r=new URL(s.getAttribute(\"src\")),n=new URL(t.value),c.test(n.protocol))&&n.host===r.host&&l.activeElement===s&&(d.top.location.href=t.value))}},d.addEventListener(\"message\",d.wp.receiveEmbedMessage,!1),l.addEventListener(\"DOMContentLoaded\",function(){for(var e,t,s=l.querySelectorAll(\"iframe.wp-embedded-content\"),r=0;r<s.length;r++)(t=(e=s[r]).getAttribute(\"data-secret\"))||(t=Math.random().toString(36).substring(2,12),e.src+=\"#?secret=\"+t,e.setAttribute(\"data-secret\",t)),e.contentWindow.postMessage({message:\"ready\",secret:t},\"*\")},!1)))}(window,document);\n\/\/# sourceURL=https:\/\/denizcankizil.tr\/wp-includes\/js\/wp-embed.min.js\n<\/script>","description":"Denizli B\u00fcy\u00fck\u015fehir Belediyesi, k\u0131rsal kalk\u0131nmay\u0131 desteklemek amac\u0131yla \u00fc\u00e7 ayr\u0131 ba\u015fl\u0131kta \u00fcreticilere y\u00f6nelik yeni destek programlar\u0131 ba\u015flatt\u0131.DEN\u0130ZL\u0130 (\u0130GFA) &#8211; Haziran ay\u0131 Meclis kararlar\u0131yla hayata ge\u00e7irilen projeler kapsam\u0131nda;\u00fcreticilere bordo bulamac\u0131 ve Macar fi\u011fi tohumu deste\u011fi sa\u011flan\u0131rken, b\u00fcy\u00fckba\u015f hayvanc\u0131l\u0131kla u\u011fra\u015fanlara da \u00fccretsiz veteriner dan\u0131\u015fmanl\u0131k hizmeti sunulacak. MEYVE BAH\u00c7ELER\u0130 \u0130\u00c7\u0130N BORDO BULAMACI DESTE\u011e\u0130 Do\u011fal afet ve hastal\u0131k risklerine kar\u015f\u0131 meyve bah\u00e7elerini korumak amac\u0131yla, 10.000 m\u00b2\u2019yi ge\u00e7meyen alanda meyve bah\u00e7esi ve ba\u011f\u0131 bulunan \u00fcreticilere bordo bulamac\u0131 deste\u011fi verilecek. Ba\u015fvurular, 30 Haziran \u2013 14 Temmuz 2025 tarihleri aras\u0131nda Denizli B\u00fcy\u00fck\u015fehir Belediyesi web sitesi (www.denizli.bel.tr) \u00fczerinden veya DESK\u0130 \u0130l\u00e7e Hizmet Birimlerinden online olarak yap\u0131labilecek. Ba\u015fvuru formuna 2025 y\u0131l\u0131na ait \u00c7KS (\u00c7ift\u00e7i Kay\u0131t Sistemi) belgesi eklenecek. MACAR F\u0130\u011e\u0130 TOHUMU DESTE\u011e\u0130YLE HAYVANCILI\u011eA KATKI Hayvanc\u0131l\u0131kla u\u011fra\u015fan \u00fcreticilere y\u00f6nelik olarak Macar fi\u011fi tohumu deste\u011fi sa\u011flanacak. Tohum deste\u011finden yararlanmak isteyen \u00fcreticilerin, 1 Eyl\u00fcl 2025 itibariyle ba\u015flayacak olan 2026 y\u0131l\u0131 \u00c7KS kay\u0131tlar\u0131nda Macar fi\u011fi ekimi yapacaklar\u0131n\u0131 beyan etmeleri gerekiyor. \u00d6n ba\u015fvuru s\u00fcreci, 30 Haziran \u2013 14 Temmuz tarihleri aras\u0131nda belediyenin internet sitesi veya DESK\u0130 \u0130l\u00e7e Hizmet Birimleri \u00fczerinden yap\u0131lacak. Kesin kay\u0131tlar, 2026 y\u0131l\u0131 \u00c7KS belgesinin ibraz edilmesiyle tamamlanacak. K\u00dc\u00c7\u00dcK \u00d6L\u00c7EKL\u0130 YET\u0130\u015eT\u0130R\u0130C\u0130LERE VETER\u0130NER DANI\u015eMANLI\u011eI Hayvanc\u0131l\u0131k yapan k\u00fc\u00e7\u00fck \u00fcreticilere y\u00f6nelik olarak ise \u201cMahallemde Veterinerlik Dan\u0131\u015fma Hizmetleri\u201d projesi ba\u015flat\u0131ld\u0131. Proje kapsam\u0131nda, 5 b\u00fcy\u00fckba\u015fa kadar hayvan\u0131 olan &hellip;"}