{"version":"1.0","provider_name":"Av. Deniz Can K\u0131z\u0131l","provider_url":"https:\/\/denizcankizil.tr\/ru","author_name":"admin","author_url":"https:\/\/denizcankizil.tr\/ru\/author\/admin\/","title":"Cumhurba\u015fkan\u0131 Erdo\u011fan\u2019dan ATO\u2019ya ziyaret","type":"rich","width":600,"height":338,"html":"<blockquote class=\"wp-embedded-content\" data-secret=\"NdbK8M7BBz\"><a href=\"https:\/\/denizcankizil.tr\/ru\/haberler\/gundem\/cumhurbaskani-erdogandan-atoya-ziyaret\/\">Cumhurba\u015fkan\u0131 Erdo\u011fan\u2019dan ATO\u2019ya ziyaret<\/a><\/blockquote><iframe sandbox=\"allow-scripts\" security=\"restricted\" src=\"https:\/\/denizcankizil.tr\/ru\/haberler\/gundem\/cumhurbaskani-erdogandan-atoya-ziyaret\/embed\/#?secret=NdbK8M7BBz\" width=\"600\" height=\"338\" title=\"\u00abCumhurba\u015fkan\u0131 Erdo\u011fan\u2019dan ATO\u2019ya ziyaret\u00bb &#8212; Av. Deniz Can K\u0131z\u0131l\" data-secret=\"NdbK8M7BBz\" frameborder=\"0\" marginwidth=\"0\" marginheight=\"0\" scrolling=\"no\" class=\"wp-embedded-content\"><\/iframe><script>\n\/*! This file is auto-generated *\/\n!function(d,l){\"use strict\";l.querySelector&&d.addEventListener&&\"undefined\"!=typeof URL&&(d.wp=d.wp||{},d.wp.receiveEmbedMessage||(d.wp.receiveEmbedMessage=function(e){var t=e.data;if((t||t.secret||t.message||t.value)&&!\/[^a-zA-Z0-9]\/.test(t.secret)){for(var s,r,n,a=l.querySelectorAll('iframe[data-secret=\"'+t.secret+'\"]'),o=l.querySelectorAll('blockquote[data-secret=\"'+t.secret+'\"]'),c=new RegExp(\"^https?:$\",\"i\"),i=0;i<o.length;i++)o[i].style.display=\"none\";for(i=0;i<a.length;i++)s=a[i],e.source===s.contentWindow&&(s.removeAttribute(\"style\"),\"height\"===t.message?(1e3<(r=parseInt(t.value,10))?r=1e3:~~r<200&&(r=200),s.height=r):\"link\"===t.message&&(r=new URL(s.getAttribute(\"src\")),n=new URL(t.value),c.test(n.protocol))&&n.host===r.host&&l.activeElement===s&&(d.top.location.href=t.value))}},d.addEventListener(\"message\",d.wp.receiveEmbedMessage,!1),l.addEventListener(\"DOMContentLoaded\",function(){for(var e,t,s=l.querySelectorAll(\"iframe.wp-embedded-content\"),r=0;r<s.length;r++)(t=(e=s[r]).getAttribute(\"data-secret\"))||(t=Math.random().toString(36).substring(2,12),e.src+=\"#?secret=\"+t,e.setAttribute(\"data-secret\",t)),e.contentWindow.postMessage({message:\"ready\",secret:t},\"*\")},!1)))}(window,document);\n\/\/# sourceURL=https:\/\/denizcankizil.tr\/wp-includes\/js\/wp-embed.min.js\n<\/script>","description":"Ankara Ticaret Odas\u0131 (ATO) Ba\u015fkan\u0131 G\u00fcrsel Baran, sosyal medya hesab\u0131ndan yapt\u0131\u011f\u0131 payla\u015f\u0131mda, Cumhurba\u015fkan\u0131 Erdo\u011fan&#8217;\u0131 a\u011f\u0131rlamaktan b\u00fcy\u00fck bir onur ve memnuniyet duydu\u011funu belirtti.ANKARA (\u0130GFA) &#8211; Cumhurba\u015fkan\u0131 Recep Tayyip Erdo\u011fan, Ankara Ticaret Odas\u0131 (ATO)\u2019n\u0131 ziyaret etti. &#8220;Say\u0131n Cumhurba\u015fkan\u0131m\u0131z\u0131n yo\u011fun programlar\u0131na ra\u011fmen Odam\u0131za te\u015frif ederek bizlere zaman ay\u0131rmalar\u0131, i\u015f d\u00fcnyam\u0131za verdikleri k\u0131ymetin en somut g\u00f6stergesidir.&#8221; ifadesine yer veren ATO Ba\u015fkan\u0131 G\u00fcrsel Baran, ziyaret dolay\u0131s\u0131yla Cumhurba\u015fkan\u0131 Erdo\u011fan&#8217;a ATO&#8217;nun y\u00fcr\u00fctt\u00fc\u011f\u00fc \u00e7al\u0131\u015fmalar hakk\u0131nda bilgi sunduklar\u0131n\u0131 \u00fcyelerin beklentilerini do\u011frudan aktarma f\u0131rsat\u0131 bulduklar\u0131n\u0131 vurgulad\u0131. Ba\u015fkan Baran, &#8220;\u00d6zellikle Ankara&#8217;dan yurt d\u0131\u015f\u0131na direkt u\u00e7u\u015flar\u0131n art\u0131r\u0131lmas\u0131, ba\u015fkentimize modern bir fuar alan\u0131 kazand\u0131r\u0131lmas\u0131 gibi stratejik \u00f6neme sahip ba\u015fl\u0131klar\u0131 Say\u0131n Cumhurba\u015fkan\u0131m\u0131za arz ettik. Nazik ziyaretleriyle bizleri onurland\u0131ran Say\u0131n Cumhurba\u015fkan\u0131m\u0131za \u015f\u00fckranlar\u0131m\u0131z\u0131 arz ediyoruz. Say\u0131n Cumhurba\u015fkan\u0131m\u0131z\u0131n liderli\u011finde ortaya konulan T\u00fcrkiye Y\u00fczy\u0131l\u0131 hedeflerine y\u00fcrekten inan\u0131yor, bu vizyon do\u011frultusunda \u00fcretmeye, istihdam sa\u011flamaya, ihracat\u0131m\u0131z\u0131 art\u0131rmaya ve \u00fclkemizin kalk\u0131nmas\u0131na katk\u0131 sunmaya ayn\u0131 azim ve kararl\u0131l\u0131kla devam edece\u011fimizi \u00f6zellikle vurgulamak istiyoruz.&#8221; ifadelerini kulland\u0131. ATO&#8217;dan yap\u0131lan a\u00e7\u0131klamaya g\u00f6re, Cumhurba\u015fkan\u0131 Erdo\u011fan&#8217;a ziyaretinde, Cumhurba\u015fkan\u0131 Yard\u0131mc\u0131s\u0131 Cevdet Y\u0131lmaz, Ticaret Bakan\u0131 \u00d6mer Bolat, Sanayi ve Teknoloji Bakan\u0131 Mehmet Fatih Kac\u0131r, Sa\u011fl\u0131k Bakan\u0131 Kemal Memi\u015fo\u011flu, Gen\u00e7lik ve Spor Bakan\u0131 Osman A\u015fk\u0131n Bak, Cumhurba\u015fkanl\u0131\u011f\u0131 \u00d6zel Kalem M\u00fcd\u00fcr\u00fc, B\u00fcy\u00fckel\u00e7i Hasan Do\u011fan, AK Parti Ankara Milletvekili L\u00fctfiye Selva \u00c7am, AK Parti D\u00fczce Milletvekili Ay\u015fe Ke\u015fir, Ankara Valisi Vasip \u015eahin &hellip;"}