{"version":"1.0","provider_name":"Av. Deniz Can K\u0131z\u0131l","provider_url":"https:\/\/denizcankizil.tr\/ru","author_name":"admin","author_url":"https:\/\/denizcankizil.tr\/ru\/author\/admin\/","title":"Cumhurba\u015fkan\u0131 Erdo\u011fan ve ailesine hakarete tutuklama!","type":"rich","width":600,"height":338,"html":"<blockquote class=\"wp-embedded-content\" data-secret=\"SZI96wrTJL\"><a href=\"https:\/\/denizcankizil.tr\/ru\/haberler\/gundem\/cumhurbaskani-erdogan-ve-ailesine-hakarete-tutuklama\/\">Cumhurba\u015fkan\u0131 Erdo\u011fan ve ailesine hakarete tutuklama!<\/a><\/blockquote><iframe sandbox=\"allow-scripts\" security=\"restricted\" src=\"https:\/\/denizcankizil.tr\/ru\/haberler\/gundem\/cumhurbaskani-erdogan-ve-ailesine-hakarete-tutuklama\/embed\/#?secret=SZI96wrTJL\" width=\"600\" height=\"338\" title=\"\u00abCumhurba\u015fkan\u0131 Erdo\u011fan ve ailesine hakarete tutuklama!\u00bb &#8212; Av. Deniz Can K\u0131z\u0131l\" data-secret=\"SZI96wrTJL\" frameborder=\"0\" marginwidth=\"0\" marginheight=\"0\" scrolling=\"no\" class=\"wp-embedded-content\"><\/iframe><script>\n\/*! This file is auto-generated *\/\n!function(d,l){\"use strict\";l.querySelector&&d.addEventListener&&\"undefined\"!=typeof URL&&(d.wp=d.wp||{},d.wp.receiveEmbedMessage||(d.wp.receiveEmbedMessage=function(e){var t=e.data;if((t||t.secret||t.message||t.value)&&!\/[^a-zA-Z0-9]\/.test(t.secret)){for(var s,r,n,a=l.querySelectorAll('iframe[data-secret=\"'+t.secret+'\"]'),o=l.querySelectorAll('blockquote[data-secret=\"'+t.secret+'\"]'),c=new RegExp(\"^https?:$\",\"i\"),i=0;i<o.length;i++)o[i].style.display=\"none\";for(i=0;i<a.length;i++)s=a[i],e.source===s.contentWindow&&(s.removeAttribute(\"style\"),\"height\"===t.message?(1e3<(r=parseInt(t.value,10))?r=1e3:~~r<200&&(r=200),s.height=r):\"link\"===t.message&&(r=new URL(s.getAttribute(\"src\")),n=new URL(t.value),c.test(n.protocol))&&n.host===r.host&&l.activeElement===s&&(d.top.location.href=t.value))}},d.addEventListener(\"message\",d.wp.receiveEmbedMessage,!1),l.addEventListener(\"DOMContentLoaded\",function(){for(var e,t,s=l.querySelectorAll(\"iframe.wp-embedded-content\"),r=0;r<s.length;r++)(t=(e=s[r]).getAttribute(\"data-secret\"))||(t=Math.random().toString(36).substring(2,12),e.src+=\"#?secret=\"+t,e.setAttribute(\"data-secret\",t)),e.contentWindow.postMessage({message:\"ready\",secret:t},\"*\")},!1)))}(window,document);\n\/\/# sourceURL=https:\/\/denizcankizil.tr\/wp-includes\/js\/wp-embed.min.js\n<\/script>","description":"Cumhurba\u015fkan\u0131 Erdo\u011fan ve ailesine y\u00f6nelik hakaret ve iftira i\u00e7erikli s\u00f6zler sarf eden ki\u015fi, hakk\u0131nda ba\u015flat\u0131lan tahkikat kapsam\u0131nda sevk edildi mahkemece tutukland\u0131.ANKARA (\u0130GFA) &#8211; A\u00e7\u0131klama Emniyet Genel M\u00fcd\u00fcrl\u00fc\u011f\u00fc&#8217;nden geldi. Sosyal medya hesab\u0131n \u00fczerinden yay\u0131nlanan bir sokak r\u00f6portaj\u0131nda N.K adl\u0131 bir vatanda\u015f, Cumhurba\u015fkan\u0131 Recep Tayyip Erdo\u011fan ve ailesine y\u00f6nelik hakaret ve iftira i\u00e7erikli s\u00f6zlerde bulunmu\u015ftu. \u015eah\u0131s hakk\u0131nda \u0130stanbul Anadolu Cumhuriyet Ba\u015fsavc\u0131l\u0131\u011f\u0131&#8217;ndan al\u0131nan talimatla Cumhurba\u015fkan\u0131na hakaret su\u00e7undan adli tahkikat ba\u015flat\u0131ld\u0131. \u015eah\u0131s, emniyetteki ifadeleri sonras\u0131nda sevk edildi\u011fi adli makamlarca tutuklanarak cezaevine g\u00f6nderildi. \u200bCumhurba\u015fkan\u0131 Erdo\u011fan ve ailesine y\u00f6nelik hakaret ve iftira i\u00e7erikli s\u00f6zler sarf eden ki\u015fi, hakk\u0131nda ba\u015flat\u0131lan tahkikat kapsam\u0131nda sevk edildi mahkemece tutukland\u0131.ANKARA (\u0130GFA) &#8211; A\u00e7\u0131klama Emniyet Genel M\u00fcd\u00fcrl\u00fc\u011f\u00fc&#8217;nden geldi. Sosyal medya hesab\u0131n \u00fczerinden yay\u0131nlanan bir sokak r\u00f6portaj\u0131nda N.K adl\u0131 bir vatanda\u015f, Cumhurba\u015fkan\u0131 Recep Tayyip Erdo\u011fan ve ailesine y\u00f6nelik hakaret ve iftira i\u00e7erikli s\u00f6zlerde bulunmu\u015ftu. \u015eah\u0131s hakk\u0131nda \u0130stanbul Anadolu Cumhuriyet Ba\u015fsavc\u0131l\u0131\u011f\u0131&#8217;ndan al\u0131nan talimatla Cumhurba\u015fkan\u0131na hakaret su\u00e7undan adli tahkikat ba\u015flat\u0131ld\u0131. \u015eah\u0131s, emniyetteki ifadeleri sonras\u0131nda sevk edildi\u011fi adli makamlarca tutuklanarak cezaevine g\u00f6nderildi.\u00a0 \u200bHaberin Al\u0131nt\u0131land\u0131\u011f\u0131 Kaynak: www.iskenderun.org"}