{"version":"1.0","provider_name":"Av. Deniz Can K\u0131z\u0131l","provider_url":"https:\/\/denizcankizil.tr\/ru","author_name":"Av. Deniz Can K\u0131z\u0131l","author_url":"https:\/\/denizcankizil.tr\/ru","title":"CHP Edirne sahaya indi","type":"rich","width":600,"height":338,"html":"<blockquote class=\"wp-embedded-content\" data-secret=\"T9wgqSkPJY\"><a href=\"https:\/\/denizcankizil.tr\/ru\/haberler\/gundem\/chp-edirne-sahaya-indi\/\">CHP Edirne sahaya indi<\/a><\/blockquote><iframe sandbox=\"allow-scripts\" security=\"restricted\" src=\"https:\/\/denizcankizil.tr\/ru\/haberler\/gundem\/chp-edirne-sahaya-indi\/embed\/#?secret=T9wgqSkPJY\" width=\"600\" height=\"338\" title=\"\u00abCHP Edirne sahaya indi\u00bb &#8212; Av. Deniz Can K\u0131z\u0131l\" data-secret=\"T9wgqSkPJY\" frameborder=\"0\" marginwidth=\"0\" marginheight=\"0\" scrolling=\"no\" class=\"wp-embedded-content\"><\/iframe><script>\n\/*! This file is auto-generated *\/\n!function(d,l){\"use strict\";l.querySelector&&d.addEventListener&&\"undefined\"!=typeof URL&&(d.wp=d.wp||{},d.wp.receiveEmbedMessage||(d.wp.receiveEmbedMessage=function(e){var t=e.data;if((t||t.secret||t.message||t.value)&&!\/[^a-zA-Z0-9]\/.test(t.secret)){for(var s,r,n,a=l.querySelectorAll('iframe[data-secret=\"'+t.secret+'\"]'),o=l.querySelectorAll('blockquote[data-secret=\"'+t.secret+'\"]'),c=new RegExp(\"^https?:$\",\"i\"),i=0;i<o.length;i++)o[i].style.display=\"none\";for(i=0;i<a.length;i++)s=a[i],e.source===s.contentWindow&&(s.removeAttribute(\"style\"),\"height\"===t.message?(1e3<(r=parseInt(t.value,10))?r=1e3:~~r<200&&(r=200),s.height=r):\"link\"===t.message&&(r=new URL(s.getAttribute(\"src\")),n=new URL(t.value),c.test(n.protocol))&&n.host===r.host&&l.activeElement===s&&(d.top.location.href=t.value))}},d.addEventListener(\"message\",d.wp.receiveEmbedMessage,!1),l.addEventListener(\"DOMContentLoaded\",function(){for(var e,t,s=l.querySelectorAll(\"iframe.wp-embedded-content\"),r=0;r<s.length;r++)(t=(e=s[r]).getAttribute(\"data-secret\"))||(t=Math.random().toString(36).substring(2,12),e.src+=\"#?secret=\"+t,e.setAttribute(\"data-secret\",t)),e.contentWindow.postMessage({message:\"ready\",secret:t},\"*\")},!1)))}(window,document);\n\/\/# sourceURL=https:\/\/denizcankizil.tr\/wp-includes\/js\/wp-embed.min.js\n<\/script>","description":"Cumhuriyet Halk Partisi (CHP) Edirne \u0130l Ba\u015fkan\u0131 Av. Harika Tayb\u0131ll\u0131, CHP Ke\u015fan \u0130l\u00e7e Ba\u015fkan\u0131 An\u0131l \u00c7ak\u0131r ve partinin il-il\u00e7e y\u00f6neticileri, Kad\u0131n ve Gen\u00e7lik Kollar\u0131 ile Ke\u015fan\u2019da yo\u011fun bir ziyaret program\u0131 ger\u00e7ekle\u015ftirdi.Erdo\u011fan Demir\/ Ke\u015fan Postas\u0131 (ED\u0130RNE \u0130GFA)Ziyaretler s\u0131ras\u0131nda belediye, muhtarlar derne\u011fi, meslek odalar\u0131 ve Ziraat Odas\u0131\u2019nda \u00f6nemli g\u00f6r\u00fc\u015fmeler yap\u0131larak sorunlar ve \u00e7\u00f6z\u00fcm \u00f6nerileri ele al\u0131nd\u0131. CHP Edirne \u0130l Ba\u015fkan\u0131\u00a0Harika Tayb\u0131ll\u0131, CHP Ke\u015fan \u0130l\u00e7e Ba\u015fkan\u0131\u00a0An\u0131l \u00c7ak\u0131r, \u0130l-\u0130l\u00e7e Y\u00f6netim Kurulu \u00fcyeleri, Ke\u015fan Belediyesi\u2019nde Belediye Ba\u015fkan\u0131 Op. Dr.\u00a0Mehmet \u00d6zcan\u00a0ile bir araya geldi. G\u00f6r\u00fc\u015fmede, \u015fehrin ihtiya\u00e7lar\u0131na y\u00f6nelik projeler ve ortak \u00e7al\u0131\u015fma hedefleri de\u011ferlendirildi. Belediye Ba\u015fkan\u0131\u00a0\u00d6zcan, dayan\u0131\u015fman\u0131n \u00f6nemine vurgu yaparak,\u00a0\u201cCumhuriyet de\u011ferlerine ba\u011fl\u0131 kalarak halk\u0131m\u0131z\u0131n ya\u015fam\u0131n\u0131 iyile\u015ftirmek ve b\u00f6lgemizi ileri ta\u015f\u0131mak ad\u0131na omuz omuza \u00e7al\u0131\u015fmaya devam edece\u011fiz. Bu birliktelik, daha g\u00fczel g\u00fcnlere ilham olacakt\u0131r\u201d\u00a0dedi. MAHALLE VE K\u00d6Y MUHTARLARIYLA BULU\u015eMA CHP heyeti, Ke\u015fan Mahalle ve K\u00f6y Muhtarlar\u0131 Derne\u011fi\u2019ni ziyaret ederek muhtarlarla bir araya geldi. Mahallelerin ve k\u00f6ylerin sorunlar\u0131 dinlenirken, CHP\u2019nin iktidar hedefleri ve \u00e7\u00f6z\u00fcm politikalar\u0131 aktar\u0131ld\u0131. \u0130l\u00e7e Ba\u015fkan\u0131\u00a0An\u0131l \u00c7ak\u0131r,\u00a0\u201cCumhuriyet Halk Partisi olarak her vatanda\u015f\u0131m\u0131z\u0131n sorununu \u00e7\u00f6zmek i\u00e7in kararl\u0131y\u0131z. Mahallelerimizin kalk\u0131nmas\u0131 i\u00e7in \u00fczerimize d\u00fc\u015feni yapaca\u011f\u0131z\u201d ifadelerini kulland\u0131.\u00a0 Ke\u015fan\u2019daki meslek odalar\u0131n\u0131 ziyaret eden CHP heyeti, esnaf\u0131n ekonomik s\u0131k\u0131nt\u0131lar\u0131n\u0131 dinledi.\u00a0\u00a0 \u200bCumhuriyet Halk Partisi (CHP) Edirne \u0130l Ba\u015fkan\u0131 Av. Harika Tayb\u0131ll\u0131, CHP Ke\u015fan \u0130l\u00e7e Ba\u015fkan\u0131 An\u0131l \u00c7ak\u0131r ve partinin il-il\u00e7e y\u00f6neticileri, Kad\u0131n &hellip;"}