{"version":"1.0","provider_name":"Av. Deniz Can K\u0131z\u0131l","provider_url":"https:\/\/denizcankizil.tr\/ru","author_name":"admin","author_url":"https:\/\/denizcankizil.tr\/ru\/author\/admin\/","title":"Bursa'da g\u00fcvenli \u015fehir i\u00e7in g\u00fc\u00e7 birli\u011fi","type":"rich","width":600,"height":338,"html":"<blockquote class=\"wp-embedded-content\" data-secret=\"tgHE7b0ali\"><a href=\"https:\/\/denizcankizil.tr\/ru\/haberler\/gundem\/bursada-guvenli-sehir-icin-guc-birligi\/\">Bursa&#8217;da g\u00fcvenli \u015fehir i\u00e7in g\u00fc\u00e7 birli\u011fi<\/a><\/blockquote><iframe sandbox=\"allow-scripts\" security=\"restricted\" src=\"https:\/\/denizcankizil.tr\/ru\/haberler\/gundem\/bursada-guvenli-sehir-icin-guc-birligi\/embed\/#?secret=tgHE7b0ali\" width=\"600\" height=\"338\" title=\"\u00abBursa&#8217;da g\u00fcvenli \u015fehir i\u00e7in g\u00fc\u00e7 birli\u011fi\u00bb &#8212; Av. Deniz Can K\u0131z\u0131l\" data-secret=\"tgHE7b0ali\" frameborder=\"0\" marginwidth=\"0\" marginheight=\"0\" scrolling=\"no\" class=\"wp-embedded-content\"><\/iframe><script>\n\/*! This file is auto-generated *\/\n!function(d,l){\"use strict\";l.querySelector&&d.addEventListener&&\"undefined\"!=typeof URL&&(d.wp=d.wp||{},d.wp.receiveEmbedMessage||(d.wp.receiveEmbedMessage=function(e){var t=e.data;if((t||t.secret||t.message||t.value)&&!\/[^a-zA-Z0-9]\/.test(t.secret)){for(var s,r,n,a=l.querySelectorAll('iframe[data-secret=\"'+t.secret+'\"]'),o=l.querySelectorAll('blockquote[data-secret=\"'+t.secret+'\"]'),c=new RegExp(\"^https?:$\",\"i\"),i=0;i<o.length;i++)o[i].style.display=\"none\";for(i=0;i<a.length;i++)s=a[i],e.source===s.contentWindow&&(s.removeAttribute(\"style\"),\"height\"===t.message?(1e3<(r=parseInt(t.value,10))?r=1e3:~~r<200&&(r=200),s.height=r):\"link\"===t.message&&(r=new URL(s.getAttribute(\"src\")),n=new URL(t.value),c.test(n.protocol))&&n.host===r.host&&l.activeElement===s&&(d.top.location.href=t.value))}},d.addEventListener(\"message\",d.wp.receiveEmbedMessage,!1),l.addEventListener(\"DOMContentLoaded\",function(){for(var e,t,s=l.querySelectorAll(\"iframe.wp-embedded-content\"),r=0;r<s.length;r++)(t=(e=s[r]).getAttribute(\"data-secret\"))||(t=Math.random().toString(36).substring(2,12),e.src+=\"#?secret=\"+t,e.setAttribute(\"data-secret\",t)),e.contentWindow.postMessage({message:\"ready\",secret:t},\"*\")},!1)))}(window,document);\n\/\/# sourceURL=https:\/\/denizcankizil.tr\/wp-includes\/js\/wp-embed.min.js\n<\/script>","description":"Bursa Belediyeler Birli\u011fi\u2019nin, \u015fehrin kamu kurumlar\u0131n\u0131n, STK\u2019lar\u0131n ve sekt\u00f6r temsilcilerinin kat\u0131l\u0131m\u0131yla d\u00fczenledi\u011fi \u2018Kamusal Alanlarda \u0130\u015f Sa\u011fl\u0131\u011f\u0131 ve \u0130\u015f G\u00fcvenli\u011fi \u00c7al\u0131\u015ftay\u0131\u2019nda i\u015f sa\u011fl\u0131\u011f\u0131 ve g\u00fcvenli\u011fi konular\u0131 mercek alt\u0131na al\u0131nacak.BURSA (\u0130GFA) &#8211; Bursa Belediyeler Birli\u011fi, kamusal alanlardaki i\u015f sa\u011fl\u0131\u011f\u0131 ve i\u015f g\u00fcvenli\u011fi alanlar\u0131nda, yeni yakla\u015f\u0131mlar ortaya koymak, belediyeler aras\u0131ndaki i\u015f birli\u011fini ve kamusal verimlili\u011fi artt\u0131rmak i\u00e7in \u2018Kamusal Alanlarda \u0130\u015f Sa\u011fl\u0131\u011f\u0131 ve \u0130\u015f G\u00fcvenli\u011fi \u00c7al\u0131\u015ftay\u0131 d\u00fczenliyor. 8-9 May\u0131s tarihlerinde Merinos Atat\u00fcrk Kongre K\u00fclt\u00fcr Merkezi\u2019nde, Bursa Belediyeler Birli\u011fi ve Y\u0131ld\u0131r\u0131m Belediye Ba\u015fkan\u0131 Oktay Y\u0131lmaz\u2019\u0131n ev sahipli\u011finde ger\u00e7ekle\u015ftirilecek \u00e7al\u0131\u015ftaya, birli\u011fe \u00fcye belediye ba\u015fkanlar\u0131 ve kamu kurum ve kurulu\u015flar\u0131n\u0131n temsilcileri, STK temsilcilerinin yan\u0131 s\u0131ra uzmanlar kat\u0131lacak.\u00a0 \u00c7al\u0131\u015ftay masalar\u0131nda g\u00f6rev alan alan\u0131nda uzman 150\u2019nin \u00fczerinde kat\u0131l\u0131mc\u0131 ile Kamusal Alanlarda \u0130\u015f Kazalar\u0131, \u0130SG Teknolojileri ve Dijital \u00c7\u00f6z\u00fcmler, Acil Durum Y\u00f6netimi ve Planlamas\u0131 Psikososyal Riskler, Meslek Hastal\u0131klar\u0131 ve \u00c7al\u0131\u015fan Sa\u011fl\u0131\u011f\u0131 gibi 9 farkl\u0131 ba\u015fl\u0131k masaya yat\u0131r\u0131lacak. BURSA VE BURSALILAR KAZANACAK Kamusal alanlardaki \u00e7al\u0131\u015fan sa\u011fl\u0131\u011f\u0131n\u0131n iyile\u015ftirilmesinin i\u015f g\u00fcvenli\u011fi alan\u0131nda hayata ge\u00e7irilecek uygulamalar\u0131n halka daha nitelikli ve h\u0131zl\u0131 hizmet olarak geriye d\u00f6nece\u011finin alt\u0131n\u0131 \u00e7izen Bursa Belediyeler Birli\u011fi ve Y\u0131ld\u0131r\u0131m Belediye Ba\u015fkan\u0131 Oktay Y\u0131lmaz, \u201cBu \u00e7al\u0131\u015ftayda sunulacak fikirler, al\u0131nacak kararlar sadece \u015fehrimizin i\u015f sa\u011fl\u0131\u011f\u0131 ve i\u015f g\u00fcvenli\u011fi alanlar\u0131ndaki standartlar\u0131n\u0131 y\u00fckseltmekle kalmayacak Bursa\u2019n\u0131n vizyonuna da de\u011fer katacak. Bundan dolay\u0131 bu \u00e7ok \u00f6nemli etkinli\u011finin &hellip;"}