{"version":"1.0","provider_name":"Av. Deniz Can K\u0131z\u0131l","provider_url":"https:\/\/denizcankizil.tr\/ru","author_name":"Av. Deniz Can K\u0131z\u0131l","author_url":"https:\/\/denizcankizil.tr\/ru","title":"Bursa Zafer'den 'kefen bezine imzal\u0131' tepki!","type":"rich","width":600,"height":338,"html":"<blockquote class=\"wp-embedded-content\" data-secret=\"in1msRANSc\"><a href=\"https:\/\/denizcankizil.tr\/ru\/haberler\/gundem\/bursa-zaferden-kefen-bezine-imzali-tepki\/\">Bursa Zafer&#8217;den &#8216;kefen bezine imzal\u0131&#8217; tepki!<\/a><\/blockquote><iframe sandbox=\"allow-scripts\" security=\"restricted\" src=\"https:\/\/denizcankizil.tr\/ru\/haberler\/gundem\/bursa-zaferden-kefen-bezine-imzali-tepki\/embed\/#?secret=in1msRANSc\" width=\"600\" height=\"338\" title=\"\u00abBursa Zafer&#8217;den &#8216;kefen bezine imzal\u0131&#8217; tepki!\u00bb &#8212; Av. Deniz Can K\u0131z\u0131l\" data-secret=\"in1msRANSc\" frameborder=\"0\" marginwidth=\"0\" marginheight=\"0\" scrolling=\"no\" class=\"wp-embedded-content\"><\/iframe><script>\n\/*! This file is auto-generated *\/\n!function(d,l){\"use strict\";l.querySelector&&d.addEventListener&&\"undefined\"!=typeof URL&&(d.wp=d.wp||{},d.wp.receiveEmbedMessage||(d.wp.receiveEmbedMessage=function(e){var t=e.data;if((t||t.secret||t.message||t.value)&&!\/[^a-zA-Z0-9]\/.test(t.secret)){for(var s,r,n,a=l.querySelectorAll('iframe[data-secret=\"'+t.secret+'\"]'),o=l.querySelectorAll('blockquote[data-secret=\"'+t.secret+'\"]'),c=new RegExp(\"^https?:$\",\"i\"),i=0;i<o.length;i++)o[i].style.display=\"none\";for(i=0;i<a.length;i++)s=a[i],e.source===s.contentWindow&&(s.removeAttribute(\"style\"),\"height\"===t.message?(1e3<(r=parseInt(t.value,10))?r=1e3:~~r<200&&(r=200),s.height=r):\"link\"===t.message&&(r=new URL(s.getAttribute(\"src\")),n=new URL(t.value),c.test(n.protocol))&&n.host===r.host&&l.activeElement===s&&(d.top.location.href=t.value))}},d.addEventListener(\"message\",d.wp.receiveEmbedMessage,!1),l.addEventListener(\"DOMContentLoaded\",function(){for(var e,t,s=l.querySelectorAll(\"iframe.wp-embedded-content\"),r=0;r<s.length;r++)(t=(e=s[r]).getAttribute(\"data-secret\"))||(t=Math.random().toString(36).substring(2,12),e.src+=\"#?secret=\"+t,e.setAttribute(\"data-secret\",t)),e.contentWindow.postMessage({message:\"ready\",secret:t},\"*\")},!1)))}(window,document);\n\/\/# sourceURL=https:\/\/denizcankizil.tr\/wp-includes\/js\/wp-embed.min.js\n<\/script>","description":"Bursa&#8217;da Yenido\u011fan Bebek \u00c7etesi Protestosu Bursa&#8217;da, 112 Acil Servisi ile i\u015fbirli\u011fi yaparak bebek hastalar\u0131n\u0131 anla\u015fmal\u0131 \u00f6zel hastanelerin yenido\u011fan \u00fcnitelerine y\u00f6nlendiren ve bu s\u00fcre\u00e7te haks\u0131z kazan\u00e7 elde eden 22 tutuklu ve 47 \u015f\u00fcpheli hakk\u0131nda \u00f6nemli bir protesto ger\u00e7ekle\u015ftirildi. Zafer Partisi \u0130l Ba\u015fkanl\u0131\u011f\u0131 taraf\u0131ndan d\u00fczenlenen \u201cKefen Bezine \u0130mza Stand\u0131\u201d etkinli\u011fi, bu durumu k\u0131namak amac\u0131yla hayata ge\u00e7irildi. Protestonun Detaylar\u0131 Etkinli\u011fe Zafer Partisi Bursa \u0130l Ba\u015fkan\u0131 Cihat Gazi, \u0130l Te\u015fkilat Ba\u015fkan\u0131 Ferit G\u00fcrsoy, \u0130l Kad\u0131n Kollar\u0131 Ba\u015fkan\u0131 Fatma G\u00fcl ve 15 il y\u00f6neticisi kat\u0131ld\u0131. \u015eehrek\u00fcst\u00fc Meydan\u0131&#8217;nda yap\u0131lan organizasyonda sorumlular\u0131n en a\u011f\u0131r \u015fekilde cezaland\u0131r\u0131lmas\u0131 talep edildi. Kad\u0131n Kollar\u0131 Ba\u015fkan\u0131 Fatma G\u00fcl; \u201cBizi derinden etkileyen bir olayla kar\u015f\u0131 kar\u015f\u0131yay\u0131z. Masum bebek bedenlerini ac\u0131mas\u0131zca pazarlayan bir zihniyetin h\u00fck\u00fcm s\u00fcrd\u00fc\u011f\u00fc g\u00fcnleri ya\u015f\u0131yoruz. Bursal\u0131lar olarak tepkimizi kefen bezine duygular\u0131m\u0131z\u0131 yazarak ifade etmek istedik.\u201d \u015feklinde konu\u015ftu. Sa\u011fl\u0131kta G\u00fcven Sorunu \u0130l Te\u015fkilat Ba\u015fkan\u0131 Ferit G\u00fcrsoy ise; \u201cE\u011fer insanlar sa\u011fl\u0131k \u00e7al\u0131\u015fanlar\u0131na g\u00fcvenemiyorsa, o zaman kime g\u00fcvenip sa\u011fl\u0131klar\u0131n\u0131 emanet edecekler? Rant \u00e7eteleri sadece sa\u011fl\u0131k alan\u0131nda de\u011fil; Bursa\u2019ya \u00e7\u00f6ken her gruba kar\u015f\u0131 di\u015fe di\u015f m\u00fccadele etmeye kararl\u0131y\u0131z!\u201d dedi. Soru\u015fturman\u0131n Arka Plan\u0131 \u0130l Ba\u015fkan\u0131 Cihat Gazi de dikkat \u00e7ekici a\u00e7\u0131klamalarda bulundu: \u201cSoru\u015fturman\u0131n eski Sa\u011fl\u0131k Bakan\u0131 Fahrettin Koca d\u00f6neminde ba\u015flat\u0131ld\u0131\u011f\u0131 iddia ediliyor. E\u011fer biliyordunuz da neden aylarca beklediniz? Onlarca masum bebe\u011fin \u00f6l\u00fcm\u00fcn\u00fc neden g\u00f6zlemlediniz? Sosyal G\u00fcvenlik &hellip;"}