{"version":"1.0","provider_name":"Av. Deniz Can K\u0131z\u0131l","provider_url":"https:\/\/denizcankizil.tr\/ru","author_name":"admin","author_url":"https:\/\/denizcankizil.tr\/ru\/author\/admin\/","title":"Bursa Nil\u00fcfer'de m\u00fczikli dayan\u0131\u015fma","type":"rich","width":600,"height":338,"html":"<blockquote class=\"wp-embedded-content\" data-secret=\"Jx7v9PHgnF\"><a href=\"https:\/\/denizcankizil.tr\/ru\/haberler\/gundem\/bursa-niluferde-muzikli-dayanisma\/\">Bursa Nil\u00fcfer&#8217;de m\u00fczikli dayan\u0131\u015fma<\/a><\/blockquote><iframe sandbox=\"allow-scripts\" security=\"restricted\" src=\"https:\/\/denizcankizil.tr\/ru\/haberler\/gundem\/bursa-niluferde-muzikli-dayanisma\/embed\/#?secret=Jx7v9PHgnF\" width=\"600\" height=\"338\" title=\"\u00abBursa Nil\u00fcfer&#8217;de m\u00fczikli dayan\u0131\u015fma\u00bb &#8212; Av. Deniz Can K\u0131z\u0131l\" data-secret=\"Jx7v9PHgnF\" frameborder=\"0\" marginwidth=\"0\" marginheight=\"0\" scrolling=\"no\" class=\"wp-embedded-content\"><\/iframe><script>\n\/*! This file is auto-generated *\/\n!function(d,l){\"use strict\";l.querySelector&&d.addEventListener&&\"undefined\"!=typeof URL&&(d.wp=d.wp||{},d.wp.receiveEmbedMessage||(d.wp.receiveEmbedMessage=function(e){var t=e.data;if((t||t.secret||t.message||t.value)&&!\/[^a-zA-Z0-9]\/.test(t.secret)){for(var s,r,n,a=l.querySelectorAll('iframe[data-secret=\"'+t.secret+'\"]'),o=l.querySelectorAll('blockquote[data-secret=\"'+t.secret+'\"]'),c=new RegExp(\"^https?:$\",\"i\"),i=0;i<o.length;i++)o[i].style.display=\"none\";for(i=0;i<a.length;i++)s=a[i],e.source===s.contentWindow&&(s.removeAttribute(\"style\"),\"height\"===t.message?(1e3<(r=parseInt(t.value,10))?r=1e3:~~r<200&&(r=200),s.height=r):\"link\"===t.message&&(r=new URL(s.getAttribute(\"src\")),n=new URL(t.value),c.test(n.protocol))&&n.host===r.host&&l.activeElement===s&&(d.top.location.href=t.value))}},d.addEventListener(\"message\",d.wp.receiveEmbedMessage,!1),l.addEventListener(\"DOMContentLoaded\",function(){for(var e,t,s=l.querySelectorAll(\"iframe.wp-embedded-content\"),r=0;r<s.length;r++)(t=(e=s[r]).getAttribute(\"data-secret\"))||(t=Math.random().toString(36).substring(2,12),e.src+=\"#?secret=\"+t,e.setAttribute(\"data-secret\",t)),e.contentWindow.postMessage({message:\"ready\",secret:t},\"*\")},!1)))}(window,document);\n\/\/# sourceURL=https:\/\/denizcankizil.tr\/wp-includes\/js\/wp-embed.min.js\n<\/script>","description":"Bursa Nil\u00fcfer \u00c7ocuk ve Gen\u00e7lik Korosu\u2019yla birlikte, 1 \u015eubat ak\u015fam\u0131 Naz\u0131m Hikmet K\u00fclt\u00fcrevi\u2019nde sahne alacak olan Hatay ve Kuzey K\u0131br\u0131s T\u00fcrk Cumhuriyeti\u2019nden gelen \u00e7ocuk ve gen\u00e7lik korolar\u0131 verecekleri konser \u00f6ncesi Nil\u00fcfer Belediye Ba\u015fkan\u0131 \u015eadi \u00d6zdemir ile bulu\u015ftu. M\u00fczi\u011fin k\u00f6pr\u00fc oldu\u011fu 3 kentin \u00e7ocuk ve gen\u00e7lerinin bulu\u015fmas\u0131nda, dayan\u0131\u015fma mesaj\u0131 verildi.BURSA (\u0130GFA) &#8211;\u00a06 \u015eubat depreminin 2\u2019nci y\u0131ld\u00f6n\u00fcm\u00fc yakla\u015f\u0131rken, baz\u0131 \u00f6\u011frencilerini de kaybeden Hatay\u2019daki Antakya Polifonik Korolar Derne\u011fi (APKORD) \u00c7ocuk Korosu ile Kuzey K\u0131br\u0131s T\u00fcrk Cumhuriyeti\u2019nden (KKTC) Ada I\u015f\u0131\u011f\u0131 \u00c7ocuk Korosu ve Ada I\u015f\u0131\u011f\u0131 Gen\u00e7lik Vokal Toplulu\u011fu; Nil\u00fcfer \u00c7ocuk ve Gen\u00e7lik Korosu\u2019yla birlikte, Nil\u00fcfer Belediye Ba\u015fkan\u0131 \u015eadi \u00d6zdemir\u2019i ziyaret etti. 1 \u015eubat ak\u015fam\u0131 Naz\u0131m Hikmet K\u00fclt\u00fcrevi\u2019nde sahne alacak olan korolar\u0131n, Nil\u00fcfer Belediyesi Halk Evi\u2019ndeki bulu\u015fmas\u0131nda \u00e7ocuklar, gen\u00e7ler, veliler ve korolar\u0131n \u015fef ve yard\u0131mc\u0131lar\u0131 da yer ald\u0131. Nil\u00fcfer Belediye Ba\u015fkan\u0131 \u015eadi \u00d6zdemir yapt\u0131\u011f\u0131 konu\u015fmada, belediye olarak gen\u00e7lerin ve \u00e7ocuklar\u0131n \u00f6ncelikleri aras\u0131nda yer ald\u0131\u011f\u0131n\u0131 ve buna uygun projeleri hayata ge\u00e7irdiklerini s\u00f6yledi. 6 \u015eubat depremlerinde bir felaketin ya\u015fand\u0131\u011f\u0131n\u0131 belirten Ba\u015fkan \u015eadi \u00d6zdemir, \u201cBu kadar gencimizin, oradaki ya\u015fanan felaketten sonra hala m\u00fczik yap\u0131yor olmas\u0131 \u00e7ok \u00f6nemli. M\u00fczik, asl\u0131nda ruhun g\u0131das\u0131. Tabii ki e\u011fitimi de hi\u00e7bir zaman da ihmal etmemek laz\u0131m. \u00c7ocuklar\u0131n ba\u015far\u0131ya giden yolunun y\u00fczde 50\u2019si \u00e7al\u0131\u015fmaksa, di\u011fer y\u00fczde 50 i\u00e7in sosyal bir insan olmak \u00f6nemli. M\u00fczikle, &hellip;"}