{"version":"1.0","provider_name":"Av. Deniz Can K\u0131z\u0131l","provider_url":"https:\/\/denizcankizil.tr\/ru","author_name":"Av. Deniz Can K\u0131z\u0131l","author_url":"https:\/\/denizcankizil.tr\/ru","title":"Bursa Keles Koza\u011fac\u0131'nda k\u00f6m\u00fcr oca\u011f\u0131na CHP tepkisi","type":"rich","width":600,"height":338,"html":"<blockquote class=\"wp-embedded-content\" data-secret=\"e4Bo0geGhr\"><a href=\"https:\/\/denizcankizil.tr\/ru\/haberler\/gundem\/bursa-keles-kozagacinda-komur-ocagina-chp-tepkisi\/\">Bursa Keles Koza\u011fac\u0131&#8217;nda k\u00f6m\u00fcr oca\u011f\u0131na CHP tepkisi<\/a><\/blockquote><iframe sandbox=\"allow-scripts\" security=\"restricted\" src=\"https:\/\/denizcankizil.tr\/ru\/haberler\/gundem\/bursa-keles-kozagacinda-komur-ocagina-chp-tepkisi\/embed\/#?secret=e4Bo0geGhr\" width=\"600\" height=\"338\" title=\"\u00abBursa Keles Koza\u011fac\u0131&#8217;nda k\u00f6m\u00fcr oca\u011f\u0131na CHP tepkisi\u00bb &#8212; Av. Deniz Can K\u0131z\u0131l\" data-secret=\"e4Bo0geGhr\" frameborder=\"0\" marginwidth=\"0\" marginheight=\"0\" scrolling=\"no\" class=\"wp-embedded-content\"><\/iframe><script>\n\/*! This file is auto-generated *\/\n!function(d,l){\"use strict\";l.querySelector&&d.addEventListener&&\"undefined\"!=typeof URL&&(d.wp=d.wp||{},d.wp.receiveEmbedMessage||(d.wp.receiveEmbedMessage=function(e){var t=e.data;if((t||t.secret||t.message||t.value)&&!\/[^a-zA-Z0-9]\/.test(t.secret)){for(var s,r,n,a=l.querySelectorAll('iframe[data-secret=\"'+t.secret+'\"]'),o=l.querySelectorAll('blockquote[data-secret=\"'+t.secret+'\"]'),c=new RegExp(\"^https?:$\",\"i\"),i=0;i<o.length;i++)o[i].style.display=\"none\";for(i=0;i<a.length;i++)s=a[i],e.source===s.contentWindow&&(s.removeAttribute(\"style\"),\"height\"===t.message?(1e3<(r=parseInt(t.value,10))?r=1e3:~~r<200&&(r=200),s.height=r):\"link\"===t.message&&(r=new URL(s.getAttribute(\"src\")),n=new URL(t.value),c.test(n.protocol))&&n.host===r.host&&l.activeElement===s&&(d.top.location.href=t.value))}},d.addEventListener(\"message\",d.wp.receiveEmbedMessage,!1),l.addEventListener(\"DOMContentLoaded\",function(){for(var e,t,s=l.querySelectorAll(\"iframe.wp-embedded-content\"),r=0;r<s.length;r++)(t=(e=s[r]).getAttribute(\"data-secret\"))||(t=Math.random().toString(36).substring(2,12),e.src+=\"#?secret=\"+t,e.setAttribute(\"data-secret\",t)),e.contentWindow.postMessage({message:\"ready\",secret:t},\"*\")},!1)))}(window,document);\n\/\/# sourceURL=https:\/\/denizcankizil.tr\/wp-includes\/js\/wp-embed.min.js\n<\/script>","description":"CHP Bursa \u0130l Ba\u015fkan\u0131 Nihat Ye\u015filta\u015f, Bursa&#8217;n\u0131n Keles \u0130l\u00e7esi Koza\u011fac\u0131 Vadisi b\u00f6lgesinde a\u00e7\u0131lmak istenen k\u00f6m\u00fcr oca\u011f\u0131na tepki g\u00f6stererek, tar\u0131m alanlar\u0131n\u0131 katledecek projeye kar\u015f\u0131 vatanda\u015flar\u0131n hakl\u0131 m\u00fccadelelerinde yanlar\u0131nda olacaklar\u0131n\u0131 s\u00f6yledi.BURSA (\u0130GFA) &#8211; Bursa&#8217;n\u0131n da\u011f il\u00e7elerinden Keles&#8217;te tar\u0131m\u0131n ve hayvanc\u0131l\u0131\u011f\u0131n en yo\u011fun olarak yap\u0131ld\u0131\u011f\u0131 b\u00f6lgelerden biri Koza\u011fac\u0131&#8217;nda 2006 ve 2012 y\u0131llar\u0131nda iki kez &#8220;termik santral ve k\u00f6m\u00fcr oca\u011f\u0131&#8221; ihalesi yap\u0131lm\u0131\u015f, b\u00f6lge halk\u0131n\u0131n eylemleri sonucu s\u00fcre\u00e7 durdurulmu\u015ftu. 18 Aral\u0131k 2024 tarihinde ise &#8220;Ruhsat ve i\u015fletme hakk\u0131n\u0131n r\u00f6d\u00f6vans kar\u015f\u0131l\u0131\u011f\u0131nda devri&#8221; y\u00f6ntemiyle ihale ger\u00e7ekle\u015fti. &#8220;TARIM ALANLARINI KATLEDECEK&#8221; CHP Bursa \u0130l Ba\u015fkan\u0131 Nihat Ye\u015filta\u015f konuyla ilgili bir a\u00e7\u0131klama yaparak b\u00f6lgenin gelece\u011finin bir kez daha tehlike alt\u0131nda oldu\u011funu s\u00f6yledi. A\u00e7\u0131klamas\u0131nda verimli topraklarda kiraz ve ceviz bah\u00e7elerinin oldu\u011funu, k\u00f6m\u00fcr oca\u011f\u0131 a\u00e7\u0131ld\u0131\u011f\u0131 takdirde y\u00f6re halk\u0131n\u0131n en \u00f6nemli ge\u00e7im kaynaklar\u0131ndan olan tar\u0131msal \u00fcretimin ortadan kalkaca\u011f\u0131n\u0131 vurgulayan Ba\u015fkan Ye\u015filta\u015f, &#8220;2006 ve 2012&#8217;de ayn\u0131 s\u00fcreci denediler. Halk\u0131n yo\u011fun tepkileri sonucu s\u00fcre\u00e7 durduruldu. \u015eimdi yine ayn\u0131 proje g\u00fcndeme geldi. Tar\u0131m alanlar\u0131n\u0131 katledecek, su kaynaklar\u0131n\u0131 tehdit eden, halk\u0131 ge\u00e7im kayna\u011f\u0131ndan yoksun b\u0131rakacak, havam\u0131z\u0131 zehirleyecek bu projeye kar\u015f\u0131y\u0131z. En b\u00fcy\u00fck sorumlulu\u011fumuz Bursa&#8217;m\u0131zda verimli topraklar\u0131m\u0131za sahip \u00e7\u0131kmak ve gelecek nesillere b\u0131rakmak. Bu y\u00fczden bir an \u00f6nce bu yanl\u0131\u015ftan d\u00f6n\u00fclmeli ve ihale iptal edilmeli. Cumhuriyet Halk Partisi Bursa \u00d6rg\u00fct\u00fc olarak ge\u00e7mi\u015fte Koza\u011fac\u0131&#8217;nda nas\u0131l direndiysek, Kirazl\u0131yayla&#8217;da nas\u0131l m\u00fccadele &hellip;"}