{"version":"1.0","provider_name":"Av. Deniz Can K\u0131z\u0131l","provider_url":"https:\/\/denizcankizil.tr\/ru","author_name":"admin","author_url":"https:\/\/denizcankizil.tr\/ru\/author\/admin\/","title":"Bilecik Belediyesi'ne hibe ekskavat\u00f6r kazand\u0131r\u0131ld\u0131","type":"rich","width":600,"height":338,"html":"<blockquote class=\"wp-embedded-content\" data-secret=\"S5NQzQSBNo\"><a href=\"https:\/\/denizcankizil.tr\/ru\/haberler\/gundem\/bilecik-belediyesine-hibe-ekskavator-kazandirildi\/\">Bilecik Belediyesi&#8217;ne hibe ekskavat\u00f6r kazand\u0131r\u0131ld\u0131<\/a><\/blockquote><iframe sandbox=\"allow-scripts\" security=\"restricted\" src=\"https:\/\/denizcankizil.tr\/ru\/haberler\/gundem\/bilecik-belediyesine-hibe-ekskavator-kazandirildi\/embed\/#?secret=S5NQzQSBNo\" width=\"600\" height=\"338\" title=\"\u00abBilecik Belediyesi&#8217;ne hibe ekskavat\u00f6r kazand\u0131r\u0131ld\u0131\u00bb &#8212; Av. Deniz Can K\u0131z\u0131l\" data-secret=\"S5NQzQSBNo\" frameborder=\"0\" marginwidth=\"0\" marginheight=\"0\" scrolling=\"no\" class=\"wp-embedded-content\"><\/iframe><script>\n\/*! This file is auto-generated *\/\n!function(d,l){\"use strict\";l.querySelector&&d.addEventListener&&\"undefined\"!=typeof URL&&(d.wp=d.wp||{},d.wp.receiveEmbedMessage||(d.wp.receiveEmbedMessage=function(e){var t=e.data;if((t||t.secret||t.message||t.value)&&!\/[^a-zA-Z0-9]\/.test(t.secret)){for(var s,r,n,a=l.querySelectorAll('iframe[data-secret=\"'+t.secret+'\"]'),o=l.querySelectorAll('blockquote[data-secret=\"'+t.secret+'\"]'),c=new RegExp(\"^https?:$\",\"i\"),i=0;i<o.length;i++)o[i].style.display=\"none\";for(i=0;i<a.length;i++)s=a[i],e.source===s.contentWindow&&(s.removeAttribute(\"style\"),\"height\"===t.message?(1e3<(r=parseInt(t.value,10))?r=1e3:~~r<200&&(r=200),s.height=r):\"link\"===t.message&&(r=new URL(s.getAttribute(\"src\")),n=new URL(t.value),c.test(n.protocol))&&n.host===r.host&&l.activeElement===s&&(d.top.location.href=t.value))}},d.addEventListener(\"message\",d.wp.receiveEmbedMessage,!1),l.addEventListener(\"DOMContentLoaded\",function(){for(var e,t,s=l.querySelectorAll(\"iframe.wp-embedded-content\"),r=0;r<s.length;r++)(t=(e=s[r]).getAttribute(\"data-secret\"))||(t=Math.random().toString(36).substring(2,12),e.src+=\"#?secret=\"+t,e.setAttribute(\"data-secret\",t)),e.contentWindow.postMessage({message:\"ready\",secret:t},\"*\")},!1)))}(window,document);\n\/\/# sourceURL=https:\/\/denizcankizil.tr\/wp-includes\/js\/wp-embed.min.js\n<\/script>","description":"Bilecik Belediye Ba\u015fkan\u0131 Melek M\u0131zrak Suba\u015f\u0131, T\u00fcrkiye Belediyeler Birli\u011fi taraf\u0131ndan hibe edilen ekskavat\u00f6r\u00fcn belediye hizmet filosuna kazand\u0131r\u0131ld\u0131\u011f\u0131n\u0131 a\u00e7\u0131klad\u0131.B\u0130LEC\u0130K (\u0130GFA) &#8211;\u00a0Bilecik Belediye Ba\u015fkan\u0131 Melek M\u0131zrak Suba\u015f\u0131, T\u00fcrkiye Belediyeler Birli\u011fi taraf\u0131ndan hibe edilen ekskavat\u00f6r\u00fcn belediye hizmet filosuna kat\u0131ld\u0131\u011f\u0131n\u0131 a\u00e7\u0131klad\u0131. Ba\u015fkan Suba\u015f\u0131 sosyal medya hesab\u0131ndan\u00a0yapt\u0131\u011f\u0131 a\u00e7\u0131klamada \u015fu ifadelere yer verdi: &#8220;Belediyemize hibe edilen ekskavat\u00f6r\u00fc hizmet filomuza kazand\u0131rmaktan b\u00fcy\u00fck bir memnuniyet duyuyor, Bilecik\u2019imize hay\u0131rl\u0131 olmas\u0131n\u0131 diliyorum.&#8221; Suba\u015f\u0131, a\u00e7\u0131klamas\u0131na devam ederek; &#8220;T\u00fcrkiye Belediyeler Birli\u011fi\u2019nin sa\u011flad\u0131\u011f\u0131 bu destek, Bilecik Belediyesi\u2019nin altyap\u0131 \u00e7al\u0131\u015fmalar\u0131n\u0131 g\u00fc\u00e7lendirme ve kent sakinlerine daha kaliteli hizmet sunma hedefleri do\u011frultusunda \u00f6nemli bir katk\u0131 olarak de\u011ferlendiriliyor. Belediye, hibe edilen ekskavat\u00f6rle birlikte hizmet kapasitesini art\u0131rarak daha geni\u015f \u00e7apta projelere imza atmay\u0131 planl\u0131yor&#8221; \u015feklinde konu\u015ftu. T\u00fcrkiye Belediyeler Birli\u011fi taraf\u0131ndan belediyemize hibe edilen ekskavat\u00f6r\u00fc hizmet filomuza kazand\u0131rmaktan b\u00fcy\u00fck bir memnuniyet duyuyor, Bilecik\u2019imize hay\u0131rl\u0131 olmas\u0131n\u0131 diliyorum. Bu de\u011ferli deste\u011fin temellerini atarak t\u00fcm s\u00fcreci y\u00f6neten ancak bug\u00fcn hukuksuz bir \u015fekilde tutuklu\u2026 pic.twitter.com\/5dHOhQZAlQ &mdash; Melek M\u0131zrak Suba\u015f\u0131 (@melekmsubasi) April 3, 2025 \u200bBilecik Belediye Ba\u015fkan\u0131 Melek M\u0131zrak Suba\u015f\u0131, T\u00fcrkiye Belediyeler Birli\u011fi taraf\u0131ndan hibe edilen ekskavat\u00f6r\u00fcn belediye hizmet filosuna kazand\u0131r\u0131ld\u0131\u011f\u0131n\u0131 a\u00e7\u0131klad\u0131.B\u0130LEC\u0130K (\u0130GFA) &#8211;\u00a0Bilecik Belediye Ba\u015fkan\u0131 Melek M\u0131zrak Suba\u015f\u0131, T\u00fcrkiye Belediyeler Birli\u011fi taraf\u0131ndan hibe edilen ekskavat\u00f6r\u00fcn belediye hizmet filosuna kat\u0131ld\u0131\u011f\u0131n\u0131 a\u00e7\u0131klad\u0131. Ba\u015fkan Suba\u015f\u0131 sosyal medya hesab\u0131ndan\u00a0yapt\u0131\u011f\u0131 a\u00e7\u0131klamada \u015fu ifadelere yer verdi: &#8220;Belediyemize hibe edilen &hellip;"}