{"version":"1.0","provider_name":"Av. Deniz Can K\u0131z\u0131l","provider_url":"https:\/\/denizcankizil.tr\/ru","author_name":"admin","author_url":"https:\/\/denizcankizil.tr\/ru\/author\/admin\/","title":"Belen Sar\u0131maz\u0131 ASA\u015e \u00f6n\u00fcnde trafik kazas\u0131\u2026","type":"rich","width":600,"height":338,"html":"<blockquote class=\"wp-embedded-content\" data-secret=\"vmmjnpHRyg\"><a href=\"https:\/\/denizcankizil.tr\/ru\/haberler\/gundem\/belen-sarimazi-asas-onunde-trafik-kazasi\/\">Belen Sar\u0131maz\u0131 ASA\u015e \u00f6n\u00fcnde trafik kazas\u0131\u2026<\/a><\/blockquote><iframe sandbox=\"allow-scripts\" security=\"restricted\" src=\"https:\/\/denizcankizil.tr\/ru\/haberler\/gundem\/belen-sarimazi-asas-onunde-trafik-kazasi\/embed\/#?secret=vmmjnpHRyg\" width=\"600\" height=\"338\" title=\"\u00abBelen Sar\u0131maz\u0131 ASA\u015e \u00f6n\u00fcnde trafik kazas\u0131\u2026\u00bb &#8212; Av. Deniz Can K\u0131z\u0131l\" data-secret=\"vmmjnpHRyg\" frameborder=\"0\" marginwidth=\"0\" marginheight=\"0\" scrolling=\"no\" class=\"wp-embedded-content\"><\/iframe><script>\n\/*! This file is auto-generated *\/\n!function(d,l){\"use strict\";l.querySelector&&d.addEventListener&&\"undefined\"!=typeof URL&&(d.wp=d.wp||{},d.wp.receiveEmbedMessage||(d.wp.receiveEmbedMessage=function(e){var t=e.data;if((t||t.secret||t.message||t.value)&&!\/[^a-zA-Z0-9]\/.test(t.secret)){for(var s,r,n,a=l.querySelectorAll('iframe[data-secret=\"'+t.secret+'\"]'),o=l.querySelectorAll('blockquote[data-secret=\"'+t.secret+'\"]'),c=new RegExp(\"^https?:$\",\"i\"),i=0;i<o.length;i++)o[i].style.display=\"none\";for(i=0;i<a.length;i++)s=a[i],e.source===s.contentWindow&&(s.removeAttribute(\"style\"),\"height\"===t.message?(1e3<(r=parseInt(t.value,10))?r=1e3:~~r<200&&(r=200),s.height=r):\"link\"===t.message&&(r=new URL(s.getAttribute(\"src\")),n=new URL(t.value),c.test(n.protocol))&&n.host===r.host&&l.activeElement===s&&(d.top.location.href=t.value))}},d.addEventListener(\"message\",d.wp.receiveEmbedMessage,!1),l.addEventListener(\"DOMContentLoaded\",function(){for(var e,t,s=l.querySelectorAll(\"iframe.wp-embedded-content\"),r=0;r<s.length;r++)(t=(e=s[r]).getAttribute(\"data-secret\"))||(t=Math.random().toString(36).substring(2,12),e.src+=\"#?secret=\"+t,e.setAttribute(\"data-secret\",t)),e.contentWindow.postMessage({message:\"ready\",secret:t},\"*\")},!1)))}(window,document);\n\/\/# sourceURL=https:\/\/denizcankizil.tr\/wp-includes\/js\/wp-embed.min.js\n<\/script>","description":"Kaza, Sar\u0131maz\u0131 \u0130ssume mevkiinde meydana geldi. Alparslan Kara (46) y\u00f6netimindeki 31 ALM 763 plakal\u0131 otomobil, \u0130skenderun istikametine seyir halindeyken emniyet \u015feridinde park halinde bulunan 34 CVP 274 plakal\u0131 t\u0131ra arkadan \u00e7arpt\u0131. \u00c7arpman\u0131n etkisiyle ara\u00e7 i\u00e7inde s\u0131k\u0131\u015fan s\u00fcr\u00fcc\u00fcy\u00fc kurtarmak i\u00e7in b\u00f6lgeye itfaiye ve sa\u011fl\u0131k ekipleri sevk edildi. Ekiplerin \u00e7al\u0131\u015fmas\u0131 sonucu s\u0131k\u0131\u015ft\u0131\u011f\u0131 yerden \u00e7\u0131kar\u0131lan Kara, hayat\u0131n\u0131 kaybetti. Cenazesi morga kald\u0131r\u0131l\u0131rken, kazayla ilgili soru\u015fturma ba\u015flat\u0131ld\u0131. \u200bHatay\u2019\u0131n Belen il\u00e7esinde, emniyet \u015feridinde park halinde bulunan bir t\u0131ra \u00e7arpan otomobilin s\u00fcr\u00fcc\u00fcs\u00fc ya\u015fam\u0131n\u0131 yitirdi.\u00a0 \u200bHaberin Al\u0131nt\u0131land\u0131\u011f\u0131 Kaynak: www.iskenderun.org"}