{"version":"1.0","provider_name":"Av. Deniz Can K\u0131z\u0131l","provider_url":"https:\/\/denizcankizil.tr\/ru","author_name":"admin","author_url":"https:\/\/denizcankizil.tr\/ru\/author\/admin\/","title":"\u201cBelen ge\u00e7idi 9500 metrelik t\u00fcnellerle a\u015f\u0131lacak\u201d","type":"rich","width":600,"height":338,"html":"<blockquote class=\"wp-embedded-content\" data-secret=\"WrJdZozRQ1\"><a href=\"https:\/\/denizcankizil.tr\/ru\/haberler\/gundem\/belen-gecidi-9500-metrelik-tunellerle-asilacak\/\">\u201cBelen ge\u00e7idi 9500 metrelik t\u00fcnellerle a\u015f\u0131lacak\u201d<\/a><\/blockquote><iframe sandbox=\"allow-scripts\" security=\"restricted\" src=\"https:\/\/denizcankizil.tr\/ru\/haberler\/gundem\/belen-gecidi-9500-metrelik-tunellerle-asilacak\/embed\/#?secret=WrJdZozRQ1\" width=\"600\" height=\"338\" title=\"\u00ab\u201cBelen ge\u00e7idi 9500 metrelik t\u00fcnellerle a\u015f\u0131lacak\u201d\u00bb &#8212; Av. Deniz Can K\u0131z\u0131l\" data-secret=\"WrJdZozRQ1\" frameborder=\"0\" marginwidth=\"0\" marginheight=\"0\" scrolling=\"no\" class=\"wp-embedded-content\"><\/iframe><script>\n\/*! This file is auto-generated *\/\n!function(d,l){\"use strict\";l.querySelector&&d.addEventListener&&\"undefined\"!=typeof URL&&(d.wp=d.wp||{},d.wp.receiveEmbedMessage||(d.wp.receiveEmbedMessage=function(e){var t=e.data;if((t||t.secret||t.message||t.value)&&!\/[^a-zA-Z0-9]\/.test(t.secret)){for(var s,r,n,a=l.querySelectorAll('iframe[data-secret=\"'+t.secret+'\"]'),o=l.querySelectorAll('blockquote[data-secret=\"'+t.secret+'\"]'),c=new RegExp(\"^https?:$\",\"i\"),i=0;i<o.length;i++)o[i].style.display=\"none\";for(i=0;i<a.length;i++)s=a[i],e.source===s.contentWindow&&(s.removeAttribute(\"style\"),\"height\"===t.message?(1e3<(r=parseInt(t.value,10))?r=1e3:~~r<200&&(r=200),s.height=r):\"link\"===t.message&&(r=new URL(s.getAttribute(\"src\")),n=new URL(t.value),c.test(n.protocol))&&n.host===r.host&&l.activeElement===s&&(d.top.location.href=t.value))}},d.addEventListener(\"message\",d.wp.receiveEmbedMessage,!1),l.addEventListener(\"DOMContentLoaded\",function(){for(var e,t,s=l.querySelectorAll(\"iframe.wp-embedded-content\"),r=0;r<s.length;r++)(t=(e=s[r]).getAttribute(\"data-secret\"))||(t=Math.random().toString(36).substring(2,12),e.src+=\"#?secret=\"+t,e.setAttribute(\"data-secret\",t)),e.contentWindow.postMessage({message:\"ready\",secret:t},\"*\")},!1)))}(window,document);\n\/\/# sourceURL=https:\/\/denizcankizil.tr\/wp-includes\/js\/wp-embed.min.js\n<\/script>","description":"Antakya-\u0130skenderun karayolunda 19,2 kilometrelik otoyol projesinin Belen il\u00e7esindeki \u00e7al\u0131\u015fmalar\u0131 yerinde inceleyen Vali Masatl\u0131, otoyol \u00fczerinde bulunan 2 adet ve toplam 9 bin 500 metre uzunlu\u011fundaki t\u00fcnel \u00e7al\u0131\u015fmas\u0131n\u0131n gelinen sahfas\u0131yla ilgili bilgiler ald\u0131. Mega projeyle birlikte h\u0131zl\u0131, g\u00fcvenli ve konforlu ula\u015f\u0131m\u0131n sa\u011flanaca\u011f\u0131na dikkat \u00e7eken Vali Masatl\u0131, projenin en \u00f6nemli \u00f6zelli\u011finin \u015fimdiye kadar milli b\u00fct\u00e7eden yap\u0131lan en b\u00fcy\u00fck yat\u0131r\u0131mlardan biri oldu\u011funu vurgulayarak &#8220;Mega proje olarak adland\u0131rabilece\u011fimiz; \u0130skenderun-Topbo\u011faz\u0131 Otoyolu ve Antakya Ba\u011flant\u0131 Yolu ile \u0130skenderun-Belen-Topbo\u011faz\u0131 Devlet Yolu Projesi alan\u0131nday\u0131z. \u0130skenderun-Topbo\u011faz\u0131 Otoyolu&#8217;nun yap\u0131lmas\u0131 ile birlikte, ge\u00e7ilmesi olduk\u00e7a zor olan Amanos Da\u011flar\u0131 t\u00fcneller ile a\u015f\u0131larak Amik Ovas\u0131&#8217;na h\u0131zl\u0131, g\u00fcvenli ve konforlu eri\u015fim sa\u011flanm\u0131\u015f olacakt\u0131r\u201d diye konu\u015ftu. Otoyolun trafi\u011fe a\u00e7\u0131lmas\u0131 ile birlikte mevcut yoldaki trafik y\u00fck\u00fcn\u00fcn artaca\u011f\u0131na vurgu yapan Vali Masatl\u0131 \u201cBu sebeple proje kapsam\u0131nda Topbo\u011faz\u0131-Antakya Devlet Yolunun 2&#215;3 \u015feritli olacak \u015fekilde geni\u015fletilmesi ve 9 adet farkl\u0131 seviyeli kav\u015fak yap\u0131larak ula\u015f\u0131m\u0131n g\u00fcvenli ve h\u0131zl\u0131 yap\u0131lmas\u0131 sa\u011flanacakt\u0131r&#8221; dedi. Projenin 2026 y\u0131l\u0131 i\u00e7erisinde bitirilmesi bekleniyor. \u200bHatay&#8217;da, Amanos Da\u011flar\u0131&#8217;n\u0131 t\u00fcnellerle a\u015farak \u0130skenderun ve Antakya il\u00e7elerini otoyolla birbirine ba\u011flayacak olan mega projeye i\u015faret eden Vali Mustafa Masaltl\u0131, bu projenin milli b\u00fct\u00e7edeki en b\u00fcy\u00fck yat\u0131r\u0131mlardan biri oldu\u011funu s\u00f6yledi.\u00a0 \u200bHaberin Al\u0131nt\u0131land\u0131\u011f\u0131 Kaynak: www.iskenderun.org"}