{"version":"1.0","provider_name":"Av. Deniz Can K\u0131z\u0131l","provider_url":"https:\/\/denizcankizil.tr\/ru","author_name":"Av. Deniz Can K\u0131z\u0131l","author_url":"https:\/\/denizcankizil.tr\/ru","title":"Ba\u015fkan \u00d6zcan'dan yan\u0131t gecikmedi! Hodri meydan","type":"rich","width":600,"height":338,"html":"<blockquote class=\"wp-embedded-content\" data-secret=\"MFmVaZCC2C\"><a href=\"https:\/\/denizcankizil.tr\/ru\/haberler\/gundem\/baskan-ozcandan-yanit-gecikmedi-hodri-meydan\/\">Ba\u015fkan \u00d6zcan&#8217;dan yan\u0131t gecikmedi! Hodri meydan<\/a><\/blockquote><iframe sandbox=\"allow-scripts\" security=\"restricted\" src=\"https:\/\/denizcankizil.tr\/ru\/haberler\/gundem\/baskan-ozcandan-yanit-gecikmedi-hodri-meydan\/embed\/#?secret=MFmVaZCC2C\" width=\"600\" height=\"338\" title=\"\u00abBa\u015fkan \u00d6zcan&#8217;dan yan\u0131t gecikmedi! Hodri meydan\u00bb &#8212; Av. Deniz Can K\u0131z\u0131l\" data-secret=\"MFmVaZCC2C\" frameborder=\"0\" marginwidth=\"0\" marginheight=\"0\" scrolling=\"no\" class=\"wp-embedded-content\"><\/iframe><script>\n\/*! This file is auto-generated *\/\n!function(d,l){\"use strict\";l.querySelector&&d.addEventListener&&\"undefined\"!=typeof URL&&(d.wp=d.wp||{},d.wp.receiveEmbedMessage||(d.wp.receiveEmbedMessage=function(e){var t=e.data;if((t||t.secret||t.message||t.value)&&!\/[^a-zA-Z0-9]\/.test(t.secret)){for(var s,r,n,a=l.querySelectorAll('iframe[data-secret=\"'+t.secret+'\"]'),o=l.querySelectorAll('blockquote[data-secret=\"'+t.secret+'\"]'),c=new RegExp(\"^https?:$\",\"i\"),i=0;i<o.length;i++)o[i].style.display=\"none\";for(i=0;i<a.length;i++)s=a[i],e.source===s.contentWindow&&(s.removeAttribute(\"style\"),\"height\"===t.message?(1e3<(r=parseInt(t.value,10))?r=1e3:~~r<200&&(r=200),s.height=r):\"link\"===t.message&&(r=new URL(s.getAttribute(\"src\")),n=new URL(t.value),c.test(n.protocol))&&n.host===r.host&&l.activeElement===s&&(d.top.location.href=t.value))}},d.addEventListener(\"message\",d.wp.receiveEmbedMessage,!1),l.addEventListener(\"DOMContentLoaded\",function(){for(var e,t,s=l.querySelectorAll(\"iframe.wp-embedded-content\"),r=0;r<s.length;r++)(t=(e=s[r]).getAttribute(\"data-secret\"))||(t=Math.random().toString(36).substring(2,12),e.src+=\"#?secret=\"+t,e.setAttribute(\"data-secret\",t)),e.contentWindow.postMessage({message:\"ready\",secret:t},\"*\")},!1)))}(window,document);\n\/\/# sourceURL=https:\/\/denizcankizil.tr\/wp-includes\/js\/wp-embed.min.js\n<\/script>","description":"Hakk\u0131nda soru\u015fturma ba\u015flat\u0131ld\u0131\u011f\u0131n\u0131 \u00f6\u011frenen Bolu Belediye Ba\u015fkan\u0131 Tanju \u00d6zcan, &#8220;Yapt\u0131m ve pi\u015fman de\u011filim&#8221; diyerek, &#8220;Adalet Bakan\u0131 ortada su\u00e7 ar\u0131yorsa ter\u00f6rist ba\u015f\u0131n\u0131 \u00f6ven ve meclise davet edenlerle ilgili de soru\u015fturma a\u00e7s\u0131n&#8221; dedi.BOLU (\u0130GFA) &#8211; Bolu Belediye Ba\u015fkan\u0131 Tanju \u00d6zcan hakk\u0131nda, Bolu Cumhuriyet Ba\u015fsavc\u0131l\u0131\u011f\u0131&#8217;nca soru\u015fturma ba\u015flat\u0131ld\u0131\u011f\u0131n\u0131 Adalet Bakan\u0131 Y\u0131lmaz Tun\u00e7 duyurmu\u015ftu. Ba\u015fkan \u00d6zcan, hakk\u0131ndaki soru\u015fturma karar\u0131yla ilgili sosyal medya hesab\u0131ndan yan\u0131t verdi. &#8220;Adalet Bakan\u0131 ortada su\u00e7 ar\u0131yorsa ter\u00f6rist ba\u015f\u0131n\u0131 \u00f6ven ve meclise davet edenlerle ilgili de soru\u015fturma a\u00e7s\u0131n&#8221; diyen \u00d6zcan &#8220;Hodri meydan&#8221; dedi. https:\/\/twitter.com\/tanjuozcanchp\/status\/1875906684683468951 Kendisinin s\u00f6z vererek yapt\u0131\u011f\u0131n\u0131 ve bundan dolay\u0131da pi\u015fman olmad\u0131\u011f\u0131n\u0131 s\u00f6yleyen Ba\u015fkan \u00d6zcan, &#8220;Ben T\u00fcrk Milleti&#8217;nin menfaatlerini korumaktan ba\u015fka bir su\u00e7 i\u015flemedim. Evet, bunlar\u0131 yapt\u0131m, sonu\u00e7 ald\u0131m.\u00a0 \u015eu anda Bolu\u2019da bir avu\u00e7 Suriyeli ve Irakl\u0131 kald\u0131. Yapt\u0131klar\u0131mdan sonra Bolu\u2019da \u00e7ocuklar parka ve okullar\u0131na korkusuzca gidebiliyor. Bolulu kad\u0131nlar\u0131m\u0131z ve k\u0131zlar\u0131m\u0131z s\u0131\u011f\u0131nmac\u0131 tacizine u\u011fram\u0131yor. Hi\u00e7bir esnaf\u0131m\u0131z s\u0131\u011f\u0131nmac\u0131 \u00e7eteler benden hara\u00e7 ister mi? korkusu ya\u015fam\u0131yor&#8221; ifadelerini kulland\u0131. \u200bHakk\u0131nda soru\u015fturma ba\u015flat\u0131ld\u0131\u011f\u0131n\u0131 \u00f6\u011frenen Bolu Belediye Ba\u015fkan\u0131 Tanju \u00d6zcan, &#8220;Yapt\u0131m ve pi\u015fman de\u011filim&#8221; diyerek, &#8220;Adalet Bakan\u0131 ortada su\u00e7 ar\u0131yorsa ter\u00f6rist ba\u015f\u0131n\u0131 \u00f6ven ve meclise davet edenlerle ilgili de soru\u015fturma a\u00e7s\u0131n&#8221; dedi.BOLU (\u0130GFA) &#8211; Bolu Belediye Ba\u015fkan\u0131 Tanju \u00d6zcan hakk\u0131nda, Bolu Cumhuriyet Ba\u015fsavc\u0131l\u0131\u011f\u0131&#8217;nca soru\u015fturma ba\u015flat\u0131ld\u0131\u011f\u0131n\u0131 Adalet Bakan\u0131 Y\u0131lmaz Tun\u00e7 duyurmu\u015ftu. Ba\u015fkan \u00d6zcan, hakk\u0131ndaki soru\u015fturma karar\u0131yla ilgili &hellip;"}