{"version":"1.0","provider_name":"Av. Deniz Can K\u0131z\u0131l","provider_url":"https:\/\/denizcankizil.tr\/ru","author_name":"admin","author_url":"https:\/\/denizcankizil.tr\/ru\/author\/admin\/","title":"Ba\u015fkan \u00c7ankaya, emeklileri alana \u00e7a\u011f\u0131rd\u0131\u2026","type":"rich","width":600,"height":338,"html":"<blockquote class=\"wp-embedded-content\" data-secret=\"t6r32EKLBg\"><a href=\"https:\/\/denizcankizil.tr\/ru\/haberler\/gundem\/baskan-cankaya-emeklileri-alana-cagirdi\/\">Ba\u015fkan \u00c7ankaya, emeklileri alana \u00e7a\u011f\u0131rd\u0131\u2026<\/a><\/blockquote><iframe sandbox=\"allow-scripts\" security=\"restricted\" src=\"https:\/\/denizcankizil.tr\/ru\/haberler\/gundem\/baskan-cankaya-emeklileri-alana-cagirdi\/embed\/#?secret=t6r32EKLBg\" width=\"600\" height=\"338\" title=\"\u00abBa\u015fkan \u00c7ankaya, emeklileri alana \u00e7a\u011f\u0131rd\u0131\u2026\u00bb &#8212; Av. Deniz Can K\u0131z\u0131l\" data-secret=\"t6r32EKLBg\" frameborder=\"0\" marginwidth=\"0\" marginheight=\"0\" scrolling=\"no\" class=\"wp-embedded-content\"><\/iframe><script>\n\/*! This file is auto-generated *\/\n!function(d,l){\"use strict\";l.querySelector&&d.addEventListener&&\"undefined\"!=typeof URL&&(d.wp=d.wp||{},d.wp.receiveEmbedMessage||(d.wp.receiveEmbedMessage=function(e){var t=e.data;if((t||t.secret||t.message||t.value)&&!\/[^a-zA-Z0-9]\/.test(t.secret)){for(var s,r,n,a=l.querySelectorAll('iframe[data-secret=\"'+t.secret+'\"]'),o=l.querySelectorAll('blockquote[data-secret=\"'+t.secret+'\"]'),c=new RegExp(\"^https?:$\",\"i\"),i=0;i<o.length;i++)o[i].style.display=\"none\";for(i=0;i<a.length;i++)s=a[i],e.source===s.contentWindow&&(s.removeAttribute(\"style\"),\"height\"===t.message?(1e3<(r=parseInt(t.value,10))?r=1e3:~~r<200&&(r=200),s.height=r):\"link\"===t.message&&(r=new URL(s.getAttribute(\"src\")),n=new URL(t.value),c.test(n.protocol))&&n.host===r.host&&l.activeElement===s&&(d.top.location.href=t.value))}},d.addEventListener(\"message\",d.wp.receiveEmbedMessage,!1),l.addEventListener(\"DOMContentLoaded\",function(){for(var e,t,s=l.querySelectorAll(\"iframe.wp-embedded-content\"),r=0;r<s.length;r++)(t=(e=s[r]).getAttribute(\"data-secret\"))||(t=Math.random().toString(36).substring(2,12),e.src+=\"#?secret=\"+t,e.setAttribute(\"data-secret\",t)),e.contentWindow.postMessage({message:\"ready\",secret:t},\"*\")},!1)))}(window,document);\n\/\/# sourceURL=https:\/\/denizcankizil.tr\/wp-includes\/js\/wp-embed.min.js\n<\/script>","description":"Ger\u00e7ekle\u015ftirilen etkinli\u011fe siyasi parti temsilcileri, sivil toplum kurulu\u015flar\u0131 ve meslek odalar\u0131n\u0131n ba\u015fkanlar\u0131 da destek verdi. Cumhuriyet Halk Partisi (CHP) \u0130skenderun \u0130l\u00e7e Ba\u015fkan\u0131 H\u00fcseyin Derin ve y\u00f6netimi ile Demokrat Parti \u0130skenderun \u0130l\u00e7e Ba\u015fkan\u0131 Bilal Karaosman\u2019\u0131n kat\u0131l\u0131m sa\u011flad\u0131\u011f\u0131 a\u00e7\u0131klamada, 2021 T\u00fcm Emekliler Sendikas\u0131 \u0130skenderun \u015eube Ba\u015fkan\u0131 Mustafa \u00c7ankaya \u00f6nemli mesajlar verdi. \u201cEmekliler ve Emek\u00e7iler \u0130\u00e7in Onurlu Bir Ya\u015fam\u201d Mustafa \u00c7ankaya konu\u015fmas\u0131nda, sendika olarak temel taleplerine i\u015faret ederek \u201c2021 T\u00fcm Emekliler Sendikas\u0131 olarak bizler; emeklilere ve t\u00fcm emek\u00e7ilere insanl\u0131k onuruna yak\u0131\u015fan mutlu ve huzurlu bir ya\u015fam, \u00e7ocuklar\u0131m\u0131za ve torunlar\u0131m\u0131za sosyal g\u00fcvenceli ve g\u00fcvenli bir gelecek istiyoruz. Bunun i\u00e7in, \u00fclke \u00e7ap\u0131nda t\u00fcm emeklilerin ve emek\u00e7ilerin ortak ve birle\u015fik m\u00fccadelesini savunuyoruz\u201d dedi. \u00c7ankaya, 28 Haziran \u2013 5 Temmuz tarihleri aras\u0131nda sendikan\u0131n \u00fclke genelinde alanlara \u00e7\u0131karak bu talepler do\u011frultusunda etkinlikler ger\u00e7ekle\u015ftirece\u011fini belirtti. \u201cBirlik Olmazsak Daha Fazla Yoksulla\u015faca\u011f\u0131z\u201d A\u00e7\u0131klamada, emeklilerin bug\u00fcn ya\u015fad\u0131\u011f\u0131 sorunlar\u0131n, halen \u00e7al\u0131\u015fmakta olan i\u015f\u00e7ilerin ve memurlar\u0131n da gelecekte kar\u015f\u0131la\u015faca\u011f\u0131 tabloyu ortaya koydu\u011fu vurguland\u0131. Ortak m\u00fccadelenin ka\u00e7\u0131n\u0131lmaz oldu\u011funa dikkat \u00e7eken \u00c7ankaya, \u201cArt\u0131k bu g\u00fcnden sonra ya hep birlikte haklar\u0131m\u0131z ve gelece\u011fimiz i\u00e7in aya\u011fa kalkaca\u011f\u0131z ya da emekli ve emek\u00e7i d\u00fc\u015fman\u0131 iktidar\u0131n dayatt\u0131\u011f\u0131 a\u00e7l\u0131k s\u0131n\u0131r\u0131n\u0131n alt\u0131ndaki sefalet maa\u015flar\u0131yla ya\u015famaya devam edece\u011fiz. \u00dclkemizdeki \u00e7al\u0131\u015fanlar\u0131n ya\u015fam standartlar\u0131 ve \u00e7al\u0131\u015fma ko\u015fullar\u0131 giderek geriliyor. \u0130\u015f\u00e7iler g\u00fcvencesiz, sigortas\u0131z ve sendikas\u0131z \u00e7al\u0131\u015ft\u0131r\u0131l\u0131yor. &hellip;"}