{"version":"1.0","provider_name":"Av. Deniz Can K\u0131z\u0131l","provider_url":"https:\/\/denizcankizil.tr\/ru","author_name":"Antalya K\u00f6rfez","author_url":"https:\/\/denizcankizil.tr\/ru\/author\/www-antalyakorfez-com\/","title":"Ba\u015fkan B\u00f6cek\u2019in yerine vekalet edecek isim belli oldu","type":"rich","width":600,"height":338,"html":"<blockquote class=\"wp-embedded-content\" data-secret=\"vKC5qKLq6q\"><a href=\"https:\/\/denizcankizil.tr\/ru\/haberler\/gundem\/baskan-bocekin-yerine-vekalet-edecek-isim-belli-oldu\/\">Ba\u015fkan B\u00f6cek\u2019in yerine vekalet edecek isim belli oldu<\/a><\/blockquote><iframe sandbox=\"allow-scripts\" security=\"restricted\" src=\"https:\/\/denizcankizil.tr\/ru\/haberler\/gundem\/baskan-bocekin-yerine-vekalet-edecek-isim-belli-oldu\/embed\/#?secret=vKC5qKLq6q\" width=\"600\" height=\"338\" title=\"\u00abBa\u015fkan B\u00f6cek\u2019in yerine vekalet edecek isim belli oldu\u00bb &#8212; Av. Deniz Can K\u0131z\u0131l\" data-secret=\"vKC5qKLq6q\" frameborder=\"0\" marginwidth=\"0\" marginheight=\"0\" scrolling=\"no\" class=\"wp-embedded-content\"><\/iframe><script>\n\/*! This file is auto-generated *\/\n!function(d,l){\"use strict\";l.querySelector&&d.addEventListener&&\"undefined\"!=typeof URL&&(d.wp=d.wp||{},d.wp.receiveEmbedMessage||(d.wp.receiveEmbedMessage=function(e){var t=e.data;if((t||t.secret||t.message||t.value)&&!\/[^a-zA-Z0-9]\/.test(t.secret)){for(var s,r,n,a=l.querySelectorAll('iframe[data-secret=\"'+t.secret+'\"]'),o=l.querySelectorAll('blockquote[data-secret=\"'+t.secret+'\"]'),c=new RegExp(\"^https?:$\",\"i\"),i=0;i<o.length;i++)o[i].style.display=\"none\";for(i=0;i<a.length;i++)s=a[i],e.source===s.contentWindow&&(s.removeAttribute(\"style\"),\"height\"===t.message?(1e3<(r=parseInt(t.value,10))?r=1e3:~~r<200&&(r=200),s.height=r):\"link\"===t.message&&(r=new URL(s.getAttribute(\"src\")),n=new URL(t.value),c.test(n.protocol))&&n.host===r.host&&l.activeElement===s&&(d.top.location.href=t.value))}},d.addEventListener(\"message\",d.wp.receiveEmbedMessage,!1),l.addEventListener(\"DOMContentLoaded\",function(){for(var e,t,s=l.querySelectorAll(\"iframe.wp-embedded-content\"),r=0;r<s.length;r++)(t=(e=s[r]).getAttribute(\"data-secret\"))||(t=Math.random().toString(36).substring(2,12),e.src+=\"#?secret=\"+t,e.setAttribute(\"data-secret\",t)),e.contentWindow.postMessage({message:\"ready\",secret:t},\"*\")},!1)))}(window,document);\n\/\/# sourceURL=https:\/\/denizcankizil.tr\/wp-includes\/js\/wp-embed.min.js\n<\/script>","description":"Antalya B\u00fcy\u00fck\u015fehir Belediye Ba\u015fkan\u0131 Muhittin B\u00f6cek\u2019in tutuklanmas\u0131n\u0131n ard\u0131ndan ba\u015fkanvekilli\u011fi g\u00f6revine Antalya B\u00fcy\u00fck\u015fehir Belediyesi CHP Grup Ba\u015fkanvekili ve Kepez Meclis \u00dcyesi B\u00fc\u015fra \u00d6zdemir getirilece\u011fi \u00f6\u011frenildi. MUH\u0130TT\u0130N B\u00d6CEK&#8217;\u0130N YER\u0130NE O \u0130S\u0130M GELD\u0130 5 Temmuz 2025 Cumartesi g\u00fcn\u00fc Antalya B\u00fcy\u00fck\u015fehir Belediye Ba\u015fkan\u0131 Muhittin B\u00f6cek\u2019in tutuklanmas\u0131 sonras\u0131 bo\u015falan ba\u015fkanl\u0131k makam\u0131na vekalet edecek isim belli oldu. CHP Antalya \u0130l Ba\u015fkanl\u0131\u011f\u0131, B\u00f6cek\u2019in yoklu\u011funda ba\u015fkanvekilli\u011fi g\u00f6revini CHP Antalya B\u00fcy\u00fck\u015fehir Belediyesi Grup Ba\u015fkanvekili ve Kepez Belediye Meclis \u00dcyesi B\u00fc\u015fra \u00d6zdemir\u2019in y\u00fcr\u00fctece\u011fini \u00f6\u011frenildi. \u200bAntalya B\u00fcy\u00fck\u015fehir Belediye Ba\u015fkan\u0131 Muhittin B\u00f6cek\u2019in tutuklanmas\u0131 sonras\u0131 bo\u015falan ba\u015fkanl\u0131k makam\u0131na vekalet edecek isim belli oldu.\u00a0 \u200bHaberin Al\u0131nt\u0131land\u0131\u011f\u0131 Kaynak: www.antalyakorfez.com"}