{"version":"1.0","provider_name":"Av. Deniz Can K\u0131z\u0131l","provider_url":"https:\/\/denizcankizil.tr\/ru","author_name":"Av. Deniz Can K\u0131z\u0131l","author_url":"https:\/\/denizcankizil.tr\/ru","title":"Ba\u015fkan B\u00f6cek: Huzur dolu bir y\u0131l diliyoruz","type":"rich","width":600,"height":338,"html":"<blockquote class=\"wp-embedded-content\" data-secret=\"I1uVzKjlKC\"><a href=\"https:\/\/denizcankizil.tr\/ru\/haberler\/gundem\/baskan-bocek-huzur-dolu-bir-yil-diliyoruz\/\">Ba\u015fkan B\u00f6cek: Huzur dolu bir y\u0131l diliyoruz<\/a><\/blockquote><iframe sandbox=\"allow-scripts\" security=\"restricted\" src=\"https:\/\/denizcankizil.tr\/ru\/haberler\/gundem\/baskan-bocek-huzur-dolu-bir-yil-diliyoruz\/embed\/#?secret=I1uVzKjlKC\" width=\"600\" height=\"338\" title=\"\u00abBa\u015fkan B\u00f6cek: Huzur dolu bir y\u0131l diliyoruz\u00bb &#8212; Av. Deniz Can K\u0131z\u0131l\" data-secret=\"I1uVzKjlKC\" frameborder=\"0\" marginwidth=\"0\" marginheight=\"0\" scrolling=\"no\" class=\"wp-embedded-content\"><\/iframe><script>\n\/*! This file is auto-generated *\/\n!function(d,l){\"use strict\";l.querySelector&&d.addEventListener&&\"undefined\"!=typeof URL&&(d.wp=d.wp||{},d.wp.receiveEmbedMessage||(d.wp.receiveEmbedMessage=function(e){var t=e.data;if((t||t.secret||t.message||t.value)&&!\/[^a-zA-Z0-9]\/.test(t.secret)){for(var s,r,n,a=l.querySelectorAll('iframe[data-secret=\"'+t.secret+'\"]'),o=l.querySelectorAll('blockquote[data-secret=\"'+t.secret+'\"]'),c=new RegExp(\"^https?:$\",\"i\"),i=0;i<o.length;i++)o[i].style.display=\"none\";for(i=0;i<a.length;i++)s=a[i],e.source===s.contentWindow&&(s.removeAttribute(\"style\"),\"height\"===t.message?(1e3<(r=parseInt(t.value,10))?r=1e3:~~r<200&&(r=200),s.height=r):\"link\"===t.message&&(r=new URL(s.getAttribute(\"src\")),n=new URL(t.value),c.test(n.protocol))&&n.host===r.host&&l.activeElement===s&&(d.top.location.href=t.value))}},d.addEventListener(\"message\",d.wp.receiveEmbedMessage,!1),l.addEventListener(\"DOMContentLoaded\",function(){for(var e,t,s=l.querySelectorAll(\"iframe.wp-embedded-content\"),r=0;r<s.length;r++)(t=(e=s[r]).getAttribute(\"data-secret\"))||(t=Math.random().toString(36).substring(2,12),e.src+=\"#?secret=\"+t,e.setAttribute(\"data-secret\",t)),e.contentWindow.postMessage({message:\"ready\",secret:t},\"*\")},!1)))}(window,document);\n\/\/# sourceURL=https:\/\/denizcankizil.tr\/wp-includes\/js\/wp-embed.min.js\n<\/script>","description":"Antalya B\u00fcy\u00fck\u015fehir Belediye Ba\u015fkan\u0131 Muhittin B\u00f6cek, yeni y\u0131l dolay\u0131s\u0131yla bir mesaj yay\u0131nlad\u0131. B\u00f6cek, mesaj\u0131nda 2024 y\u0131l\u0131n\u0131n Antalya i\u00e7in bir gurur y\u0131l\u0131 oldu\u011funu kaydetti.\u00a0 HER K\u00d6\u015eEYE H\u0130ZMET ETME KARARLILI\u011eI Antalya B\u00fcy\u00fck\u015fehir Belediyesi&#8217;ni \u00fcst \u00fcste iki d\u00f6nem kazanarak bir ilki ba\u015fard\u0131klar\u0131n\u0131 hat\u0131rlatan B\u00f6cek, \u201cBu yaln\u0131zca bir se\u00e7im ba\u015far\u0131s\u0131 de\u011fil, halk\u0131m\u0131za duydu\u011fumuz sevgi, ba\u011fl\u0131l\u0131k ve sizlerin g\u00fcveniyle g\u00fc\u00e7lenen ortak iradenin en somut g\u00f6stergesidir. Bu topraklara hizmet etme sevdam\u0131z, Antalya&#8217;n\u0131n her bir k\u00f6\u015fesine ula\u015fma kararl\u0131l\u0131\u011f\u0131m\u0131zla birle\u015fti. Bug\u00fcne kadar oldu\u011fu gibi bundan sonra da tek bir \u00f6nceli\u011fimiz olacak: Halk\u0131m\u0131z\u0131n mutlulu\u011fu ve refah\u0131. Antalya&#8217;m\u0131z i\u00e7in verdi\u011fimiz s\u00f6zleri tutmak, bu g\u00fczel \u015fehri daha da ileri ta\u015f\u0131mak i\u00e7in durmadan, yorulmadan \u00e7al\u0131\u015fmaya devam edece\u011fiz\u201d ifadesini kulland\u0131.\u00a0 HERKES\u0130N BA\u015eKANI OLMAYA DEVAM EDECE\u011e\u0130M 2025 y\u0131l\u0131n\u0131n kad\u0131nlar\u0131n \u015fiddetten uzak oldu\u011fu, \u00e7ocuklar\u0131n istismar edilmedi\u011fi, gen\u00e7lerin gelecek hayallerini kurabildi\u011fi, emeklilerin huzurla ya\u015fad\u0131\u011f\u0131 bir y\u0131l olmas\u0131n\u0131 dileyen B\u00f6cek, mesaj\u0131nda \u015funlar\u0131 kaydetti: \u201cBu u\u011furda m\u00fccadelemize kararl\u0131l\u0131kla devam edece\u011fiz. Sizlere bir kez daha s\u00f6z veriyorum. Herkesin ba\u015fkan\u0131 olmaktan bir an olsun vazge\u00e7meyece\u011fim. 2025&#8217;te de Mustafa Kemal Atat\u00fcrk&#8217;\u00fcn \u2018Hi\u00e7 \u015f\u00fcphesiz ki d\u00fcnyan\u0131n en g\u00fczel yeridir\u2019 dedi\u011fi Cumhuriyet&#8217;in \u00f6rnek \u015fehri Antalya&#8217;m\u0131za, Antalyal\u0131lara hizmet etmeye devam edece\u011fiz. Yeni y\u0131l\u0131n Antalya&#8217;m\u0131za, \u00fclkemize, t\u00fcm d\u00fcnyaya sa\u011fl\u0131k, mutluluk, huzur ve bar\u0131\u015f dolu g\u00fczel g\u00fcnler getirmesini ve umutlar\u0131n ger\u00e7ekle\u015fti\u011fi bir y\u0131l olmas\u0131n\u0131 diliyor, yeni &hellip;"}