{"version":"1.0","provider_name":"Av. Deniz Can K\u0131z\u0131l","provider_url":"https:\/\/denizcankizil.tr\/ru","author_name":"admin","author_url":"https:\/\/denizcankizil.tr\/ru\/author\/admin\/","title":"Bal\u0131kesir B\u00fcy\u00fck\u015fehir'de \u00f6nemli atama","type":"rich","width":600,"height":338,"html":"<blockquote class=\"wp-embedded-content\" data-secret=\"6TchOAa555\"><a href=\"https:\/\/denizcankizil.tr\/ru\/haberler\/gundem\/balikesir-buyuksehirde-onemli-atama\/\">Bal\u0131kesir B\u00fcy\u00fck\u015fehir&#8217;de \u00f6nemli atama<\/a><\/blockquote><iframe sandbox=\"allow-scripts\" security=\"restricted\" src=\"https:\/\/denizcankizil.tr\/ru\/haberler\/gundem\/balikesir-buyuksehirde-onemli-atama\/embed\/#?secret=6TchOAa555\" width=\"600\" height=\"338\" title=\"\u00abBal\u0131kesir B\u00fcy\u00fck\u015fehir&#8217;de \u00f6nemli atama\u00bb &#8212; Av. Deniz Can K\u0131z\u0131l\" data-secret=\"6TchOAa555\" frameborder=\"0\" marginwidth=\"0\" marginheight=\"0\" scrolling=\"no\" class=\"wp-embedded-content\"><\/iframe><script>\n\/*! This file is auto-generated *\/\n!function(d,l){\"use strict\";l.querySelector&&d.addEventListener&&\"undefined\"!=typeof URL&&(d.wp=d.wp||{},d.wp.receiveEmbedMessage||(d.wp.receiveEmbedMessage=function(e){var t=e.data;if((t||t.secret||t.message||t.value)&&!\/[^a-zA-Z0-9]\/.test(t.secret)){for(var s,r,n,a=l.querySelectorAll('iframe[data-secret=\"'+t.secret+'\"]'),o=l.querySelectorAll('blockquote[data-secret=\"'+t.secret+'\"]'),c=new RegExp(\"^https?:$\",\"i\"),i=0;i<o.length;i++)o[i].style.display=\"none\";for(i=0;i<a.length;i++)s=a[i],e.source===s.contentWindow&&(s.removeAttribute(\"style\"),\"height\"===t.message?(1e3<(r=parseInt(t.value,10))?r=1e3:~~r<200&&(r=200),s.height=r):\"link\"===t.message&&(r=new URL(s.getAttribute(\"src\")),n=new URL(t.value),c.test(n.protocol))&&n.host===r.host&&l.activeElement===s&&(d.top.location.href=t.value))}},d.addEventListener(\"message\",d.wp.receiveEmbedMessage,!1),l.addEventListener(\"DOMContentLoaded\",function(){for(var e,t,s=l.querySelectorAll(\"iframe.wp-embedded-content\"),r=0;r<s.length;r++)(t=(e=s[r]).getAttribute(\"data-secret\"))||(t=Math.random().toString(36).substring(2,12),e.src+=\"#?secret=\"+t,e.setAttribute(\"data-secret\",t)),e.contentWindow.postMessage({message:\"ready\",secret:t},\"*\")},!1)))}(window,document);\n\/\/# sourceURL=https:\/\/denizcankizil.tr\/wp-includes\/js\/wp-embed.min.js\n<\/script>","description":"Bal\u0131kesir B\u00fcy\u00fck\u015fehir Belediyesi Bas\u0131n Yay\u0131n ve Halkla \u0130li\u015fkiler Dairesi Ba\u015fkanl\u0131\u011f\u0131&#8217;na Mutlu Tanr\u0131kulu getirildi.BALIKES\u0130R (\u0130GFA) &#8211; BASK\u0130 Genel M\u00fcd\u00fcrl\u00fc\u011f\u00fc\u2019nde Destek Hizmetleri Dairesi Ba\u015fkan\u0131 olan Mutlu Tanr\u0131kulu B\u00fcy\u00fck\u015fehir Belediye Ba\u015fkan\u0131 Ahmet Ak\u0131n\u2019\u0131n onay\u0131 ile Bas\u0131n Yay\u0131n ve Halkla \u0130li\u015fkiler Dairesi Ba\u015fkan\u0131 oldu.\u00a0 MUTLU TANRIKULU K\u0130MD\u0130R? \u0130lk ve Orta \u00d6\u011frenimini Bal\u0131kesir\u2019de tamamlad\u0131. Sa\u011fl\u0131k Kurumlar\u0131 \u0130\u015fletmecili\u011fi \u00d6n Lisans\u0131 ve \u0130\u015fletme Fak\u00fcltesi lisans\u0131 sahibi olan Tanr\u0131kulu, 1998-2004 y\u0131llar\u0131 aras\u0131nda TSK\u2019da g\u00f6rev yapt\u0131.2004-2009 y\u0131llar\u0131 aras\u0131nda Bal\u0131kesir Belediyesi \u00d6zel Kalem M\u00fcd\u00fcrl\u00fc\u011f\u00fcnde g\u00f6rev yapan Tanr\u0131kulu \u00f6nceki d\u00f6nem Bal\u0131kesir Belediye Ba\u015fkanlar\u0131ndan Sabri U\u011fur\u2019un yak\u0131n korumal\u0131\u011f\u0131n\u0131 yapm\u0131\u015ft\u0131.2009-2017 y\u0131llar\u0131 aras\u0131nda Bal\u0131kesir \u00dcniversitesi Sa\u011fl\u0131k Uygulama ve Ara\u015ft\u0131rma Merkezinde;. Proje liderli\u011fi,. Hastane \u0130dare Amirli\u011fi. Hastane M\u00fcd\u00fcr Yard\u0131mc\u0131l\u0131\u011f\u0131 g\u00f6revlerinde bulundu.2017\u2019de Bal\u0131kesir B\u00fcy\u00fck\u015fehir Belediyesi\u2019ne ge\u00e7i\u015f yapan Mutlu Tanr\u0131kulu 2017-2019 y\u0131llar\u0131 aras\u0131nda;.Yayg\u0131n E\u011fitim ve Konservatuvar \u015eube M\u00fcd\u00fcrl\u00fc\u011f\u00fc,. Bas\u0131n ve Halkla \u0130li\u015fkiler \u015eube M\u00fcd\u00fcrl\u00fc\u011f\u00fc,. K\u00fclt\u00fcr ve Sosyal Etkinlikler \u015eube M\u00fcd\u00fcrl\u00fc\u011f\u00fc. Muhtarl\u0131k \u0130\u015fleri Daire Ba\u015fkan Vekilli\u011fi g\u00f6revlerinde bulundu.2021 Ekim ay\u0131 itibariyle BASK\u0130 Genel M\u00fcd\u00fcrl\u00fc\u011f\u00fcnde daire ba\u015fkan\u0131 olarak g\u00f6rev yapan Mutlu Tanr\u0131kulu, B\u00fcy\u00fck\u015fehir Belediye Ba\u015fkan\u0131 Ahmet Ak\u0131n taraf\u0131ndan Bas\u0131n Yay\u0131n ve Halkla \u0130li\u015fkiler Dairesi Ba\u015fkan\u0131 olarak atand\u0131. Tanr\u0131kulu, evli ve bir \u00e7ocuk babas\u0131d\u0131r. \u200bBal\u0131kesir B\u00fcy\u00fck\u015fehir Belediyesi Bas\u0131n Yay\u0131n ve Halkla \u0130li\u015fkiler Dairesi Ba\u015fkanl\u0131\u011f\u0131&#8217;na Mutlu Tanr\u0131kulu getirildi.BALIKES\u0130R (\u0130GFA) &#8211; BASK\u0130 Genel M\u00fcd\u00fcrl\u00fc\u011f\u00fc\u2019nde Destek Hizmetleri Dairesi Ba\u015fkan\u0131 olan Mutlu Tanr\u0131kulu B\u00fcy\u00fck\u015fehir &hellip;"}