{"version":"1.0","provider_name":"Av. Deniz Can K\u0131z\u0131l","provider_url":"https:\/\/denizcankizil.tr\/ru","author_name":"admin","author_url":"https:\/\/denizcankizil.tr\/ru\/author\/admin\/","title":"Bakan Kac\u0131r Konya Sel\u00e7uklu Belediyesi'ni ziyaret etti","type":"rich","width":600,"height":338,"html":"<blockquote class=\"wp-embedded-content\" data-secret=\"m1bIu0nrcH\"><a href=\"https:\/\/denizcankizil.tr\/ru\/haberler\/gundem\/bakan-kacir-konya-selcuklu-belediyesini-ziyaret-etti\/\">Bakan Kac\u0131r Konya Sel\u00e7uklu Belediyesi&#8217;ni ziyaret etti<\/a><\/blockquote><iframe sandbox=\"allow-scripts\" security=\"restricted\" src=\"https:\/\/denizcankizil.tr\/ru\/haberler\/gundem\/bakan-kacir-konya-selcuklu-belediyesini-ziyaret-etti\/embed\/#?secret=m1bIu0nrcH\" width=\"600\" height=\"338\" title=\"\u00abBakan Kac\u0131r Konya Sel\u00e7uklu Belediyesi&#8217;ni ziyaret etti\u00bb &#8212; Av. Deniz Can K\u0131z\u0131l\" data-secret=\"m1bIu0nrcH\" frameborder=\"0\" marginwidth=\"0\" marginheight=\"0\" scrolling=\"no\" class=\"wp-embedded-content\"><\/iframe><script>\n\/*! This file is auto-generated *\/\n!function(d,l){\"use strict\";l.querySelector&&d.addEventListener&&\"undefined\"!=typeof URL&&(d.wp=d.wp||{},d.wp.receiveEmbedMessage||(d.wp.receiveEmbedMessage=function(e){var t=e.data;if((t||t.secret||t.message||t.value)&&!\/[^a-zA-Z0-9]\/.test(t.secret)){for(var s,r,n,a=l.querySelectorAll('iframe[data-secret=\"'+t.secret+'\"]'),o=l.querySelectorAll('blockquote[data-secret=\"'+t.secret+'\"]'),c=new RegExp(\"^https?:$\",\"i\"),i=0;i<o.length;i++)o[i].style.display=\"none\";for(i=0;i<a.length;i++)s=a[i],e.source===s.contentWindow&&(s.removeAttribute(\"style\"),\"height\"===t.message?(1e3<(r=parseInt(t.value,10))?r=1e3:~~r<200&&(r=200),s.height=r):\"link\"===t.message&&(r=new URL(s.getAttribute(\"src\")),n=new URL(t.value),c.test(n.protocol))&&n.host===r.host&&l.activeElement===s&&(d.top.location.href=t.value))}},d.addEventListener(\"message\",d.wp.receiveEmbedMessage,!1),l.addEventListener(\"DOMContentLoaded\",function(){for(var e,t,s=l.querySelectorAll(\"iframe.wp-embedded-content\"),r=0;r<s.length;r++)(t=(e=s[r]).getAttribute(\"data-secret\"))||(t=Math.random().toString(36).substring(2,12),e.src+=\"#?secret=\"+t,e.setAttribute(\"data-secret\",t)),e.contentWindow.postMessage({message:\"ready\",secret:t},\"*\")},!1)))}(window,document);\n\/\/# sourceURL=https:\/\/denizcankizil.tr\/wp-includes\/js\/wp-embed.min.js\n<\/script>","description":"Ekonomi Koordinasyon Kurulu Toplant\u0131s\u0131\u2019na kat\u0131lmak i\u00e7in Konya\u2019ya gelen Sanayi ve Teknoloji Bakan\u0131 Mehmet Fatih Kac\u0131r Sel\u00e7uklu Belediyesi\u2019ni ziyaret etti.KONYA (\u0130GFA) &#8211;\u00a0Sanayi ve Teknoloji Bakan\u0131 Mehmet Fatih Kac\u0131r, Cumhurba\u015fkan\u0131 Yard\u0131mc\u0131s\u0131 Cevdet Y\u0131lmaz ba\u015fkanl\u0131\u011f\u0131nda ger\u00e7ekle\u015ftirilecek Ekonomi Koordinasyon Kurulu Toplant\u0131s\u0131\u2019na kat\u0131lmak i\u00e7in Konya&#8217;ya geldi. Konya protokol\u00fc taraf\u0131ndan Sel\u00e7uklu Tren Gar\u0131\u2019nda Konya\u2019ya gelen di\u011fer bakanlarla birlikte kar\u015f\u0131lanan Bakan Kac\u0131r daha sonra ziyaret ve g\u00f6r\u00fc\u015fmelerini ger\u00e7ekle\u015ftirmek i\u00e7in Sel\u00e7uklu Belediyesi\u2019ne ge\u00e7ti. Sel\u00e7uklu Belediye Ba\u015fkan\u0131 Ahmet Pekyat\u0131rmac\u0131 ve di\u011fer belediye yetkilileri taraf\u0131ndan kar\u015f\u0131lanan Bakan Kac\u0131r\u2019a ziyarette AKPartiKonya Milletvekilleri Ziya Altunyald\u0131z ve Mustafa Hakan \u00d6zer, Sanayi ve Teknoloji Bakan Yard\u0131mc\u0131lar\u0131 Oru\u00e7 Baba \u0130nan ve Zekeriya Co\u015ftu, Enerji ve Tabii Kaynaklar Bakan Yard\u0131mc\u0131s\u0131 Zafer Demircan da e\u015flik etti. AK Parti Sel\u00e7uklu \u0130l\u00e7e Ba\u015fkan\u0131 Arif Ba\u011fc\u0131, Sel\u00e7uklu Kaymakam\u0131 Eflatun Can Tortop, Ilg\u0131n, \ufeff\ufeffKad\u0131nhan\u0131, \ufeffDo\u011fanhisar, Yunak ve \u00c7eltik Belediye Ba\u015fkanlar\u0131n\u0131n da haz\u0131r bulundu\u011fu programda Bakan Kac\u0131r, Sel\u00e7uklu Belediyesi taraf\u0131ndan il\u00e7eye kazand\u0131r\u0131lan yat\u0131r\u0131m ve projeler hakk\u0131nda Ba\u015fkan Pekyat\u0131rmac\u0131\u2019danbilgiler ald\u0131. Konya\u2019da bulunmaktan duydu\u011fu memnuniyeti ifade eden Bakan Kac\u0131rev sahipli\u011finden dolay\u0131 Ba\u015fkan Ahmet Pekyat\u0131rmac\u0131\u2019ya te\u015fekk\u00fcr etti. Sel\u00e7uklu Belediyesi an\u0131 defterini de imzalayan Bakan Kac\u0131r\u2019a ziyarette Ba\u015fkan Pekyat\u0131rmac\u0131 taraf\u0131ndan Sel\u00e7uklu \u00c7ini Eseri takdim etti. Cuma Namaz\u0131n\u0131 Sel\u00e7uklu Merkez Camii\u2019nde k\u0131lan Bakan Kac\u0131r ve Ba\u015fkan Pekyat\u0131rmac\u0131, namaz sonras\u0131 vatanda\u015flarla g\u00f6r\u00fc\u015ft\u00fc. \u200bEkonomi Koordinasyon Kurulu Toplant\u0131s\u0131\u2019na kat\u0131lmak i\u00e7in &hellip;"}