{"version":"1.0","provider_name":"Av. Deniz Can K\u0131z\u0131l","provider_url":"https:\/\/denizcankizil.tr\/ru","author_name":"admin","author_url":"https:\/\/denizcankizil.tr\/ru\/author\/admin\/","title":"ASDEP Uzmanlar\u0131 Aile Y\u0131l\u0131 Vizyonunu \u015eekillendiriyor!","type":"rich","width":600,"height":338,"html":"<blockquote class=\"wp-embedded-content\" data-secret=\"NESss4m1OJ\"><a href=\"https:\/\/denizcankizil.tr\/ru\/haberler\/gundem\/asdep-uzmanlari-aile-yili-vizyonunu-sekillendiriyor\/\">ASDEP Uzmanlar\u0131 Aile Y\u0131l\u0131 Vizyonunu \u015eekillendiriyor!<\/a><\/blockquote><iframe sandbox=\"allow-scripts\" security=\"restricted\" src=\"https:\/\/denizcankizil.tr\/ru\/haberler\/gundem\/asdep-uzmanlari-aile-yili-vizyonunu-sekillendiriyor\/embed\/#?secret=NESss4m1OJ\" width=\"600\" height=\"338\" title=\"\u00abASDEP Uzmanlar\u0131 Aile Y\u0131l\u0131 Vizyonunu \u015eekillendiriyor!\u00bb &#8212; Av. Deniz Can K\u0131z\u0131l\" data-secret=\"NESss4m1OJ\" frameborder=\"0\" marginwidth=\"0\" marginheight=\"0\" scrolling=\"no\" class=\"wp-embedded-content\"><\/iframe><script>\n\/*! This file is auto-generated *\/\n!function(d,l){\"use strict\";l.querySelector&&d.addEventListener&&\"undefined\"!=typeof URL&&(d.wp=d.wp||{},d.wp.receiveEmbedMessage||(d.wp.receiveEmbedMessage=function(e){var t=e.data;if((t||t.secret||t.message||t.value)&&!\/[^a-zA-Z0-9]\/.test(t.secret)){for(var s,r,n,a=l.querySelectorAll('iframe[data-secret=\"'+t.secret+'\"]'),o=l.querySelectorAll('blockquote[data-secret=\"'+t.secret+'\"]'),c=new RegExp(\"^https?:$\",\"i\"),i=0;i<o.length;i++)o[i].style.display=\"none\";for(i=0;i<a.length;i++)s=a[i],e.source===s.contentWindow&&(s.removeAttribute(\"style\"),\"height\"===t.message?(1e3<(r=parseInt(t.value,10))?r=1e3:~~r<200&&(r=200),s.height=r):\"link\"===t.message&&(r=new URL(s.getAttribute(\"src\")),n=new URL(t.value),c.test(n.protocol))&&n.host===r.host&&l.activeElement===s&&(d.top.location.href=t.value))}},d.addEventListener(\"message\",d.wp.receiveEmbedMessage,!1),l.addEventListener(\"DOMContentLoaded\",function(){for(var e,t,s=l.querySelectorAll(\"iframe.wp-embedded-content\"),r=0;r<s.length;r++)(t=(e=s[r]).getAttribute(\"data-secret\"))||(t=Math.random().toString(36).substring(2,12),e.src+=\"#?secret=\"+t,e.setAttribute(\"data-secret\",t)),e.contentWindow.postMessage({message:\"ready\",secret:t},\"*\")},!1)))}(window,document);\n\/\/# sourceURL=https:\/\/denizcankizil.tr\/wp-includes\/js\/wp-embed.min.js\n<\/script>","description":"Bakanl\u0131k hizmet politikalar\u0131na katk\u0131 sunmak, toplumsal fark\u0131ndal\u0131k ve meslek temsiliyeti sa\u011flamak ad\u0131na kurduklar\u0131 ASDEP-DER, (Aile Sosyal Destek Program\u0131) Personeli Derne\u011fi \u00e7at\u0131s\u0131 alt\u0131nda \u00e7al\u0131\u015fmalara ba\u015fland\u0131. \u0130skenderun Sosyal Hizmetlerden Sosyolog Necdet Bilirer\u2019in de Genel Sekreterli\u011fini \u00fcstlendi\u011fi, ASDEP-DER, KADEM (Kad\u0131n ve Demokrasi Derne\u011fi) Y\u00f6netim Kurulu \u00dcyesi Dr. Esra \u00d6zdil G\u00fcm\u00fc\u015f&#8217;\u00fc a\u011f\u0131rlad\u0131\u011f\u0131 \u00e7evrimi\u00e7i s\u00f6yle\u015fiyle, &#8220;T\u00fcrkiye Y\u00fczy\u0131l\u0131nda 2025 Aile Y\u0131l\u0131 Vizyonunun Anlam\u0131 ve \u00d6nemi&#8221; konusunu g\u00fcndeme ta\u015f\u0131d\u0131. ASDEP: A\u0130LEN\u0130N HER Y\u00d6N\u00dcNE DOKUNAN MULT\u0130D\u0130S\u0130PL\u0130NER UZMANLIK\u2026 \u0130skenderun\u2019dan Sosyolog Necdet Bilirer\u2019in moderat\u00f6rl\u00fc\u011f\u00fcndeki \u00e7evrim i\u00e7i s\u00f6yle\u015fide, ASDEP&#8217;in g\u00fcc\u00fcn\u00fcn, b\u00fcnyesinde bar\u0131nd\u0131rd\u0131\u011f\u0131 sosyal hizmet uzman\u0131, psikolog, sosyolog, psikolojik dan\u0131\u015fman, \u00e7ocuk geli\u015fimcisi ve aile ve t\u00fcketici ekonomisti gibi farkl\u0131 bran\u015flardan gelen nitelikli uzmanlardan geldi\u011fi belirterek \u015funlar\u0131 kaydedildi: \u201cBu \u00e7ok y\u00f6nl\u00fc kadro, ailelerin ve \u00f6zellikle k\u0131r\u0131lgan gruplar\u0131n ihtiya\u00e7lar\u0131na b\u00fct\u00fcnc\u00fcl bir yakla\u015f\u0131mla, do\u011frudan sahada \u00e7\u00f6z\u00fcm \u00fcretiyor. Onlar\u0131n \u00f6zverili gayretleri, ailelerin kar\u015f\u0131la\u015ft\u0131\u011f\u0131 sorunlara \u00e7\u00f6z\u00fcm bulurken, ayn\u0131 zamanda onlar\u0131 toplumsal hayata daha g\u00fc\u00e7l\u00fc bir \u015fekilde dahil etmeyi ama\u00e7l\u0131yor. ASDEP uzmanlar\u0131, T\u00fcrkiye Y\u00fczy\u0131l\u0131 medeniyet tasavvurunun temel harc\u0131 olan ailenin sa\u011flam temeller \u00fczerine in\u015fa edilmesinde kilit bir rol \u00fcstleniyor\u2026\u201d S\u00f6yle\u015fi boyunca, ASDEP personelinin sahadan getirdi\u011fi \u00e7arp\u0131c\u0131 g\u00f6zlemler ve deneyimler, aile kurumunun bug\u00fcn\u00fc ve yar\u0131n\u0131na dair \u00f6nemli ipu\u00e7lar\u0131 sundu. Dr. Esra \u00d6zdil G\u00fcm\u00fc\u015f de konu\u015fmas\u0131nda, aileyi merkeze alan politikalar\u0131n ba\u015far\u0131s\u0131n\u0131n, sahadaki uygulay\u0131c\u0131lar\u0131n tecr\u00fcbe ve birikimiyle do\u011fru orant\u0131l\u0131 oldu\u011funu vurgulayarak &hellip;","thumbnail_url":"https:\/\/iskenderunorg.teimg.com\/iskenderun-org\/uploads\/2025\/07\/2025\/07\/1000071786.jpg"}