{"version":"1.0","provider_name":"Av. Deniz Can K\u0131z\u0131l","provider_url":"https:\/\/denizcankizil.tr\/ru","author_name":"admin","author_url":"https:\/\/denizcankizil.tr\/ru\/author\/admin\/","title":"Arsuz\u2019da Polisler \u00d6zel \u00c7ocuklar\u0131 konuk etti\u2026","type":"rich","width":600,"height":338,"html":"<blockquote class=\"wp-embedded-content\" data-secret=\"5Ik1koaVLn\"><a href=\"https:\/\/denizcankizil.tr\/ru\/haberler\/gundem\/arsuzda-polisler-ozel-cocuklari-konuk-etti\/\">Arsuz\u2019da Polisler \u00d6zel \u00c7ocuklar\u0131 konuk etti\u2026<\/a><\/blockquote><iframe sandbox=\"allow-scripts\" security=\"restricted\" src=\"https:\/\/denizcankizil.tr\/ru\/haberler\/gundem\/arsuzda-polisler-ozel-cocuklari-konuk-etti\/embed\/#?secret=5Ik1koaVLn\" width=\"600\" height=\"338\" title=\"\u00abArsuz\u2019da Polisler \u00d6zel \u00c7ocuklar\u0131 konuk etti\u2026\u00bb &#8212; Av. Deniz Can K\u0131z\u0131l\" data-secret=\"5Ik1koaVLn\" frameborder=\"0\" marginwidth=\"0\" marginheight=\"0\" scrolling=\"no\" class=\"wp-embedded-content\"><\/iframe><script>\n\/*! This file is auto-generated *\/\n!function(d,l){\"use strict\";l.querySelector&&d.addEventListener&&\"undefined\"!=typeof URL&&(d.wp=d.wp||{},d.wp.receiveEmbedMessage||(d.wp.receiveEmbedMessage=function(e){var t=e.data;if((t||t.secret||t.message||t.value)&&!\/[^a-zA-Z0-9]\/.test(t.secret)){for(var s,r,n,a=l.querySelectorAll('iframe[data-secret=\"'+t.secret+'\"]'),o=l.querySelectorAll('blockquote[data-secret=\"'+t.secret+'\"]'),c=new RegExp(\"^https?:$\",\"i\"),i=0;i<o.length;i++)o[i].style.display=\"none\";for(i=0;i<a.length;i++)s=a[i],e.source===s.contentWindow&&(s.removeAttribute(\"style\"),\"height\"===t.message?(1e3<(r=parseInt(t.value,10))?r=1e3:~~r<200&&(r=200),s.height=r):\"link\"===t.message&&(r=new URL(s.getAttribute(\"src\")),n=new URL(t.value),c.test(n.protocol))&&n.host===r.host&&l.activeElement===s&&(d.top.location.href=t.value))}},d.addEventListener(\"message\",d.wp.receiveEmbedMessage,!1),l.addEventListener(\"DOMContentLoaded\",function(){for(var e,t,s=l.querySelectorAll(\"iframe.wp-embedded-content\"),r=0;r<s.length;r++)(t=(e=s[r]).getAttribute(\"data-secret\"))||(t=Math.random().toString(36).substring(2,12),e.src+=\"#?secret=\"+t,e.setAttribute(\"data-secret\",t)),e.contentWindow.postMessage({message:\"ready\",secret:t},\"*\")},!1)))}(window,document);\n\/\/# sourceURL=https:\/\/denizcankizil.tr\/wp-includes\/js\/wp-embed.min.js\n<\/script>","description":"Arsuz \u0130l\u00e7e Emniyet M\u00fcd\u00fcrl\u00fc\u011f\u00fc\u2019n\u00fcn farkl\u0131 birimlerinde g\u00f6rev yapan polis memurlar\u0131, \u00f6zel \u00e7ocuklarla \u00f6nce Arsuz Rhosus Restaurant\u2019ta kahvalt\u0131da bulu\u015ftu. Etkinlik boyunca \u00e7ocuklarla yak\u0131ndan ilgilenen polisler, her biriyle birebir vakit ge\u00e7irerek onlar\u0131n mutlulu\u011funa ortak oldu. Kahvalt\u0131n\u0131n ard\u0131ndan \u00e7ocuklara \u00e7e\u015fitli hediyeler verilirken, program boyunca yap\u0131lan etkinliklerde \u00e7ocuklar ve aileleri keyifli anlar ya\u015fad\u0131. Polis a\u011fabey ve ablalar\u0131yla bol bol foto\u011fraf \u00e7ektiren \u00f6\u011frenciler, etkinlikten duyduklar\u0131 memnuniyeti y\u00fczlerine yans\u0131tt\u0131. Etkinlik sonras\u0131 konu\u015fan G\u00f6kmeydan \u00d6zel E\u011fitim ve Rehabilitasyon Merkezi M\u00fcd\u00fcr\u00fc Tu\u011fba Kara, bu anlaml\u0131 g\u00fcnde \u00f6zel \u00e7ocuklar\u0131 yaln\u0131z b\u0131rakmayan Arsuz \u0130l\u00e7e Emniyet M\u00fcd\u00fcr\u00fc Hasan G\u00fcn ve t\u00fcm ekibine te\u015fekk\u00fcr ederek, \u201c\u00c7ocuklar\u0131m\u0131z\u0131n b\u00f6ylesi \u00f6zel anlara tan\u0131kl\u0131k etmesi hem onlar hem de aileleri i\u00e7in \u00e7ok k\u0131ymetli. Emniyet mensuplar\u0131m\u0131z\u0131n deste\u011fi bizler i\u00e7in b\u00fcy\u00fck bir moral kayna\u011f\u0131,\u201d dedi. Aileler de polisin \u00e7ocuklara g\u00f6sterdi\u011fi yak\u0131n ilgi ve samimiyetten duyduklar\u0131 memnuniyeti dile getirerek etkinlikten b\u00fcy\u00fck mutluluk duyduklar\u0131n\u0131 ifade etti. \u200b10-16 May\u0131s Engelliler Haftas\u0131 kapsam\u0131nda Arsuz \u0130l\u00e7e Emniyet M\u00fcd\u00fcrl\u00fc\u011f\u00fc ekipleri, G\u00f6kmeydan \u00d6zel E\u011fitim ve Rehabilitasyon Merkezi\u2019nde e\u011fitim g\u00f6ren \u00f6zel \u00e7ocuklara unutulmaz bir g\u00fcn ya\u015fatt\u0131.\u00a0 \u200bHaberin Al\u0131nt\u0131land\u0131\u011f\u0131 Kaynak: www.iskenderun.org"}