{"version":"1.0","provider_name":"Av. Deniz Can K\u0131z\u0131l","provider_url":"https:\/\/denizcankizil.tr\/ru","author_name":"admin","author_url":"https:\/\/denizcankizil.tr\/ru\/author\/admin\/","title":"Arsuz Kaymakam\u0131 G\u00f6kp\u0131nar\u2019dan \u0130GC\u2019ye Veda Ziyareti","type":"rich","width":600,"height":338,"html":"<blockquote class=\"wp-embedded-content\" data-secret=\"De6scJZKX7\"><a href=\"https:\/\/denizcankizil.tr\/ru\/haberler\/gundem\/arsuz-kaymakami-gokpinardan-igcye-veda-ziyareti\/\">Arsuz Kaymakam\u0131 G\u00f6kp\u0131nar\u2019dan \u0130GC\u2019ye Veda Ziyareti<\/a><\/blockquote><iframe sandbox=\"allow-scripts\" security=\"restricted\" src=\"https:\/\/denizcankizil.tr\/ru\/haberler\/gundem\/arsuz-kaymakami-gokpinardan-igcye-veda-ziyareti\/embed\/#?secret=De6scJZKX7\" width=\"600\" height=\"338\" title=\"\u00abArsuz Kaymakam\u0131 G\u00f6kp\u0131nar\u2019dan \u0130GC\u2019ye Veda Ziyareti\u00bb &#8212; Av. Deniz Can K\u0131z\u0131l\" data-secret=\"De6scJZKX7\" frameborder=\"0\" marginwidth=\"0\" marginheight=\"0\" scrolling=\"no\" class=\"wp-embedded-content\"><\/iframe><script>\n\/*! This file is auto-generated *\/\n!function(d,l){\"use strict\";l.querySelector&&d.addEventListener&&\"undefined\"!=typeof URL&&(d.wp=d.wp||{},d.wp.receiveEmbedMessage||(d.wp.receiveEmbedMessage=function(e){var t=e.data;if((t||t.secret||t.message||t.value)&&!\/[^a-zA-Z0-9]\/.test(t.secret)){for(var s,r,n,a=l.querySelectorAll('iframe[data-secret=\"'+t.secret+'\"]'),o=l.querySelectorAll('blockquote[data-secret=\"'+t.secret+'\"]'),c=new RegExp(\"^https?:$\",\"i\"),i=0;i<o.length;i++)o[i].style.display=\"none\";for(i=0;i<a.length;i++)s=a[i],e.source===s.contentWindow&&(s.removeAttribute(\"style\"),\"height\"===t.message?(1e3<(r=parseInt(t.value,10))?r=1e3:~~r<200&&(r=200),s.height=r):\"link\"===t.message&&(r=new URL(s.getAttribute(\"src\")),n=new URL(t.value),c.test(n.protocol))&&n.host===r.host&&l.activeElement===s&&(d.top.location.href=t.value))}},d.addEventListener(\"message\",d.wp.receiveEmbedMessage,!1),l.addEventListener(\"DOMContentLoaded\",function(){for(var e,t,s=l.querySelectorAll(\"iframe.wp-embedded-content\"),r=0;r<s.length;r++)(t=(e=s[r]).getAttribute(\"data-secret\"))||(t=Math.random().toString(36).substring(2,12),e.src+=\"#?secret=\"+t,e.setAttribute(\"data-secret\",t)),e.contentWindow.postMessage({message:\"ready\",secret:t},\"*\")},!1)))}(window,document);\n\/\/# sourceURL=https:\/\/denizcankizil.tr\/wp-includes\/js\/wp-embed.min.js\n<\/script>","description":"\u0130GC Ba\u015fkan\u0131 Diyap Atar ve y\u00f6netimi ile cemiyet \u00fcyeleri taraf\u0131ndan kar\u015f\u0131lanan Kaymakam G\u00f6kp\u0131nar\u2019a yeni g\u00f6rev yerinde ba\u015far\u0131lar dileyen Ba\u015fkan Atar, Arsuz\u2019a ve b\u00f6lgeye verdi\u011fi hizmetlerinden \u00f6t\u00fcr\u00fc kendisine te\u015fekk\u00fcr etti. \u00d6zellikle deprem sonras\u0131 g\u00f6sterdi\u011fi \u00fcst\u00fcn \u00e7aba ve gayretten \u00f6t\u00fcr\u00fc b\u00f6lge halk\u0131n\u0131n kendisine minnettar olduklar\u0131n\u0131 ifade eden Ba\u015fkan Atar, Kaymakam G\u00f6kp\u0131nra\u2019\u0131n Arsuz\u2019dan ayr\u0131lacak olmas\u0131n\u0131n \u00fcz\u00fcnt\u00fc verici oldu\u011funu ifade etti. 6 \u015eubat felaketinin ard\u0131ndan g\u00f6revine devam etmeyi se\u00e7erek, b\u00f6lge halk\u0131n\u0131n ac\u0131s\u0131na da ortak olan, deprem sonras\u0131ndaki zorlu s\u00fcre\u00e7te bir belediye ba\u015fkan\u0131 gibi mesai mefhumu g\u00f6zetmeksizin her zaman sahada g\u00f6rev ba\u015f\u0131nda olan ve yapt\u0131\u011f\u0131 hizmetlerin yan\u0131 s\u0131ra samimiyetiyle de b\u00f6lge halk\u0131n\u0131n g\u00f6nl\u00fcnde taht kuran Kaymakam G\u00f6kp\u0131nar\u2019\u0131n vedas\u0131 duygu dolu anlar ya\u015fatt\u0131.\u00a0 Bas\u0131n mensuplar\u0131yla da s\u0131cak ili\u015fkiler i\u00e7erisinde olan Kaymakam G\u00f6kp\u0131nar, b\u00f6lgede g\u00f6rev yapan bas\u0131n mensuplar\u0131na, kamuoyunu bilgilendirme noktas\u0131nda \u2018duyarl\u0131\u2019 davran\u0131p, hassasiyetlere \u00f6ncelik vererek haber ve bilgi payla\u015f\u0131m\u0131nda bulunduklar\u0131 i\u00e7in te\u015fekk\u00fcr etti. 10 Eyl\u00fcl 2021 tarihinde ba\u015flad\u0131\u011f\u0131 Arsuz Kaymakaml\u0131\u011f\u0131 g\u00f6revinden g\u00fczel an\u0131lar ve dostluklar biriktirerek ayr\u0131laca\u011f\u0131n\u0131 da ifade eden Kaymakam G\u00f6kp\u0131nar; \u201cHakk\u0131n\u0131z\u0131 helal edin, ben hakk\u0131m\u0131 helal ediyorum. Ho\u015f\u00e7a kal\u0131n\u201d diye konu\u015ftu.\u00a0 Kaymakam G\u00f6kp\u0131nar\u2019\u0131n bu samimi ve i\u00e7ten vedas\u0131 \u0130GC Ba\u015fkan\u0131 Diyap Atar ve cemiyet \u00fcyelerini olduk\u00e7a duyguland\u0131rd\u0131. \u200bSakarya\u2019n\u0131n Hendek il\u00e7esine atanan Arsuz Kaymakam\u0131 Hac\u0131 Hasan G\u00f6kp\u0131nar, \u0130skenderun Gazeteciler Cemiyeti (\u0130GC)\u2019ni ziyaret ederek \u00fcyelerle vedala\u015ft\u0131.\u00a0 &hellip;"}