{"version":"1.0","provider_name":"Av. Deniz Can K\u0131z\u0131l","provider_url":"https:\/\/denizcankizil.tr\/ru","author_name":"admin","author_url":"https:\/\/denizcankizil.tr\/ru\/author\/admin\/","title":"Arsuz Emniyet Te\u015fkilat\u0131 \u0130ftarda Bulu\u015ftu","type":"rich","width":600,"height":338,"html":"<blockquote class=\"wp-embedded-content\" data-secret=\"sfJdfm3Gt4\"><a href=\"https:\/\/denizcankizil.tr\/ru\/haberler\/gundem\/arsuz-emniyet-teskilati-iftarda-bulustu\/\">Arsuz Emniyet Te\u015fkilat\u0131 \u0130ftarda Bulu\u015ftu<\/a><\/blockquote><iframe sandbox=\"allow-scripts\" security=\"restricted\" src=\"https:\/\/denizcankizil.tr\/ru\/haberler\/gundem\/arsuz-emniyet-teskilati-iftarda-bulustu\/embed\/#?secret=sfJdfm3Gt4\" width=\"600\" height=\"338\" title=\"\u00abArsuz Emniyet Te\u015fkilat\u0131 \u0130ftarda Bulu\u015ftu\u00bb &#8212; Av. Deniz Can K\u0131z\u0131l\" data-secret=\"sfJdfm3Gt4\" frameborder=\"0\" marginwidth=\"0\" marginheight=\"0\" scrolling=\"no\" class=\"wp-embedded-content\"><\/iframe><script>\n\/*! This file is auto-generated *\/\n!function(d,l){\"use strict\";l.querySelector&&d.addEventListener&&\"undefined\"!=typeof URL&&(d.wp=d.wp||{},d.wp.receiveEmbedMessage||(d.wp.receiveEmbedMessage=function(e){var t=e.data;if((t||t.secret||t.message||t.value)&&!\/[^a-zA-Z0-9]\/.test(t.secret)){for(var s,r,n,a=l.querySelectorAll('iframe[data-secret=\"'+t.secret+'\"]'),o=l.querySelectorAll('blockquote[data-secret=\"'+t.secret+'\"]'),c=new RegExp(\"^https?:$\",\"i\"),i=0;i<o.length;i++)o[i].style.display=\"none\";for(i=0;i<a.length;i++)s=a[i],e.source===s.contentWindow&&(s.removeAttribute(\"style\"),\"height\"===t.message?(1e3<(r=parseInt(t.value,10))?r=1e3:~~r<200&&(r=200),s.height=r):\"link\"===t.message&&(r=new URL(s.getAttribute(\"src\")),n=new URL(t.value),c.test(n.protocol))&&n.host===r.host&&l.activeElement===s&&(d.top.location.href=t.value))}},d.addEventListener(\"message\",d.wp.receiveEmbedMessage,!1),l.addEventListener(\"DOMContentLoaded\",function(){for(var e,t,s=l.querySelectorAll(\"iframe.wp-embedded-content\"),r=0;r<s.length;r++)(t=(e=s[r]).getAttribute(\"data-secret\"))||(t=Math.random().toString(36).substring(2,12),e.src+=\"#?secret=\"+t,e.setAttribute(\"data-secret\",t)),e.contentWindow.postMessage({message:\"ready\",secret:t},\"*\")},!1)))}(window,document);\n\/\/# sourceURL=https:\/\/denizcankizil.tr\/wp-includes\/js\/wp-embed.min.js\n<\/script>","description":"\u0130ftar yeme\u011finde, emniyet te\u015fkilat\u0131na kazand\u0131r\u0131lan yeni ara\u00e7lar, personelin daha iyi \u00e7al\u0131\u015fma \u015fartlar\u0131na kavu\u015fmas\u0131 i\u00e7in yap\u0131lan iyile\u015ftirmeler ve il\u00e7edeki huzur ile g\u00fcven ortam\u0131n\u0131n korunmas\u0131na y\u00f6nelik y\u00fcr\u00fct\u00fclen ba\u015far\u0131l\u0131 \u00e7al\u0131\u015fmalar \u00f6ne \u00e7\u0131kt\u0131. Ayr\u0131ca, su\u00e7la m\u00fccadele ve su\u00e7lulara y\u00f6nelik yap\u0131lan etkili \u00e7al\u0131\u015fmalar sayesinde elde edilen ba\u015far\u0131, etkinlikteki sohbetlere de damgas\u0131n\u0131 vurdu. Yemek s\u0131ras\u0131nda, yo\u011fun \u00e7al\u0131\u015fma programlar\u0131 ve mesai saatlerinin \u00e7ak\u0131\u015fmas\u0131 nedeniyle birbirleriyle s\u0131k\u00e7a g\u00f6r\u00fc\u015femeyen personel, hasret giderme f\u0131rsat\u0131 buldu. 6 \u015eubat depreminin ard\u0131ndan, b\u00f6lge halk\u0131n\u0131n g\u00fcvenli bir s\u0131\u011f\u0131nma ortam\u0131 olarak g\u00f6rd\u00fc\u011f\u00fc Arsuz\u2019da, n\u00fcfus art\u0131\u015f\u0131na ra\u011fmen elde edilen ba\u015far\u0131lar\u0131n, kat\u0131l\u0131mc\u0131lar\u0131n keyifli sohbetlerine yans\u0131d\u0131\u011f\u0131 g\u00f6r\u00fcld\u00fc. Arsuz Emniyet M\u00fcd\u00fcr\u00fc Hasan G\u00fcn ve Dernek Ba\u015fkan\u0131 Mehmet Altun, iftar yeme\u011fine kat\u0131lan t\u00fcm personele \u00e7al\u0131\u015fmalar\u0131ndaki \u00f6zveri ve halkla b\u00fct\u00fcnle\u015fen hizmetlerinden dolay\u0131 te\u015fekk\u00fcr ettiler. \u200bArsuz Kamu G\u00fcvenli\u011fi ve Toplum Hizmetlerini Geli\u015ftirme Derne\u011fi, Arsuz Emniyet Te\u015fkilat\u0131 personeliyle iftar yeme\u011finde bir araya geldi. Bu \u00f6zel organizasyon, Arsuz Emniyet M\u00fcd\u00fcr\u00fc Hasan G\u00fcn ve Dernek Ba\u015fkan\u0131 Mehmet Altun\u2019un y\u0131llard\u0131r s\u00fcren uyumlu ve koordineli \u00e7al\u0131\u015fmalar\u0131n\u0131n bir sonucu olarak ger\u00e7ekle\u015fti.\u00a0 \u200bHaberin Al\u0131nt\u0131land\u0131\u011f\u0131 Kaynak: www.iskenderun.org"}