{"version":"1.0","provider_name":"Av. Deniz Can K\u0131z\u0131l","provider_url":"https:\/\/denizcankizil.tr\/ru","author_name":"Av. Deniz Can K\u0131z\u0131l","author_url":"https:\/\/denizcankizil.tr\/ru","title":"ANT\u0130AD Ba\u015fkan\u0131 K\u00f6leo\u011flu Antalya'n\u0131n Y\u00f6r\u00fck \u0130l Beyi oldu","type":"rich","width":600,"height":338,"html":"<blockquote class=\"wp-embedded-content\" data-secret=\"Qx8bDHdsJP\"><a href=\"https:\/\/denizcankizil.tr\/ru\/haberler\/gundem\/antiad-baskani-koleoglu-antalyanin-yoruk-il-beyi-oldu\/\">\u041f\u0440\u0435\u0437\u0438\u0434\u0435\u043d\u0442 \u0410\u041d\u0422\u0418\u0410\u0414\u0410 \u0420\u0430\u0431\u0435\u043e\u0433\u043b\u0443 \u0441\u0442\u0430\u043b \u0433\u043b\u0430\u0432\u043e\u0439 \u043f\u0440\u043e\u0432\u0438\u043d\u0446\u0438\u0438 \u0419\u043e\u0440\u0443\u043a \u0432 \u0410\u043d\u0442\u0430\u043b\u0438\u0438<\/a><\/blockquote><iframe sandbox=\"allow-scripts\" security=\"restricted\" src=\"https:\/\/denizcankizil.tr\/ru\/haberler\/gundem\/antiad-baskani-koleoglu-antalyanin-yoruk-il-beyi-oldu\/embed\/#?secret=Qx8bDHdsJP\" width=\"600\" height=\"338\" title=\"\u00abANT\u0130AD Ba\u015fkan\u0131 K\u00f6leo\u011flu Antalya&#8217;n\u0131n Y\u00f6r\u00fck \u0130l Beyi oldu\u00bb &#8212; Av. Deniz Can K\u0131z\u0131l\" data-secret=\"Qx8bDHdsJP\" frameborder=\"0\" marginwidth=\"0\" marginheight=\"0\" scrolling=\"no\" class=\"wp-embedded-content\"><\/iframe><script>\n\/*! This file is auto-generated *\/\n!function(d,l){\"use strict\";l.querySelector&&d.addEventListener&&\"undefined\"!=typeof URL&&(d.wp=d.wp||{},d.wp.receiveEmbedMessage||(d.wp.receiveEmbedMessage=function(e){var t=e.data;if((t||t.secret||t.message||t.value)&&!\/[^a-zA-Z0-9]\/.test(t.secret)){for(var s,r,n,a=l.querySelectorAll('iframe[data-secret=\"'+t.secret+'\"]'),o=l.querySelectorAll('blockquote[data-secret=\"'+t.secret+'\"]'),c=new RegExp(\"^https?:$\",\"i\"),i=0;i<o.length;i++)o[i].style.display=\"none\";for(i=0;i<a.length;i++)s=a[i],e.source===s.contentWindow&&(s.removeAttribute(\"style\"),\"height\"===t.message?(1e3<(r=parseInt(t.value,10))?r=1e3:~~r<200&&(r=200),s.height=r):\"link\"===t.message&&(r=new URL(s.getAttribute(\"src\")),n=new URL(t.value),c.test(n.protocol))&&n.host===r.host&&l.activeElement===s&&(d.top.location.href=t.value))}},d.addEventListener(\"message\",d.wp.receiveEmbedMessage,!1),l.addEventListener(\"DOMContentLoaded\",function(){for(var e,t,s=l.querySelectorAll(\"iframe.wp-embedded-content\"),r=0;r<s.length;r++)(t=(e=s[r]).getAttribute(\"data-secret\"))||(t=Math.random().toString(36).substring(2,12),e.src+=\"#?secret=\"+t,e.setAttribute(\"data-secret\",t)),e.contentWindow.postMessage({message:\"ready\",secret:t},\"*\")},!1)))}(window,document);\n\/\/# sourceURL=https:\/\/denizcankizil.tr\/wp-includes\/js\/wp-embed.min.js\n<\/script>","description":"Antalya Y\u00f6r\u00fckler K\u00fclt\u00fcr Dayan\u0131\u015fma ve Yard\u0131mla\u015fma Derne\u011fi taraf\u0131ndan \u201cAntalya Y\u00f6r\u00fck \u0130l Beyli\u011fi T\u00f6reni\u201d d\u00fczenlendi. D\u00fczenlenen t\u00f6rene Vali Hulusi \u015eahin&#8217;in yan\u0131 s\u0131ra Muratpa\u015fa Kaymakam\u0131 \u0130hsan Kara, Antalya B\u00fcy\u00fck\u015fehir Belediyesi Genel Sekreter Yard\u0131mc\u0131s\u0131 Durmu\u015f Ali Arslan, Muratpa\u015fa Belediye Ba\u015fkan\u0131 \u00dcmit Uysal, Konyaalt\u0131 Belediye Ba\u015fkan\u0131 Cem Kotan, D\u00f6\u015femealt\u0131 Belediye Ba\u015fkan\u0131 Menderes Dal ve Y\u00f6r\u00fckler kat\u0131ld\u0131. KU\u015eA\u011eI VAL\u0130 \u015eAH\u0130N BA\u011eLADI Yeni Y\u00f6r\u00fck \u0130l Beyi Bilal K\u00f6leo\u011flu&#8217;na ku\u015fa\u011f\u0131n\u0131 ise Antalya Valisi Hulusi \u015eahin ba\u011flad\u0131. Bu anlaml\u0131 g\u00fcnde kendisini yaln\u0131z b\u0131rakmayan herkese te\u015fekk\u00fcr eden K\u00f6leo\u011flu, &#8220;Y\u00f6r\u00fck Beyli\u011fi ku\u015fa\u011f\u0131 ba\u011flanmas\u0131 t\u00f6renine kat\u0131larak beni yaln\u0131z b\u0131rakmayan; Antalya Valimiz Hulusi \u015eahin\u2019e, kaymakamlar\u0131m\u0131za, belediye ba\u015fkanlar\u0131m\u0131za, il ba\u015fkanlar\u0131m\u0131za, oda ve sivil toplum kurulu\u015flar\u0131m\u0131z\u0131n ba\u015fkanlar\u0131na, \u00fcyelerine, b\u00fct\u00fcn dostlar\u0131ma, aileme, Y\u00f6r\u00fck ve T\u00fcrkmen camiam\u0131za sonsuz \u015f\u00fckranlar\u0131m\u0131 sunuyorum&#8221; dedi. K\u00d6LEO\u011eLU: DUYGULARIM TAR\u0130FS\u0130Z Antalya Y\u00f6r\u00fckler K\u00fclt\u00fcr Dayan\u0131\u015fma ve Yard\u0131mla\u015fma Derne\u011fi Ba\u015fkan\u0131 Abdullah Duman ve y\u00f6netim kuruluna da te\u015fekk\u00fcr eden Bilal K\u00f6leo\u011flu, &#8220;Bu anlaml\u0131 t\u00f6rende ya\u015fad\u0131\u011f\u0131m tarifsiz duygu i\u00e7in kendileri te\u015fekk\u00fcr ediyor, Y\u00f6r\u00fckler K\u00fclt\u00fcr Dayan\u0131\u015fma ve Yard\u0131mla\u015fma Derne\u011fimizin 30. kurulu\u015f y\u0131l d\u00f6n\u00fcm\u00fcn\u00fc kutluyorum&#8221; diyerek s\u00f6zlerini tamamlad\u0131. \u200bAntalya Y\u00f6r\u00fckler K\u00fclt\u00fcr Dayan\u0131\u015fma ve Yard\u0131mla\u015fma Derne\u011fi taraf\u0131ndan d\u00fczenlenen Zeki O\u011fuz Foto\u011fraf Yar\u0131\u015fmas\u0131 \u00d6d\u00fcl T\u00f6reni ve 30. Y\u0131l K\u00fclt\u00fcr Sanat Etkinlikleri kapsam\u0131nda d\u00fczenlenen t\u00f6rende Antalya \u0130\u015f \u0130nsanlar\u0131 Derne\u011fi Y\u00f6netim Kurulu Ba\u015fkan\u0131 Bilal K\u00f6leo\u011flu, Y\u00f6r\u00fck \u0130l Beyi unvan\u0131na lay\u0131k g\u00f6r\u00fcld\u00fc.\u00a0 \u200bHaberin &hellip;"}