{"version":"1.0","provider_name":"Av. Deniz Can K\u0131z\u0131l","provider_url":"https:\/\/denizcankizil.tr\/ru","author_name":"Av. Deniz Can K\u0131z\u0131l","author_url":"https:\/\/denizcankizil.tr\/ru","title":"Antalya'da Suriyeliler, Esad rejiminin \u00e7\u00f6k\u00fc\u015f\u00fcn\u00fc kutlad\u0131","type":"rich","width":600,"height":338,"html":"<blockquote class=\"wp-embedded-content\" data-secret=\"FqrdfAQrSS\"><a href=\"https:\/\/denizcankizil.tr\/ru\/haberler\/gundem\/antalyada-suriyeliler-esad-rejiminin-cokusunu-kutladi\/\">Antalya&#8217;da Suriyeliler, Esad rejiminin \u00e7\u00f6k\u00fc\u015f\u00fcn\u00fc kutlad\u0131<\/a><\/blockquote><iframe sandbox=\"allow-scripts\" security=\"restricted\" src=\"https:\/\/denizcankizil.tr\/ru\/haberler\/gundem\/antalyada-suriyeliler-esad-rejiminin-cokusunu-kutladi\/embed\/#?secret=FqrdfAQrSS\" width=\"600\" height=\"338\" title=\"\u00abAntalya&#8217;da Suriyeliler, Esad rejiminin \u00e7\u00f6k\u00fc\u015f\u00fcn\u00fc kutlad\u0131\u00bb &#8212; Av. Deniz Can K\u0131z\u0131l\" data-secret=\"FqrdfAQrSS\" frameborder=\"0\" marginwidth=\"0\" marginheight=\"0\" scrolling=\"no\" class=\"wp-embedded-content\"><\/iframe><script>\n\/*! This file is auto-generated *\/\n!function(d,l){\"use strict\";l.querySelector&&d.addEventListener&&\"undefined\"!=typeof URL&&(d.wp=d.wp||{},d.wp.receiveEmbedMessage||(d.wp.receiveEmbedMessage=function(e){var t=e.data;if((t||t.secret||t.message||t.value)&&!\/[^a-zA-Z0-9]\/.test(t.secret)){for(var s,r,n,a=l.querySelectorAll('iframe[data-secret=\"'+t.secret+'\"]'),o=l.querySelectorAll('blockquote[data-secret=\"'+t.secret+'\"]'),c=new RegExp(\"^https?:$\",\"i\"),i=0;i<o.length;i++)o[i].style.display=\"none\";for(i=0;i<a.length;i++)s=a[i],e.source===s.contentWindow&&(s.removeAttribute(\"style\"),\"height\"===t.message?(1e3<(r=parseInt(t.value,10))?r=1e3:~~r<200&&(r=200),s.height=r):\"link\"===t.message&&(r=new URL(s.getAttribute(\"src\")),n=new URL(t.value),c.test(n.protocol))&&n.host===r.host&&l.activeElement===s&&(d.top.location.href=t.value))}},d.addEventListener(\"message\",d.wp.receiveEmbedMessage,!1),l.addEventListener(\"DOMContentLoaded\",function(){for(var e,t,s=l.querySelectorAll(\"iframe.wp-embedded-content\"),r=0;r<s.length;r++)(t=(e=s[r]).getAttribute(\"data-secret\"))||(t=Math.random().toString(36).substring(2,12),e.src+=\"#?secret=\"+t,e.setAttribute(\"data-secret\",t)),e.contentWindow.postMessage({message:\"ready\",secret:t},\"*\")},!1)))}(window,document);\n\/\/# sourceURL=https:\/\/denizcankizil.tr\/wp-includes\/js\/wp-embed.min.js\n<\/script>","description":"Suriye&#8217;de 61 y\u0131ll\u0131k Bass Rejimi&#8217;nin devrilmesini Antalya&#8217;da ya\u015fayan Suriye vatanda\u015flar\u0131 g\u00f6ky\u00fcz\u00fcne beyaz g\u00fcvercin salarak ve baklava da\u011f\u0131tarak kutlad\u0131. SABAH SAATLER\u0130NDE ESED REJ\u0130M\u0130 SON BULDU\u00a0 Suriye&#8217;nin kuzeyinde 27 Kas\u0131m&#8217;da ba\u015flayan \u00e7at\u0131\u015fmalarda bug\u00fcn erken saatlerde Rejim muhalifi silahl\u0131 gruplar\u0131n ba\u015fkente hakim olmaya ba\u015flamas\u0131yla Esad rejimi ba\u015fkentin t\u00fcm kontrol\u00fcn\u00fc kaybetti. Be\u015far Esad&#8217;\u0131n \u015eam&#8217;\u0131 terk etmesi ile birlikte 61 y\u0131ll\u0131k Baas rejimi bu sabah itibar\u0131yla son buldu. BAYRAKLARLA SOKAKTA KUTLADILAR Rejim askerlerinin hapishanelerde tuttu\u011fu ki\u015filer serbest b\u0131rak\u0131larak hapishaneler bo\u015falt\u0131ld\u0131. Muhalif gruplar\u0131n yurt d\u0131\u015f\u0131nda bulunan Suriyelilere &#8220;Suriye Art\u0131k \u00d6zg\u00fcr, \u00dclkenize D\u00f6nebilirsiniz&#8221; \u00e7a\u011fr\u0131s\u0131nda bulunmas\u0131n\u0131n ard\u0131ndan Antalya&#8217;daki Suriyeliler 61 y\u0131ll\u0131k Baas Rejimi&#8217;nin \u00e7\u00f6k\u00fc\u015f\u00fcn\u00fc co\u015fkuyla kutlad\u0131. Ellerinde Suriye, T\u00fcrkiye ve Filistin bayraklar\u0131 ile sokaklara ak\u0131n eden ve \u00f6zg\u00fcrl\u00fck sloganlar\u0131 atan Suriye vatanda\u015flar\u0131 zaferi g\u00f6ky\u00fcz\u00fcne beyaz g\u00fcvercin b\u0131rakarak ve baklava da\u011f\u0131tarak kutlad\u0131. ORASI ARTIK B\u0130Z\u0130M \u00dcLKEM\u0130Z VE GER\u0130 D\u00d6NECE\u011e\u0130Z\u00a0 11 y\u0131ld\u0131r T\u00fcrkiye&#8217;de oldu\u011funu ve birka\u00e7 ay i\u00e7erisinde \u00fclkelerine geri d\u00f6neceklerini belirten Ahmet Abd\u00fcl isimli Suriye vatanda\u015f\u0131, \u201c\u015eu an biz \u00e7ok mutluyuz. 11 senedir T\u00fcrkiye&#8217;de ya\u015f\u0131yorum. Allah&#8217;a \u015f\u00fck\u00fcrler olsun memlekete geri d\u00f6nmeyi d\u00fc\u015f\u00fcn\u00fcyorum. 1-2 ay i\u00e7erisinde toparlan\u0131p gidece\u011fiz. T\u00fcm T\u00fcrkiye halk\u0131na ve Recep Tayyip Erdo\u011fan&#8217;a te\u015fekk\u00fcr ediyorum, bize iyi bakt\u0131lar\u201d dedi. Y\u0131llard\u0131r bug\u00fcn\u00fc beklediklerini s\u00f6yleyen Mahmut El-H\u00fcseyin ise \u201cY\u0131llard\u0131r bug\u00fcn\u00fcn bekliyoruz. Esad bizi mahvetti. Art\u0131k yeter dedik, \u00e7ok \u015f\u00fck\u00fcr Suriye&#8217;de &hellip;"}