{"version":"1.0","provider_name":"Av. Deniz Can K\u0131z\u0131l","provider_url":"https:\/\/denizcankizil.tr\/ru","author_name":"Antalya K\u00f6rfez","author_url":"https:\/\/denizcankizil.tr\/ru\/author\/www-antalyakorfez-com\/","title":"Antalya\u2019da \u0130mamo\u011flu\u2019ndan \u00e7ok B\u00f6cek \u00f6n plana \u00e7\u0131kt\u0131","type":"rich","width":600,"height":338,"html":"<blockquote class=\"wp-embedded-content\" data-secret=\"o61huc4fNm\"><a href=\"https:\/\/denizcankizil.tr\/ru\/haberler\/gundem\/antalyada-imamoglundan-cok-bocek-on-plana-cikti\/\">Antalya\u2019da \u0130mamo\u011flu\u2019ndan \u00e7ok B\u00f6cek \u00f6n plana \u00e7\u0131kt\u0131<\/a><\/blockquote><iframe sandbox=\"allow-scripts\" security=\"restricted\" src=\"https:\/\/denizcankizil.tr\/ru\/haberler\/gundem\/antalyada-imamoglundan-cok-bocek-on-plana-cikti\/embed\/#?secret=o61huc4fNm\" width=\"600\" height=\"338\" title=\"\u00abAntalya\u2019da \u0130mamo\u011flu\u2019ndan \u00e7ok B\u00f6cek \u00f6n plana \u00e7\u0131kt\u0131\u00bb &#8212; Av. Deniz Can K\u0131z\u0131l\" data-secret=\"o61huc4fNm\" frameborder=\"0\" marginwidth=\"0\" marginheight=\"0\" scrolling=\"no\" class=\"wp-embedded-content\"><\/iframe><script>\n\/*! This file is auto-generated *\/\n!function(d,l){\"use strict\";l.querySelector&&d.addEventListener&&\"undefined\"!=typeof URL&&(d.wp=d.wp||{},d.wp.receiveEmbedMessage||(d.wp.receiveEmbedMessage=function(e){var t=e.data;if((t||t.secret||t.message||t.value)&&!\/[^a-zA-Z0-9]\/.test(t.secret)){for(var s,r,n,a=l.querySelectorAll('iframe[data-secret=\"'+t.secret+'\"]'),o=l.querySelectorAll('blockquote[data-secret=\"'+t.secret+'\"]'),c=new RegExp(\"^https?:$\",\"i\"),i=0;i<o.length;i++)o[i].style.display=\"none\";for(i=0;i<a.length;i++)s=a[i],e.source===s.contentWindow&&(s.removeAttribute(\"style\"),\"height\"===t.message?(1e3<(r=parseInt(t.value,10))?r=1e3:~~r<200&&(r=200),s.height=r):\"link\"===t.message&&(r=new URL(s.getAttribute(\"src\")),n=new URL(t.value),c.test(n.protocol))&&n.host===r.host&&l.activeElement===s&&(d.top.location.href=t.value))}},d.addEventListener(\"message\",d.wp.receiveEmbedMessage,!1),l.addEventListener(\"DOMContentLoaded\",function(){for(var e,t,s=l.querySelectorAll(\"iframe.wp-embedded-content\"),r=0;r<s.length;r++)(t=(e=s[r]).getAttribute(\"data-secret\"))||(t=Math.random().toString(36).substring(2,12),e.src+=\"#?secret=\"+t,e.setAttribute(\"data-secret\",t)),e.contentWindow.postMessage({message:\"ready\",secret:t},\"*\")},!1)))}(window,document);\n\/\/# sourceURL=https:\/\/denizcankizil.tr\/wp-includes\/js\/wp-embed.min.js\n<\/script>","description":"Cumhuriyet Halk Partisi Antalya \u0130l Ba\u015fkanl\u0131\u011f\u0131 tutuklanan \u0130stanbul B\u00fcy\u00fck\u015fehir Belediyesi Eski Ba\u015fkan\u0131 Ekrem \u0130mamo\u011flu i\u00e7in Cumhuriyet Meydan\u0131\u2019nda bir eylem d\u00fczenledi. Eyleme Cumhuriyet Halk Partili belediye ba\u015fkanlar\u0131, il\u00e7e ba\u015fkanlar\u0131, vatanda\u015flar ve B\u00fcy\u00fck\u015fehir Belediye Ba\u015fkan\u0131 Muhittin B\u00f6cek de kat\u0131ld\u0131. Eyleme kat\u0131lan demokratik kitle \u00f6rg\u00fctlerine konu\u015fma hakk\u0131 verilmedi. Konser havas\u0131nda ge\u00e7en eylemde konu\u015fan B\u00fcy\u00fck\u015fehir Belediye Ba\u015fkan\u0131 Muhittin B\u00f6cek, Ekrem \u0130mamo\u011flu&#8217;nun her daim yan\u0131nda olduklar\u0131n\u0131 ve g\u00fczel g\u00fcnlere olan inanc\u0131n\u0131n azalmad\u0131\u011f\u0131n\u0131 ifade etti. B\u00f6cek s\u00f6zlerine, \u201cVicdanlar\u0131 yaralayan tutuklama karar\u0131na sadece Cumhuriyet Halk Partisi de\u011fil, t\u00fcm siyasi partilerden, yurti\u00e7i ve yurtd\u0131\u015f\u0131ndan, sanat\u00e7\u0131lardan, sivil toplum \u00f6rg\u00fctlerinden, k\u0131sacas\u0131 demokrasiye ve hukukun \u00fcst\u00fcnl\u00fc\u011f\u00fcne inanan milyonlardan b\u00fcy\u00fck tepki gelmi\u015ftir\u201d \u015feklinde devam etti.\u00a0 BURASI TUR\u0130ZM KENT\u0130 D\u0130KKATL\u0130 OLALIM! Antalya B\u00fcy\u00fck\u015fehir Belediye Ba\u015fkan\u0131 Muhittin B\u00f6cek, \u0130mamo\u011flu\u2019nun s\u0131k s\u0131k kulland\u0131\u011f\u0131 ve slogan haline gelen \u2018her \u015fey g\u00fczel olacak\u2019 s\u00f6zlerine at\u0131fta bulunarak, \u201c\u00c7a\u011fda\u015fl\u0131\u011f\u0131n, bar\u0131\u015f\u0131n, \u00f6zg\u00fcrl\u00fc\u011f\u00fcn kenti Antalya\u2019m\u0131zdan Silivri\u2019ye, Say\u0131n Ekrem \u0130mamo\u011flu\u2019na sevgilerimizi g\u00f6nderiyoruz. Antalya her daim senin yan\u0131nda. Antalya\u2019da binlerce Ekrem \u0130mamo\u011flu var. Her \u015fey \u00e7ok g\u00fczel olacak. Her \u015fey\u201d ifadeleri kulland\u0131. \u201cBizler hakk\u0131n yolunda halk i\u00e7in m\u00fccadele ediyoruz\u201d diyen Muhittin B\u00f6cek, \u201cBizler haks\u0131zl\u0131\u011fa kar\u015f\u0131 \u00e7\u0131k\u0131yoruz. Bizler hukukun \u00fcst\u00fcnl\u00fc\u011f\u00fcne inan\u0131yoruz. Bizler adalete g\u00fcveniyoruz. Bug\u00fcn de hak, hukuk, adalet i\u00e7in buraday\u0131z. Sevgili Antalyal\u0131lar, Biz bu hak m\u00fccadelemizde kucaklay\u0131c\u0131 olaca\u011f\u0131z. Birlik ve dayan\u0131\u015fma i\u00e7erisinde olaca\u011f\u0131z. &hellip;"}