{"version":"1.0","provider_name":"Av. Deniz Can K\u0131z\u0131l","provider_url":"https:\/\/denizcankizil.tr\/ru","author_name":"Antalya K\u00f6rfez","author_url":"https:\/\/denizcankizil.tr\/ru\/author\/www-antalyakorfez-com\/","title":"Antalya'da at\u0131l b\u0131rak\u0131lan tarih","type":"rich","width":600,"height":338,"html":"<blockquote class=\"wp-embedded-content\" data-secret=\"h0pPz1jI0h\"><a href=\"https:\/\/denizcankizil.tr\/ru\/haberler\/gundem\/antalyada-atil-birakilan-tarih\/\">Antalya&#8217;da at\u0131l b\u0131rak\u0131lan tarih<\/a><\/blockquote><iframe sandbox=\"allow-scripts\" security=\"restricted\" src=\"https:\/\/denizcankizil.tr\/ru\/haberler\/gundem\/antalyada-atil-birakilan-tarih\/embed\/#?secret=h0pPz1jI0h\" width=\"600\" height=\"338\" title=\"\u00abAntalya&#8217;da at\u0131l b\u0131rak\u0131lan tarih\u00bb &#8212; Av. Deniz Can K\u0131z\u0131l\" data-secret=\"h0pPz1jI0h\" frameborder=\"0\" marginwidth=\"0\" marginheight=\"0\" scrolling=\"no\" class=\"wp-embedded-content\"><\/iframe><script>\n\/*! This file is auto-generated *\/\n!function(d,l){\"use strict\";l.querySelector&&d.addEventListener&&\"undefined\"!=typeof URL&&(d.wp=d.wp||{},d.wp.receiveEmbedMessage||(d.wp.receiveEmbedMessage=function(e){var t=e.data;if((t||t.secret||t.message||t.value)&&!\/[^a-zA-Z0-9]\/.test(t.secret)){for(var s,r,n,a=l.querySelectorAll('iframe[data-secret=\"'+t.secret+'\"]'),o=l.querySelectorAll('blockquote[data-secret=\"'+t.secret+'\"]'),c=new RegExp(\"^https?:$\",\"i\"),i=0;i<o.length;i++)o[i].style.display=\"none\";for(i=0;i<a.length;i++)s=a[i],e.source===s.contentWindow&&(s.removeAttribute(\"style\"),\"height\"===t.message?(1e3<(r=parseInt(t.value,10))?r=1e3:~~r<200&&(r=200),s.height=r):\"link\"===t.message&&(r=new URL(s.getAttribute(\"src\")),n=new URL(t.value),c.test(n.protocol))&&n.host===r.host&&l.activeElement===s&&(d.top.location.href=t.value))}},d.addEventListener(\"message\",d.wp.receiveEmbedMessage,!1),l.addEventListener(\"DOMContentLoaded\",function(){for(var e,t,s=l.querySelectorAll(\"iframe.wp-embedded-content\"),r=0;r<s.length;r++)(t=(e=s[r]).getAttribute(\"data-secret\"))||(t=Math.random().toString(36).substring(2,12),e.src+=\"#?secret=\"+t,e.setAttribute(\"data-secret\",t)),e.contentWindow.postMessage({message:\"ready\",secret:t},\"*\")},!1)))}(window,document);\n\/\/# sourceURL=https:\/\/denizcankizil.tr\/wp-includes\/js\/wp-embed.min.js\n<\/script>","description":"Cumhuriyet&#8217;in ilk y\u0131llar\u0131nda in\u015fa edilen ve Antalya&#8217;n\u0131n sanayile\u015fme tarihinde \u00f6nemli bir yer tutan Tevfik I\u015f\u0131k Santrali ile eski ba\u015f makinist lojman\u0131, zaman\u0131n y\u0131prat\u0131c\u0131 sonu\u00e7lar\u0131na direnerek g\u00fcn\u00fcm\u00fcze kadar ula\u015fan ender yap\u0131lardan biri. Ancak bu tarihi miras, art\u0131k \u0131\u015f\u0131k sa\u00e7an bir santral de\u011fil, kaderine terk edilmi\u015f bir harabe. Sprey boyalarla kaplanan duvarlar\u0131, \u00e7\u00f6ken b\u00f6l\u00fcmleri ve at\u0131l durumdaki \u00e7evresiyle unutulmu\u015flu\u011fun izlerini ta\u015f\u0131yor. Bir zamanlar Antalya&#8217;y\u0131 ayd\u0131nlatan bu santral, \u015fimdi karanl\u0131\u011fa g\u00f6m\u00fclm\u00fc\u015f halde.\u00a0 TOZLU RAFLARDA BEKLEYEN 8 YILLIK PROTOKOL\u00a0 2017 y\u0131l\u0131nda Antalya Valisi M\u00fcnir Karalo\u011flu ile Muratpa\u015fa Belediyesi Ba\u015fkan\u0131 \u00dcmit Uysal, Kalei\u00e7i surlar\u0131n\u0131n ve Antalya\u2019n\u0131n ilk elektrik santrali Tevfik I\u015f\u0131k Santrali\u2019nin restorasyonuna ili\u015fkin protokol imzalam\u0131\u015ft\u0131. Ba\u015fkan Uysal, 2017 y\u0131l\u0131nda yapt\u0131\u011f\u0131 a\u00e7\u0131klamada, santralin t\u00fcm \u00fcniteleriyle restore edilece\u011fini ve Cumhuriyet\u2019in ilk y\u0131llar\u0131na ait bu tarihi yap\u0131n\u0131n nitelikli bir \u015fekilde g\u00fcndelik hayata kazand\u0131r\u0131laca\u011f\u0131n\u0131 s\u00f6ylemi\u015fti. \u00dcstelik restorasyon tamamland\u0131\u011f\u0131nda halk\u0131n \u00fccretsiz ziyaretine a\u00e7\u0131laca\u011f\u0131 ifade edilmi\u015fti. Ancak y\u0131llard\u0131r s\u00fcren belirsizlik bu s\u00f6zlerin ne zaman ger\u00e7e\u011fe d\u00f6n\u00fc\u015fece\u011fi sorusunu ak\u0131llara getiriyor. Antalya\u2019n\u0131n en \u00f6nemli end\u00fcstriyel miraslar\u0131ndan biri olan Tevfik I\u015f\u0131k Santrali\u2019nin gelece\u011fi belirsizli\u011fini koruyor.\u00a0 BELED\u0130YE: MAL\u0130YET NEDEN\u0130YLE BEKLEME S\u00dcREC\u0130NDE Konuyla ilgili Muratpa\u015fa Belediyesi\u2019nden al\u0131nan bilgiye g\u00f6re, santralin restorasyonu i\u00e7in haz\u0131rlanan proje haz\u0131r durumda ancak ekonomik nedenlerden dolay\u0131 \u00e7al\u0131\u015fmalara ba\u015flanamad\u0131. Yetkililer, santral binas\u0131n\u0131n \u00f6ncelikle D\u0131\u015fi\u015fleri Bakanl\u0131\u011f\u0131 Antalya Ofisi olarak d\u00fczenlenmesinin planland\u0131\u011f\u0131n\u0131 ancak bu &hellip;"}