{"version":"1.0","provider_name":"Av. Deniz Can K\u0131z\u0131l","provider_url":"https:\/\/denizcankizil.tr\/ru","author_name":"Antalya K\u00f6rfez","author_url":"https:\/\/denizcankizil.tr\/ru\/author\/www-antalyakorfez-com\/","title":"Antalya Gen\u00e7lik Meclisi'nden TBMM ziyareti","type":"rich","width":600,"height":338,"html":"<blockquote class=\"wp-embedded-content\" data-secret=\"4PrYdauyr0\"><a href=\"https:\/\/denizcankizil.tr\/ru\/haberler\/gundem\/antalya-genclik-meclisinden-tbmm-ziyareti\/\">Antalya Gen\u00e7lik Meclisi&#8217;nden TBMM ziyareti<\/a><\/blockquote><iframe sandbox=\"allow-scripts\" security=\"restricted\" src=\"https:\/\/denizcankizil.tr\/ru\/haberler\/gundem\/antalya-genclik-meclisinden-tbmm-ziyareti\/embed\/#?secret=4PrYdauyr0\" width=\"600\" height=\"338\" title=\"\u00abAntalya Gen\u00e7lik Meclisi&#8217;nden TBMM ziyareti\u00bb &#8212; Av. Deniz Can K\u0131z\u0131l\" data-secret=\"4PrYdauyr0\" frameborder=\"0\" marginwidth=\"0\" marginheight=\"0\" scrolling=\"no\" class=\"wp-embedded-content\"><\/iframe><script>\n\/*! This file is auto-generated *\/\n!function(d,l){\"use strict\";l.querySelector&&d.addEventListener&&\"undefined\"!=typeof URL&&(d.wp=d.wp||{},d.wp.receiveEmbedMessage||(d.wp.receiveEmbedMessage=function(e){var t=e.data;if((t||t.secret||t.message||t.value)&&!\/[^a-zA-Z0-9]\/.test(t.secret)){for(var s,r,n,a=l.querySelectorAll('iframe[data-secret=\"'+t.secret+'\"]'),o=l.querySelectorAll('blockquote[data-secret=\"'+t.secret+'\"]'),c=new RegExp(\"^https?:$\",\"i\"),i=0;i<o.length;i++)o[i].style.display=\"none\";for(i=0;i<a.length;i++)s=a[i],e.source===s.contentWindow&&(s.removeAttribute(\"style\"),\"height\"===t.message?(1e3<(r=parseInt(t.value,10))?r=1e3:~~r<200&&(r=200),s.height=r):\"link\"===t.message&&(r=new URL(s.getAttribute(\"src\")),n=new URL(t.value),c.test(n.protocol))&&n.host===r.host&&l.activeElement===s&&(d.top.location.href=t.value))}},d.addEventListener(\"message\",d.wp.receiveEmbedMessage,!1),l.addEventListener(\"DOMContentLoaded\",function(){for(var e,t,s=l.querySelectorAll(\"iframe.wp-embedded-content\"),r=0;r<s.length;r++)(t=(e=s[r]).getAttribute(\"data-secret\"))||(t=Math.random().toString(36).substring(2,12),e.src+=\"#?secret=\"+t,e.setAttribute(\"data-secret\",t)),e.contentWindow.postMessage({message:\"ready\",secret:t},\"*\")},!1)))}(window,document);\n\/\/# sourceURL=https:\/\/denizcankizil.tr\/wp-includes\/js\/wp-embed.min.js\n<\/script>","description":"Antalya B\u00fcy\u00fck\u015fehir Belediyesi Gen\u00e7lik Meclisi \u00fcyeleri, T\u00fcrkiye B\u00fcy\u00fck Millet Meclisi&#8217;nde (TBMM) Cumhuriyet Halk Partisi (CHP) Grup Toplant\u0131s\u0131&#8217;na kat\u0131larak \u00f6nemli isimlerle bir araya geldi. Ziyaret kapsam\u0131nda gen\u00e7ler, CHP Genel Ba\u015fkan\u0131 \u00d6zg\u00fcr \u00d6zel ve Antalya milletvekilleriyle g\u00f6r\u00fc\u015ferek, demokrasi, \u00f6zg\u00fcrl\u00fck ve gen\u00e7li\u011fin siyasetteki yeri \u00fczerine fikir al\u0131\u015fveri\u015fi yapt\u0131. &#8220;DAHA \u00d6ZG\u00dcR B\u0130R \u00dcLKEY\u0130 GEN\u00c7LER\u0130M\u0130Z \u0130LE KURACA\u011eIZ&#8221; Toplant\u0131 sonras\u0131 ger\u00e7ekle\u015fen bulu\u015fmada, CHP Grup Ba\u015fkanvekili Ali Mahir Ba\u015far\u0131r ile CHP Antalya Milletvekilleri Aliye Co\u015far, Aykut Kaya, Mustafa Erdem, Cavit Ar\u0131 ve Sururi \u00c7orabat\u0131r yer ald\u0131. Gen\u00e7lik Meclisi \u00fcyeleri, milletvekilleriyle T\u00fcrkiye&#8217;nin gelece\u011fine dair fikir al\u0131\u015fveri\u015finde bulunarak, gen\u00e7lerin siyasetteki rol\u00fcne dikkat \u00e7ekti. CHP heyeti ger\u00e7ekle\u015fen bulu\u015fma sonras\u0131 yapt\u0131\u011f\u0131 de\u011ferlendirmede, &#8220;Daha \u00f6zg\u00fcr bir \u00fclkeyi gen\u00e7lerimiz ile birlikte kuraca\u011f\u0131z&#8221; mesaj\u0131n\u0131 verdi. \u200bAntalya B\u00fcy\u00fck\u015fehir Belediyesi Gen\u00e7lik Meclisi \u00fcyeleri, T\u00fcrkiye B\u00fcy\u00fck Millet Meclisi&#8217;nde CHP Grup Toplant\u0131s\u0131&#8217;na kat\u0131ld\u0131. Ziyaret kapsam\u0131nda gen\u00e7ler, CHP Genel Ba\u015fkan\u0131 \u00d6zg\u00fcr \u00d6zel ba\u015fta olmak \u00fczere partinin \u00f6nemli isimleriyle bir araya geldi.\u00a0 \u200bHaberin Al\u0131nt\u0131land\u0131\u011f\u0131 Kaynak: www.antalyakorfez.com"}