{"version":"1.0","provider_name":"Av. Deniz Can K\u0131z\u0131l","provider_url":"https:\/\/denizcankizil.tr\/ru","author_name":"Antalya K\u00f6rfez","author_url":"https:\/\/denizcankizil.tr\/ru\/author\/www-antalyakorfez-com\/","title":"Antalya Bal\u0131k\u00e7\u0131 Bar\u0131na\u011f\u0131'nda kriz t\u0131rman\u0131yor!","type":"rich","width":600,"height":338,"html":"<blockquote class=\"wp-embedded-content\" data-secret=\"1q1weryI2p\"><a href=\"https:\/\/denizcankizil.tr\/ru\/haberler\/gundem\/antalya-balikci-barinaginda-kriz-tirmaniyor\/\">Antalya Bal\u0131k\u00e7\u0131 Bar\u0131na\u011f\u0131&#8217;nda kriz t\u0131rman\u0131yor!<\/a><\/blockquote><iframe sandbox=\"allow-scripts\" security=\"restricted\" src=\"https:\/\/denizcankizil.tr\/ru\/haberler\/gundem\/antalya-balikci-barinaginda-kriz-tirmaniyor\/embed\/#?secret=1q1weryI2p\" width=\"600\" height=\"338\" title=\"\u00abAntalya Bal\u0131k\u00e7\u0131 Bar\u0131na\u011f\u0131&#8217;nda kriz t\u0131rman\u0131yor!\u00bb &#8212; Av. Deniz Can K\u0131z\u0131l\" data-secret=\"1q1weryI2p\" frameborder=\"0\" marginwidth=\"0\" marginheight=\"0\" scrolling=\"no\" class=\"wp-embedded-content\"><\/iframe><script>\n\/*! This file is auto-generated *\/\n!function(d,l){\"use strict\";l.querySelector&&d.addEventListener&&\"undefined\"!=typeof URL&&(d.wp=d.wp||{},d.wp.receiveEmbedMessage||(d.wp.receiveEmbedMessage=function(e){var t=e.data;if((t||t.secret||t.message||t.value)&&!\/[^a-zA-Z0-9]\/.test(t.secret)){for(var s,r,n,a=l.querySelectorAll('iframe[data-secret=\"'+t.secret+'\"]'),o=l.querySelectorAll('blockquote[data-secret=\"'+t.secret+'\"]'),c=new RegExp(\"^https?:$\",\"i\"),i=0;i<o.length;i++)o[i].style.display=\"none\";for(i=0;i<a.length;i++)s=a[i],e.source===s.contentWindow&&(s.removeAttribute(\"style\"),\"height\"===t.message?(1e3<(r=parseInt(t.value,10))?r=1e3:~~r<200&&(r=200),s.height=r):\"link\"===t.message&&(r=new URL(s.getAttribute(\"src\")),n=new URL(t.value),c.test(n.protocol))&&n.host===r.host&&l.activeElement===s&&(d.top.location.href=t.value))}},d.addEventListener(\"message\",d.wp.receiveEmbedMessage,!1),l.addEventListener(\"DOMContentLoaded\",function(){for(var e,t,s=l.querySelectorAll(\"iframe.wp-embedded-content\"),r=0;r<s.length;r++)(t=(e=s[r]).getAttribute(\"data-secret\"))||(t=Math.random().toString(36).substring(2,12),e.src+=\"#?secret=\"+t,e.setAttribute(\"data-secret\",t)),e.contentWindow.postMessage({message:\"ready\",secret:t},\"*\")},!1)))}(window,document);\n\/\/# sourceURL=https:\/\/denizcankizil.tr\/wp-includes\/js\/wp-embed.min.js\n<\/script>","description":"Antalya Bal\u0131k\u00e7\u0131 Bar\u0131na\u011f\u0131\u2019nda yeni bir kriz ya\u015fan\u0131yor. Antalya \u0130l Tar\u0131m ve Orman M\u00fcd\u00fcrl\u00fc\u011f\u00fc\u2019n\u00fcn 4 Haziran 2025 tarihli resmi yaz\u0131s\u0131 do\u011frultusunda, Antalya Bal\u0131k\u00e7\u0131 Bar\u0131na\u011f\u0131\u2019nda \u00f6nemli bir d\u00fczenlemeye gidildi. Antalya\u2019da Bal\u0131k\u00e7\u0131 Bar\u0131na\u011f\u0131 Y\u00f6netimi\u2019nin karar\u0131 ile bar\u0131naktaki deniz ba\u011flama kapasitesinin daha verimli kullan\u0131lmas\u0131 i\u00e7in hareket ge\u00e7ti. Boyu 7 metrenin alt\u0131nda olan teknelerin r\u00f6mork yard\u0131m\u0131yla karaya \u00e7\u0131kar\u0131lmas\u0131 ve kara park alan\u0131nda muhafaza edilmesi kararla\u015ft\u0131r\u0131ld\u0131. YER SIKINTISINA \u00c7\u00d6Z\u00dcM Yeni d\u00fczenleme ile deniz ba\u011flama alanlar\u0131n\u0131n bo\u015falt\u0131lmas\u0131 ve mevcut kapasitenin daha etkili \u015fekilde de\u011ferlendirilmesi ama\u00e7land\u0131\u011f\u0131 duyuruldu. B\u00f6ylece daha fazla tekneye hizmet verilmesinin \u00f6n\u00fcn a\u00e7\u0131laca\u011f\u0131 savunulurken, bar\u0131nakta y\u0131llard\u0131r ya\u015fanan yer s\u0131k\u0131nt\u0131s\u0131na da \u00e7\u00f6z\u00fcm \u00fcretilece\u011fi ileri s\u00fcr\u00fcld\u00fc. 7 METRE ALTINI KAPSIYOR Uygulama, \u00f6zellikle Haziran 2025 ay\u0131 sonunda deniz ba\u011flama s\u00f6zle\u015fmesi sona erecek olan 7 metre alt\u0131ndaki tekneleri kapsad\u0131. Bu teknelerin belirlenen tarihe kadar karaya \u00e7\u0131kar\u0131lmas\u0131 gerekti\u011fine dikkat \u00e7ekildi. Karaya al\u0131nan tekneler i\u00e7in \u00fccretlendirme, al\u0131\u015f\u0131ld\u0131k \u201ck\u0131\u015flama\u201d tarifesi yerine deniz ba\u011flama s\u00f6zle\u015fme tarifesi \u00fczerinden yap\u0131laca\u011f\u0131 duyuruldu. TEKNE SAH\u0130PLER\u0130NDE KR\u0130Z Ancak belirlenen s\u00fcrede karaya \u00e7\u0131kar\u0131lmayan 7 metreden k\u00fc\u00e7\u00fck tekneler i\u00e7in 1 Temmuz 2025 itibar\u0131yla deniz ba\u011flama s\u00f6zle\u015fmesi yenilemesi yap\u0131lmayacak. Bu durumda kalan teknelerin bar\u0131nakta kalmalar\u0131 m\u00fcmk\u00fcn olmayacak. Karar bar\u0131naktaki tekne sahipleri aras\u0131nda krize neden oldu. Onlarca tekne sahibi karara itiraz ederek karardan geri ad\u0131m at\u0131lmas\u0131n\u0131 savundu. RANDEVU S\u0130STEM\u0130NE GE\u00c7\u0130LD\u0130 Bar\u0131nak y\u00f6netimi taraf\u0131ndan &hellip;"}