{"version":"1.0","provider_name":"Av. Deniz Can K\u0131z\u0131l","provider_url":"https:\/\/denizcankizil.tr\/ru","author_name":"Antalya K\u00f6rfez","author_url":"https:\/\/denizcankizil.tr\/ru\/author\/www-antalyakorfez-com\/","title":"Alanya'da Barlar Soka\u011f\u0131 i\u00e7in ortak \u00e7\u00f6z\u00fcm aray\u0131\u015f\u0131","type":"rich","width":600,"height":338,"html":"<blockquote class=\"wp-embedded-content\" data-secret=\"kGUWbnwjGJ\"><a href=\"https:\/\/denizcankizil.tr\/ru\/haberler\/gundem\/alanyada-barlar-sokagi-icin-ortak-cozum-arayisi\/\">Alanya&#8217;da Barlar Soka\u011f\u0131 i\u00e7in ortak \u00e7\u00f6z\u00fcm aray\u0131\u015f\u0131<\/a><\/blockquote><iframe sandbox=\"allow-scripts\" security=\"restricted\" src=\"https:\/\/denizcankizil.tr\/ru\/haberler\/gundem\/alanyada-barlar-sokagi-icin-ortak-cozum-arayisi\/embed\/#?secret=kGUWbnwjGJ\" width=\"600\" height=\"338\" title=\"\u00abAlanya&#8217;da Barlar Soka\u011f\u0131 i\u00e7in ortak \u00e7\u00f6z\u00fcm aray\u0131\u015f\u0131\u00bb &#8212; Av. Deniz Can K\u0131z\u0131l\" data-secret=\"kGUWbnwjGJ\" frameborder=\"0\" marginwidth=\"0\" marginheight=\"0\" scrolling=\"no\" class=\"wp-embedded-content\"><\/iframe><script>\n\/*! This file is auto-generated *\/\n!function(d,l){\"use strict\";l.querySelector&&d.addEventListener&&\"undefined\"!=typeof URL&&(d.wp=d.wp||{},d.wp.receiveEmbedMessage||(d.wp.receiveEmbedMessage=function(e){var t=e.data;if((t||t.secret||t.message||t.value)&&!\/[^a-zA-Z0-9]\/.test(t.secret)){for(var s,r,n,a=l.querySelectorAll('iframe[data-secret=\"'+t.secret+'\"]'),o=l.querySelectorAll('blockquote[data-secret=\"'+t.secret+'\"]'),c=new RegExp(\"^https?:$\",\"i\"),i=0;i<o.length;i++)o[i].style.display=\"none\";for(i=0;i<a.length;i++)s=a[i],e.source===s.contentWindow&&(s.removeAttribute(\"style\"),\"height\"===t.message?(1e3<(r=parseInt(t.value,10))?r=1e3:~~r<200&&(r=200),s.height=r):\"link\"===t.message&&(r=new URL(s.getAttribute(\"src\")),n=new URL(t.value),c.test(n.protocol))&&n.host===r.host&&l.activeElement===s&&(d.top.location.href=t.value))}},d.addEventListener(\"message\",d.wp.receiveEmbedMessage,!1),l.addEventListener(\"DOMContentLoaded\",function(){for(var e,t,s=l.querySelectorAll(\"iframe.wp-embedded-content\"),r=0;r<s.length;r++)(t=(e=s[r]).getAttribute(\"data-secret\"))||(t=Math.random().toString(36).substring(2,12),e.src+=\"#?secret=\"+t,e.setAttribute(\"data-secret\",t)),e.contentWindow.postMessage({message:\"ready\",secret:t},\"*\")},!1)))}(window,document);\n\/\/# sourceURL=https:\/\/denizcankizil.tr\/wp-includes\/js\/wp-embed.min.js\n<\/script>","description":"Alanya Kaymakam\u0131 \u015eakir \u00d6ner \u00d6zt\u00fcrk&#8217;\u00fcn ba\u015fkanl\u0131\u011f\u0131nda, Barlar Soka\u011f\u0131&#8217;nda ya\u015fanan olumsuzluklar nedeniyle sekt\u00f6r temsilcileriyle \u00f6nemli bir toplant\u0131 ger\u00e7ekle\u015ftirdi. Alanya Ticaret ve Sanayi Odas\u0131 (ALTSO) Konferans Salonu&#8217;nda yap\u0131lan toplant\u0131ya, e\u011flence sekt\u00f6r\u00fc i\u015fletmecileri kat\u0131ld\u0131. BARLAR SOKA\u011eI&#8217;NIN G\u00dcVENL\u0130\u011e\u0130 MASAYA YATIRILDI Toplant\u0131da, son d\u00f6nemde kamuoyuna ve sosyal medyaya yans\u0131yan g\u00f6r\u00fcnt\u00fcler \u00fczerine harekete ge\u00e7en yetkililer, Barlar Soka\u011f\u0131&#8217;n\u0131n daha g\u00fcvenli, huzurlu ve temiz bir sosyal ya\u015fam alan\u0131na d\u00f6n\u00fc\u015ft\u00fcr\u00fclmesi i\u00e7in at\u0131labilecek ad\u0131mlar\u0131 masaya yat\u0131rd\u0131. &#8220;KAMU KURUM VE KURULU\u015eLARIMIZLA \u0130\u015e B\u0130RL\u0130\u011e\u0130 \u0130\u00c7\u0130NDEY\u0130Z&#8221; Alanya Belediye Ba\u015fkan\u0131 Osman Tar\u0131k \u00d6z\u00e7elik yapt\u0131\u011f\u0131 a\u00e7\u0131klamada, &#8220;Alanya&#8217;m\u0131z\u0131n huzurunu korumak ve hem vatanda\u015flar\u0131m\u0131z hem de misafirlerimiz i\u00e7in kaliteli bir sosyal ya\u015fam alan\u0131 olu\u015fturmak amac\u0131yla t\u00fcm kamu kurum ve kurulu\u015flar\u0131yla i\u015f birli\u011fi i\u00e7inde \u00e7al\u0131\u015fmalar\u0131m\u0131z\u0131 s\u00fcrd\u00fcr\u00fcyoruz&#8221; ifadelerini kulland\u0131. Yetkililer, e\u011flence sekt\u00f6r\u00fcn\u00fcn kent ekonomisindeki yerini korurken ayn\u0131 zamanda kamu d\u00fczenini sa\u011flayacak \u00f6nlemlerin titizlikle hayata ge\u00e7irilece\u011fini vurgulad\u0131. \u200bKaymakam \u015eakir \u00d6zt\u00fcrk ve Alanya Belediye Ba\u015fkan\u0131 Osman Tar\u0131k \u00d6z\u00e7elik, Barlar Soka\u011f\u0131&#8217;ndaki i\u015fletme sahipleriyle bir araya gelerek kamuoyuna yans\u0131yan olumsuzluklara kar\u015f\u0131 \u00e7\u00f6z\u00fcm arad\u0131. Toplant\u0131da, b\u00f6lgenin huzur ve g\u00fcvenli\u011fi i\u00e7in i\u015f birli\u011fi vurgusu yap\u0131ld\u0131.\u00a0 \u200bHaberin Al\u0131nt\u0131land\u0131\u011f\u0131 Kaynak: www.antalyakorfez.com"}