{"version":"1.0","provider_name":"Av. Deniz Can K\u0131z\u0131l","provider_url":"https:\/\/denizcankizil.tr\/ru","author_name":"admin","author_url":"https:\/\/denizcankizil.tr\/ru\/author\/admin\/","title":"Ahmet Y\u0131ld\u0131r\u0131m Hayata Veda Etti\u2026","type":"rich","width":600,"height":338,"html":"<blockquote class=\"wp-embedded-content\" data-secret=\"ydvXsC2rKy\"><a href=\"https:\/\/denizcankizil.tr\/ru\/haberler\/gundem\/ahmet-yildirim-hayata-veda-etti\/\">Ahmet Y\u0131ld\u0131r\u0131m Hayata Veda Etti\u2026<\/a><\/blockquote><iframe sandbox=\"allow-scripts\" security=\"restricted\" src=\"https:\/\/denizcankizil.tr\/ru\/haberler\/gundem\/ahmet-yildirim-hayata-veda-etti\/embed\/#?secret=ydvXsC2rKy\" width=\"600\" height=\"338\" title=\"\u00abAhmet Y\u0131ld\u0131r\u0131m Hayata Veda Etti\u2026\u00bb &#8212; Av. Deniz Can K\u0131z\u0131l\" data-secret=\"ydvXsC2rKy\" frameborder=\"0\" marginwidth=\"0\" marginheight=\"0\" scrolling=\"no\" class=\"wp-embedded-content\"><\/iframe><script>\n\/*! This file is auto-generated *\/\n!function(d,l){\"use strict\";l.querySelector&&d.addEventListener&&\"undefined\"!=typeof URL&&(d.wp=d.wp||{},d.wp.receiveEmbedMessage||(d.wp.receiveEmbedMessage=function(e){var t=e.data;if((t||t.secret||t.message||t.value)&&!\/[^a-zA-Z0-9]\/.test(t.secret)){for(var s,r,n,a=l.querySelectorAll('iframe[data-secret=\"'+t.secret+'\"]'),o=l.querySelectorAll('blockquote[data-secret=\"'+t.secret+'\"]'),c=new RegExp(\"^https?:$\",\"i\"),i=0;i<o.length;i++)o[i].style.display=\"none\";for(i=0;i<a.length;i++)s=a[i],e.source===s.contentWindow&&(s.removeAttribute(\"style\"),\"height\"===t.message?(1e3<(r=parseInt(t.value,10))?r=1e3:~~r<200&&(r=200),s.height=r):\"link\"===t.message&&(r=new URL(s.getAttribute(\"src\")),n=new URL(t.value),c.test(n.protocol))&&n.host===r.host&&l.activeElement===s&&(d.top.location.href=t.value))}},d.addEventListener(\"message\",d.wp.receiveEmbedMessage,!1),l.addEventListener(\"DOMContentLoaded\",function(){for(var e,t,s=l.querySelectorAll(\"iframe.wp-embedded-content\"),r=0;r<s.length;r++)(t=(e=s[r]).getAttribute(\"data-secret\"))||(t=Math.random().toString(36).substring(2,12),e.src+=\"#?secret=\"+t,e.setAttribute(\"data-secret\",t)),e.contentWindow.postMessage({message:\"ready\",secret:t},\"*\")},!1)))}(window,document);\n\/\/# sourceURL=https:\/\/denizcankizil.tr\/wp-includes\/js\/wp-embed.min.js\n<\/script>","description":"Yaz\u0131c\u0131 Demir \u00c7elik Eti Toprak\u2019ta Liman Vin\u00e7 Operat\u00f6r\u00fc olarak g\u00f6rev yapan ve 55 ya\u015f\u0131nda hayata g\u00f6zlerini yuman merhum Ahmet Y\u0131ld\u0131r\u0131m&#8217;\u0131n vefat\u0131, ba\u015fta ailesi ve t\u00fcm sevenlerini derin \u00fcz\u00fcnt\u00fcye bo\u011fdu. Merhum Ahmet Y\u0131ld\u0131r\u0131m\u2019\u0131n cenazesi, bug\u00fcn saat 10:30\u2019da Kavakl\u0131oluk K\u00f6y\u00fc Mezarl\u0131\u011f\u0131\u2019nda sevenlerinin g\u00f6zya\u015flar\u0131 ve dualar\u0131 e\u015fli\u011finde topra\u011fa verilerek son yolculu\u011funa u\u011furland\u0131. \u00a0Y\u0131ld\u0131r\u0131m ailesinin taziyelerini, Denizciler Y\u00f6r\u00fckler Kasab\u0131 arkas\u0131ndaki evlerinde kabul edece\u011fi bildirildi. \u200b\u0130skenderun Mesleki ve Teknik Anadolu Lisesi M\u00fcd\u00fcr\u00fc Yusuf Y\u0131ld\u0131r\u0131m\u2019\u0131n karde\u015fi, Kavakl\u0131oluk K\u00f6y\u00fc&#8217;nden Y\u0131ld\u0131r\u0131m ailesine mensup Ahmet Y\u0131ld\u0131r\u0131m, hayat\u0131n\u0131 kaybetti.\u00a0 \u200bHaberin Al\u0131nt\u0131land\u0131\u011f\u0131 Kaynak: www.iskenderun.org"}