{"version":"1.0","provider_name":"Av. Deniz Can K\u0131z\u0131l","provider_url":"https:\/\/denizcankizil.tr\/ru","author_name":"admin","author_url":"https:\/\/denizcankizil.tr\/ru\/author\/admin\/","title":"Ad\u0131yaman\u2019da uyu\u015fturucu operasyonu: 7 g\u00f6zalt\u0131!","type":"rich","width":600,"height":338,"html":"<blockquote class=\"wp-embedded-content\" data-secret=\"RcIsJxbwyP\"><a href=\"https:\/\/denizcankizil.tr\/ru\/haberler\/gundem\/adiyamanda-uyusturucu-operasyonu-7-gozalti\/\">Ad\u0131yaman\u2019da uyu\u015fturucu operasyonu: 7 g\u00f6zalt\u0131!<\/a><\/blockquote><iframe sandbox=\"allow-scripts\" security=\"restricted\" src=\"https:\/\/denizcankizil.tr\/ru\/haberler\/gundem\/adiyamanda-uyusturucu-operasyonu-7-gozalti\/embed\/#?secret=RcIsJxbwyP\" width=\"600\" height=\"338\" title=\"\u00abAd\u0131yaman\u2019da uyu\u015fturucu operasyonu: 7 g\u00f6zalt\u0131!\u00bb &#8212; Av. Deniz Can K\u0131z\u0131l\" data-secret=\"RcIsJxbwyP\" frameborder=\"0\" marginwidth=\"0\" marginheight=\"0\" scrolling=\"no\" class=\"wp-embedded-content\"><\/iframe><script>\n\/*! This file is auto-generated *\/\n!function(d,l){\"use strict\";l.querySelector&&d.addEventListener&&\"undefined\"!=typeof URL&&(d.wp=d.wp||{},d.wp.receiveEmbedMessage||(d.wp.receiveEmbedMessage=function(e){var t=e.data;if((t||t.secret||t.message||t.value)&&!\/[^a-zA-Z0-9]\/.test(t.secret)){for(var s,r,n,a=l.querySelectorAll('iframe[data-secret=\"'+t.secret+'\"]'),o=l.querySelectorAll('blockquote[data-secret=\"'+t.secret+'\"]'),c=new RegExp(\"^https?:$\",\"i\"),i=0;i<o.length;i++)o[i].style.display=\"none\";for(i=0;i<a.length;i++)s=a[i],e.source===s.contentWindow&&(s.removeAttribute(\"style\"),\"height\"===t.message?(1e3<(r=parseInt(t.value,10))?r=1e3:~~r<200&&(r=200),s.height=r):\"link\"===t.message&&(r=new URL(s.getAttribute(\"src\")),n=new URL(t.value),c.test(n.protocol))&&n.host===r.host&&l.activeElement===s&&(d.top.location.href=t.value))}},d.addEventListener(\"message\",d.wp.receiveEmbedMessage,!1),l.addEventListener(\"DOMContentLoaded\",function(){for(var e,t,s=l.querySelectorAll(\"iframe.wp-embedded-content\"),r=0;r<s.length;r++)(t=(e=s[r]).getAttribute(\"data-secret\"))||(t=Math.random().toString(36).substring(2,12),e.src+=\"#?secret=\"+t,e.setAttribute(\"data-secret\",t)),e.contentWindow.postMessage({message:\"ready\",secret:t},\"*\")},!1)))}(window,document);\n\/\/# sourceURL=https:\/\/denizcankizil.tr\/wp-includes\/js\/wp-embed.min.js\n<\/script>","description":"Ad\u0131yaman&#8217;da d\u00fczenlenen uyu\u015fturucu operasyonunda, Z.A.\u00c7, R.H, O.Y, \u0130.\u00c7, M.G.T, A.\u0130 ve F.E.B mahkemeye \u00e7\u0131kar\u0131ld\u0131. Operasyon kapsam\u0131nda tutuklanan \u00c7.\u00c7., M.A.Y ise yarg\u0131lama sonras\u0131nda adli kontrol \u015fart\u0131yla serbest b\u0131rak\u0131ld\u0131.ADIYAMAN (\u0130GFA) &#8211;\u00a0Ad\u0131yaman Emniyet M\u00fcd\u00fcrl\u00fc\u011f\u00fc taraf\u0131ndan y\u00fcr\u00fct\u00fclen operasyonda ele ge\u00e7irilen deliller do\u011frultusunda devam eden soru\u015fturmada, ilgili \u015fah\u0131slar\u0131n uyu\u015fturucu ticareti ile ili\u015fkileri \u00fczerine \u00e7al\u0131\u015fmalar s\u00fcrd\u00fcr\u00fcld\u00fc\u011f\u00fc bildirildi. Yetkililer, uyu\u015fturucu ile m\u00fccadelede kararl\u0131l\u0131klar\u0131n\u0131 koruduklar\u0131n\u0131 ve benzer operasyonlar\u0131n aral\u0131ks\u0131z devam edece\u011fini belirtti. Olayla ilgili geli\u015fmeler ve soru\u015fturman\u0131n ilerleyen a\u015famalar\u0131, kamuoyu ile payla\u015f\u0131lmaya devam edilecek. \u200bAd\u0131yaman&#8217;da d\u00fczenlenen uyu\u015fturucu operasyonunda, Z.A.\u00c7, R.H, O.Y, \u0130.\u00c7, M.G.T, A.\u0130 ve F.E.B mahkemeye \u00e7\u0131kar\u0131ld\u0131. Operasyon kapsam\u0131nda tutuklanan \u00c7.\u00c7., M.A.Y ise yarg\u0131lama sonras\u0131nda adli kontrol \u015fart\u0131yla serbest b\u0131rak\u0131ld\u0131.ADIYAMAN (\u0130GFA) &#8211;\u00a0Ad\u0131yaman Emniyet M\u00fcd\u00fcrl\u00fc\u011f\u00fc taraf\u0131ndan y\u00fcr\u00fct\u00fclen operasyonda ele ge\u00e7irilen deliller do\u011frultusunda devam eden soru\u015fturmada, ilgili \u015fah\u0131slar\u0131n uyu\u015fturucu ticareti ile ili\u015fkileri \u00fczerine \u00e7al\u0131\u015fmalar s\u00fcrd\u00fcr\u00fcld\u00fc\u011f\u00fc bildirildi. Yetkililer, uyu\u015fturucu ile m\u00fccadelede kararl\u0131l\u0131klar\u0131n\u0131 koruduklar\u0131n\u0131 ve benzer operasyonlar\u0131n aral\u0131ks\u0131z devam edece\u011fini belirtti. Olayla ilgili geli\u015fmeler ve soru\u015fturman\u0131n ilerleyen a\u015famalar\u0131, kamuoyu ile payla\u015f\u0131lmaya devam edilecek.\u00a0 \u200bHaberin Al\u0131nt\u0131land\u0131\u011f\u0131 Kaynak: www.iskenderun.org"}