{"version":"1.0","provider_name":"Av. Deniz Can K\u0131z\u0131l","provider_url":"https:\/\/denizcankizil.tr\/ru","author_name":"admin","author_url":"https:\/\/denizcankizil.tr\/ru\/author\/admin\/","title":"28 B\u00fcy\u00fck\u015fehirde e\u015f zamanl\u0131 'G\u00f6\u00e7' denetimi","type":"rich","width":600,"height":338,"html":"<blockquote class=\"wp-embedded-content\" data-secret=\"CA43ruFMb6\"><a href=\"https:\/\/denizcankizil.tr\/ru\/haberler\/gundem\/28-buyuksehirde-es-zamanli-goc-denetimi\/\">28 B\u00fcy\u00fck\u015fehirde e\u015f zamanl\u0131 &#8216;G\u00f6\u00e7&#8217; denetimi<\/a><\/blockquote><iframe sandbox=\"allow-scripts\" security=\"restricted\" src=\"https:\/\/denizcankizil.tr\/ru\/haberler\/gundem\/28-buyuksehirde-es-zamanli-goc-denetimi\/embed\/#?secret=CA43ruFMb6\" width=\"600\" height=\"338\" title=\"\u00ab28 B\u00fcy\u00fck\u015fehirde e\u015f zamanl\u0131 &#8216;G\u00f6\u00e7&#8217; denetimi\u00bb &#8212; Av. Deniz Can K\u0131z\u0131l\" data-secret=\"CA43ruFMb6\" frameborder=\"0\" marginwidth=\"0\" marginheight=\"0\" scrolling=\"no\" class=\"wp-embedded-content\"><\/iframe><script>\n\/*! This file is auto-generated *\/\n!function(d,l){\"use strict\";l.querySelector&&d.addEventListener&&\"undefined\"!=typeof URL&&(d.wp=d.wp||{},d.wp.receiveEmbedMessage||(d.wp.receiveEmbedMessage=function(e){var t=e.data;if((t||t.secret||t.message||t.value)&&!\/[^a-zA-Z0-9]\/.test(t.secret)){for(var s,r,n,a=l.querySelectorAll('iframe[data-secret=\"'+t.secret+'\"]'),o=l.querySelectorAll('blockquote[data-secret=\"'+t.secret+'\"]'),c=new RegExp(\"^https?:$\",\"i\"),i=0;i<o.length;i++)o[i].style.display=\"none\";for(i=0;i<a.length;i++)s=a[i],e.source===s.contentWindow&&(s.removeAttribute(\"style\"),\"height\"===t.message?(1e3<(r=parseInt(t.value,10))?r=1e3:~~r<200&&(r=200),s.height=r):\"link\"===t.message&&(r=new URL(s.getAttribute(\"src\")),n=new URL(t.value),c.test(n.protocol))&&n.host===r.host&&l.activeElement===s&&(d.top.location.href=t.value))}},d.addEventListener(\"message\",d.wp.receiveEmbedMessage,!1),l.addEventListener(\"DOMContentLoaded\",function(){for(var e,t,s=l.querySelectorAll(\"iframe.wp-embedded-content\"),r=0;r<s.length;r++)(t=(e=s[r]).getAttribute(\"data-secret\"))||(t=Math.random().toString(36).substring(2,12),e.src+=\"#?secret=\"+t,e.setAttribute(\"data-secret\",t)),e.contentWindow.postMessage({message:\"ready\",secret:t},\"*\")},!1)))}(window,document);\n\/\/# sourceURL=https:\/\/denizcankizil.tr\/wp-includes\/js\/wp-embed.min.js\n<\/script>","description":"G\u00f6\u00e7 Dairesi Ba\u015fkanl\u0131\u011f\u0131&#8217;nca 28 B\u00fcy\u00fck\u015fehirde e\u015f zamanl\u0131 denetimlerde 87 d\u00fczensiz g\u00f6\u00e7men geri g\u00f6nderme merkezlerine sevk edilirken, 1 g\u00f6\u00e7men ka\u00e7ak\u00e7\u0131l\u0131\u011f\u0131 organizat\u00f6r\u00fc yakaland\u0131. Denetimlerde 6 bine yak\u0131n kimlik kontrol\u00fc yap\u0131ld\u0131.ANKARA (\u0130GFA) &#8211; \u0130\u00e7i\u015fleri Bakanl\u0131\u011f\u0131&#8217;na ba\u011fl\u0131 G\u00f6\u00e7 Dairesi Ba\u015fkanl\u0131\u011f\u0131&#8217;n\u0131n koordinasyonunda 28 B\u00fcy\u00fck\u015fehrimizde e\u015f zamanl\u0131 denetim ger\u00e7ekle\u015ftirildi. Havalimanlar\u0131, otob\u00fcs terminalleri ve tren garlar\u0131nda e\u015f zamanl\u0131 olarak 80 Mobil G\u00f6\u00e7 Noktas\u0131 arac\u0131yla birlikte yap\u0131lan denetimlerde 5 bin 795 ki\u015fiye kimlik kontrol\u00fc yap\u0131ld\u0131.87 d\u00fczensiz g\u00f6\u00e7men tespit edilerek geri g\u00f6nderme merkezlerine sevk edilen denetimlerde, 1 G\u00f6\u00e7men Ka\u00e7ak\u00e7\u0131l\u0131\u011f\u0131 Organizat\u00f6r\u00fc yakaland\u0131. \u0130\u00e7i\u015fleri Bakan\u0131 Ali Yerlikaya, s\u00f6z konusu denetimlerle bir taraftan d\u00fczensiz g\u00f6\u00e7e kar\u015f\u0131 sahada b\u00fcy\u00fck bir m\u00fccadele verirken; di\u011fer taraftan da T\u00fcrkiye&#8217;de yasal kal\u0131\u015f\u0131 olanlar\u0131 ve turistleri rahats\u0131z etmediklerini belirtti. 19 Temmuz 2023\u2019te hizmete ald\u0131klar\u0131 Mobil G\u00f6\u00e7 Noktas\u0131 Ara\u00e7lar\u0131m\u0131zla kimlik kontrollerine ba\u015flad\u0131klar\u0131 ilk \u00fc\u00e7 ayda tespit edilen d\u00fczensiz g\u00f6\u00e7men say\u0131s\u0131 oran\u0131 y\u00fczde 74,5 iken; bu oran 2025 y\u0131l\u0131 \u015eubat ay\u0131nda y\u00fczde 2,7\u2019ye kadar d\u00fc\u015ft\u00fc\u011f\u00fcn\u00fc ifade eden Bakan Yerlikaya, payla\u015f\u0131m\u0131nda, &#8220;D\u00fczensiz G\u00f6\u00e7le M\u00fccadele Stratejisinin kararl\u0131l\u0131kla ve kesintisiz bir \u015fekilde y\u00fcr\u00fct\u00fclmesi sonucu \u201c\u00dclkemiz, D\u00fczensiz G\u00f6\u00e7e Transit \u00dclke\u201d olmaktan \u00e7\u0131km\u0131\u015ft\u0131r. D\u00fczensiz G\u00f6\u00e7e kar\u015f\u0131, t\u00fcm s\u0131n\u0131rlar\u0131m\u0131zda, hudut kap\u0131lar\u0131m\u0131zda ve mavi vatan\u0131m\u0131z\u0131n her yerinde 81 ilimizin tamam\u0131nda kararl\u0131l\u0131kla ve kesintisiz bir \u015fekilde m\u00fccadele etmeye devam edece\u011fiz. Denetimleri koordine eden G\u00f6\u00e7 \u0130daresi Ba\u015fkanl\u0131\u011f\u0131m\u0131z\u0131 ve denetimleri &hellip;"}