{"version":"1.0","provider_name":"Av. Deniz Can K\u0131z\u0131l","provider_url":"https:\/\/denizcankizil.tr\/ru","author_name":"Av. Deniz Can K\u0131z\u0131l","author_url":"https:\/\/denizcankizil.tr\/ru","title":"25 Kas\u0131m'da DEVA'dan \u0130stanbul S\u00f6zle\u015fmesi vurgusu","type":"rich","width":600,"height":338,"html":"<blockquote class=\"wp-embedded-content\" data-secret=\"6vDcZhvWel\"><a href=\"https:\/\/denizcankizil.tr\/ru\/haberler\/gundem\/25-kasimda-devadan-istanbul-sozlesmesi-vurgusu\/\">25 Kas\u0131m&#8217;da DEVA&#8217;dan \u0130stanbul S\u00f6zle\u015fmesi vurgusu<\/a><\/blockquote><iframe sandbox=\"allow-scripts\" security=\"restricted\" src=\"https:\/\/denizcankizil.tr\/ru\/haberler\/gundem\/25-kasimda-devadan-istanbul-sozlesmesi-vurgusu\/embed\/#?secret=6vDcZhvWel\" width=\"600\" height=\"338\" title=\"\u00ab25 Kas\u0131m&#8217;da DEVA&#8217;dan \u0130stanbul S\u00f6zle\u015fmesi vurgusu\u00bb &#8212; Av. Deniz Can K\u0131z\u0131l\" data-secret=\"6vDcZhvWel\" frameborder=\"0\" marginwidth=\"0\" marginheight=\"0\" scrolling=\"no\" class=\"wp-embedded-content\"><\/iframe><script>\n\/*! This file is auto-generated *\/\n!function(d,l){\"use strict\";l.querySelector&&d.addEventListener&&\"undefined\"!=typeof URL&&(d.wp=d.wp||{},d.wp.receiveEmbedMessage||(d.wp.receiveEmbedMessage=function(e){var t=e.data;if((t||t.secret||t.message||t.value)&&!\/[^a-zA-Z0-9]\/.test(t.secret)){for(var s,r,n,a=l.querySelectorAll('iframe[data-secret=\"'+t.secret+'\"]'),o=l.querySelectorAll('blockquote[data-secret=\"'+t.secret+'\"]'),c=new RegExp(\"^https?:$\",\"i\"),i=0;i<o.length;i++)o[i].style.display=\"none\";for(i=0;i<a.length;i++)s=a[i],e.source===s.contentWindow&&(s.removeAttribute(\"style\"),\"height\"===t.message?(1e3<(r=parseInt(t.value,10))?r=1e3:~~r<200&&(r=200),s.height=r):\"link\"===t.message&&(r=new URL(s.getAttribute(\"src\")),n=new URL(t.value),c.test(n.protocol))&&n.host===r.host&&l.activeElement===s&&(d.top.location.href=t.value))}},d.addEventListener(\"message\",d.wp.receiveEmbedMessage,!1),l.addEventListener(\"DOMContentLoaded\",function(){for(var e,t,s=l.querySelectorAll(\"iframe.wp-embedded-content\"),r=0;r<s.length;r++)(t=(e=s[r]).getAttribute(\"data-secret\"))||(t=Math.random().toString(36).substring(2,12),e.src+=\"#?secret=\"+t,e.setAttribute(\"data-secret\",t)),e.contentWindow.postMessage({message:\"ready\",secret:t},\"*\")},!1)))}(window,document);\n\/\/# sourceURL=https:\/\/denizcankizil.tr\/wp-includes\/js\/wp-embed.min.js\n<\/script>","description":"Demokrasi ve At\u0131l\u0131m Partisi (DEVA) Kad\u0131n \u00c7al\u0131\u015fmalar\u0131 Ba\u015fkanl\u0131\u011f\u0131, 25 Kas\u0131m Kad\u0131na Y\u00f6nelik \u015eiddetle M\u00fccadele ve Fark\u0131ndal\u0131k G\u00fcn\u00fc nedeniyle bir mesaj yay\u0131mlad\u0131. Kad\u0131na y\u00f6nelik \u015fiddeti, sadece fiziksel olmay\u0131p, psikolojik ve ekonomik \u015fiddeti de i\u00e7ine alan geni\u015f bir sorun olarak tan\u0131mlayan DEVA, her g\u00fcn d\u00fcnya genelinde milyonlarca kad\u0131n\u0131n, \u015fiddet g\u00f6rd\u00fc\u011f\u00fcn\u00fc vurgulad\u0131. HER B\u0130REY\u0130N HAYALLER\u0130 VARDIR Kad\u0131nlar\u0131n ya\u015fad\u0131\u011f\u0131 bu travman\u0131n sadece kendilerini de\u011fil, toplumu ve gelecek nesilleri de etkiledi\u011fine vurgu yapan DEVA Partisi&#8217;nin a\u00e7\u0131klamas\u0131nda, \u201c\u015eiddetin en temel sebeplerinden biri, toplumsal cinsiyet e\u015fitsizli\u011fi, ataerkil bak\u0131\u015f a\u00e7\u0131lar\u0131 ve ekonomik nedenlerdir. Kad\u0131nlar, tarihsel olarak toplumda ikinci plana itilmi\u015f ve g\u00fc\u00e7s\u00fczle\u015ftirilmi\u015ftir. Ancak, \u015funu unutmamal\u0131y\u0131z ki; kad\u0131nlar sadece bir cinsiyet de\u011fil, ayn\u0131 zamanda bireylerdir. Her bireyin idealleri hayalleri oldu\u011fu gibi kad\u0131nlar\u0131m\u0131z\u0131n da hayalleri, hedefleri, haklar\u0131 ve \u00f6zg\u00fcrl\u00fckleri vard\u0131r. Hi\u00e7bir kad\u0131n, \u015fiddet g\u00f6rmek, korku i\u00e7inde ya\u015famak zorunda de\u011fildir\u201d denildi. KADINLAR G\u00dc\u00c7LEND\u0130R\u0130LMEL\u0130D\u0130R Kad\u0131na y\u00f6nelik \u015fiddetle m\u00fccadele etmenin sadece kad\u0131nlar\u0131n de\u011fil, t\u00fcm toplumun ortak sorumlulu\u011fu oldu\u011funa dikkat \u00e7eken ba\u015fkanl\u0131k, a\u00e7\u0131klamas\u0131n\u0131n devam\u0131nda, \u201cHepimizin, kad\u0131nlar\u0131n e\u015fit haklara sahip olduklar\u0131n\u0131 kabul etmeye ve bu haklar\u0131n korunmas\u0131 i\u00e7in gerekli ad\u0131mlar\u0131 atmaya ihtiyac\u0131 vard\u0131r. E\u011fitim, hukuk, sosyal hizmetler ve medya gibi alanlarda yap\u0131lacak reformlarla kad\u0131nlar\u0131n g\u00fc\u00e7lendirilmesi sa\u011flanmal\u0131d\u0131r. Bir toplumun geli\u015fmi\u015fli\u011fi, kad\u0131nlar\u0131n toplumdaki yerine, haklar\u0131na sayg\u0131 g\u00f6sterilmesine ve \u015fiddetle m\u00fccadeledeki kararl\u0131l\u0131\u011f\u0131na bak\u0131larak \u00f6l\u00e7\u00fcl\u00fcr\u201d ifadelerine yer verildi. KARARLILIK &hellip;"}