{"version":"1.0","provider_name":"Av. Deniz Can K\u0131z\u0131l","provider_url":"https:\/\/denizcankizil.tr\/ru","author_name":"admin","author_url":"https:\/\/denizcankizil.tr\/ru\/author\/admin\/","title":"24. Uluslararas\u0131 Sapanca \u015eiir Ak\u015famlar\u0131 ba\u015fl\u0131yor","type":"rich","width":600,"height":338,"html":"<blockquote class=\"wp-embedded-content\" data-secret=\"HaOPiUckJk\"><a href=\"https:\/\/denizcankizil.tr\/ru\/haberler\/gundem\/24-uluslararasi-sapanca-siir-aksamlari-basliyor\/\">24. Uluslararas\u0131 Sapanca \u015eiir Ak\u015famlar\u0131 ba\u015fl\u0131yor<\/a><\/blockquote><iframe sandbox=\"allow-scripts\" security=\"restricted\" src=\"https:\/\/denizcankizil.tr\/ru\/haberler\/gundem\/24-uluslararasi-sapanca-siir-aksamlari-basliyor\/embed\/#?secret=HaOPiUckJk\" width=\"600\" height=\"338\" title=\"\u00ab24. Uluslararas\u0131 Sapanca \u015eiir Ak\u015famlar\u0131 ba\u015fl\u0131yor\u00bb &#8212; Av. Deniz Can K\u0131z\u0131l\" data-secret=\"HaOPiUckJk\" frameborder=\"0\" marginwidth=\"0\" marginheight=\"0\" scrolling=\"no\" class=\"wp-embedded-content\"><\/iframe><script>\n\/*! This file is auto-generated *\/\n!function(d,l){\"use strict\";l.querySelector&&d.addEventListener&&\"undefined\"!=typeof URL&&(d.wp=d.wp||{},d.wp.receiveEmbedMessage||(d.wp.receiveEmbedMessage=function(e){var t=e.data;if((t||t.secret||t.message||t.value)&&!\/[^a-zA-Z0-9]\/.test(t.secret)){for(var s,r,n,a=l.querySelectorAll('iframe[data-secret=\"'+t.secret+'\"]'),o=l.querySelectorAll('blockquote[data-secret=\"'+t.secret+'\"]'),c=new RegExp(\"^https?:$\",\"i\"),i=0;i<o.length;i++)o[i].style.display=\"none\";for(i=0;i<a.length;i++)s=a[i],e.source===s.contentWindow&&(s.removeAttribute(\"style\"),\"height\"===t.message?(1e3<(r=parseInt(t.value,10))?r=1e3:~~r<200&&(r=200),s.height=r):\"link\"===t.message&&(r=new URL(s.getAttribute(\"src\")),n=new URL(t.value),c.test(n.protocol))&&n.host===r.host&&l.activeElement===s&&(d.top.location.href=t.value))}},d.addEventListener(\"message\",d.wp.receiveEmbedMessage,!1),l.addEventListener(\"DOMContentLoaded\",function(){for(var e,t,s=l.querySelectorAll(\"iframe.wp-embedded-content\"),r=0;r<s.length;r++)(t=(e=s[r]).getAttribute(\"data-secret\"))||(t=Math.random().toString(36).substring(2,12),e.src+=\"#?secret=\"+t,e.setAttribute(\"data-secret\",t)),e.contentWindow.postMessage({message:\"ready\",secret:t},\"*\")},!1)))}(window,document);\n\/\/# sourceURL=https:\/\/denizcankizil.tr\/wp-includes\/js\/wp-embed.min.js\n<\/script>","description":"Sakarya B\u00fcy\u00fck\u015fehir Belediyesi taraf\u0131ndan bu y\u0131l 24.\u2019s\u00fc d\u00fczenlenen \u201cUluslararas\u0131 Sapanca \u015eiir Ak\u015famlar\u0131\u201d 12 Haziran Per\u015fembe g\u00fcn\u00fc saat 18.30\u2019da Sakarya \u00dcniversitesi Sakl\u0131 Bah\u00e7e\u2019de ger\u00e7ekle\u015fecek a\u00e7\u0131l\u0131\u015f program\u0131yla ba\u015flayacak.SAKARYA (\u0130GFA) &#8211; Sakarya B\u00fcy\u00fck\u015fehir Belediyesi taraf\u0131ndan bu y\u0131l 24.\u2019s\u00fc d\u00fczenlenen Uluslararas\u0131 Sapanca \u015eiir Ak\u015famlar\u0131, e\u015fsiz bir a\u00e7\u0131l\u0131\u015fla sanatseverleri bulu\u015fturacak. M\u00dcZ\u0130K VE \u015e\u0130\u0130RLE A\u00c7ILI\u015e A\u00e7\u0131l\u0131\u015f gecesinde ilk olarak Kent Orkestras\u0131 sahne alacak. Ard\u0131ndan sahneye \u00e7\u0131kacak \u015fairler, \u015fiirlerini okuyarak dinleyicilerle bulu\u015facak. T\u00fcrkiye\u2019nin ve farkl\u0131 \u00fclkelerden programa kat\u0131lacak \u015fairler sadece dizeleriyle de\u011fil, y\u00fcrekten gelen sesleriyle de iz b\u0131rakacak. SAKLI BAH\u00c7E\u2019DE \u015e\u0130\u0130RE YOLCULUK 12 Haziran Per\u015fembe g\u00fcn\u00fc saat 18.30\u2019da Sakarya \u00dcniversitesi Esentepe Kamp\u00fcs\u00fc i\u00e7inde yer alan Sakl\u0131 Bah\u00e7e, do\u011fayla i\u00e7 i\u00e7e atmosferiyle \u015fiir ak\u015fam\u0131na ev sahipli\u011fi yapacak. A\u00e7\u0131k havada d\u00fczenlenecek program, kat\u0131l\u0131mc\u0131lara hem huzurlu hem de sanatsal bir deneyim sunacak. \u200bSakarya B\u00fcy\u00fck\u015fehir Belediyesi taraf\u0131ndan bu y\u0131l 24.\u2019s\u00fc d\u00fczenlenen \u201cUluslararas\u0131 Sapanca \u015eiir Ak\u015famlar\u0131\u201d 12 Haziran Per\u015fembe g\u00fcn\u00fc saat 18.30\u2019da Sakarya \u00dcniversitesi Sakl\u0131 Bah\u00e7e\u2019de ger\u00e7ekle\u015fecek a\u00e7\u0131l\u0131\u015f program\u0131yla ba\u015flayacak.SAKARYA (\u0130GFA) &#8211; Sakarya B\u00fcy\u00fck\u015fehir Belediyesi taraf\u0131ndan bu y\u0131l 24.\u2019s\u00fc d\u00fczenlenen Uluslararas\u0131 Sapanca \u015eiir Ak\u015famlar\u0131, e\u015fsiz bir a\u00e7\u0131l\u0131\u015fla sanatseverleri bulu\u015fturacak. M\u00dcZ\u0130K VE \u015e\u0130\u0130RLE A\u00c7ILI\u015e A\u00e7\u0131l\u0131\u015f gecesinde ilk olarak Kent Orkestras\u0131 sahne alacak. Ard\u0131ndan sahneye \u00e7\u0131kacak \u015fairler, \u015fiirlerini okuyarak dinleyicilerle bulu\u015facak. T\u00fcrkiye\u2019nin ve farkl\u0131 \u00fclkelerden programa kat\u0131lacak \u015fairler sadece dizeleriyle de\u011fil, y\u00fcrekten gelen sesleriyle &hellip;"}