{"version":"1.0","provider_name":"Av. Deniz Can K\u0131z\u0131l","provider_url":"https:\/\/denizcankizil.tr\/ru","author_name":"Av. Deniz Can K\u0131z\u0131l","author_url":"https:\/\/denizcankizil.tr\/ru\/author\/denizcankizil\/","title":"Turistin darp edildi\u011fi i\u015fletme m\u00fch\u00fcrlendi","type":"rich","width":600,"height":338,"html":"<blockquote class=\"wp-embedded-content\" data-secret=\"wB3x7VEBkX\"><a href=\"https:\/\/denizcankizil.tr\/ru\/haberler\/antalya\/turistin-darp-edildigi-isletme-muhurlendi\/\">Turistin darp edildi\u011fi i\u015fletme m\u00fch\u00fcrlendi<\/a><\/blockquote><iframe sandbox=\"allow-scripts\" security=\"restricted\" src=\"https:\/\/denizcankizil.tr\/ru\/haberler\/antalya\/turistin-darp-edildigi-isletme-muhurlendi\/embed\/#?secret=wB3x7VEBkX\" width=\"600\" height=\"338\" title=\"\u00abTuristin darp edildi\u011fi i\u015fletme m\u00fch\u00fcrlendi\u00bb &#8212; Av. Deniz Can K\u0131z\u0131l\" data-secret=\"wB3x7VEBkX\" frameborder=\"0\" marginwidth=\"0\" marginheight=\"0\" scrolling=\"no\" class=\"wp-embedded-content\"><\/iframe><script>\n\/*! This file is auto-generated *\/\n!function(d,l){\"use strict\";l.querySelector&&d.addEventListener&&\"undefined\"!=typeof URL&&(d.wp=d.wp||{},d.wp.receiveEmbedMessage||(d.wp.receiveEmbedMessage=function(e){var t=e.data;if((t||t.secret||t.message||t.value)&&!\/[^a-zA-Z0-9]\/.test(t.secret)){for(var s,r,n,a=l.querySelectorAll('iframe[data-secret=\"'+t.secret+'\"]'),o=l.querySelectorAll('blockquote[data-secret=\"'+t.secret+'\"]'),c=new RegExp(\"^https?:$\",\"i\"),i=0;i<o.length;i++)o[i].style.display=\"none\";for(i=0;i<a.length;i++)s=a[i],e.source===s.contentWindow&&(s.removeAttribute(\"style\"),\"height\"===t.message?(1e3<(r=parseInt(t.value,10))?r=1e3:~~r<200&&(r=200),s.height=r):\"link\"===t.message&&(r=new URL(s.getAttribute(\"src\")),n=new URL(t.value),c.test(n.protocol))&&n.host===r.host&&l.activeElement===s&&(d.top.location.href=t.value))}},d.addEventListener(\"message\",d.wp.receiveEmbedMessage,!1),l.addEventListener(\"DOMContentLoaded\",function(){for(var e,t,s=l.querySelectorAll(\"iframe.wp-embedded-content\"),r=0;r<s.length;r++)(t=(e=s[r]).getAttribute(\"data-secret\"))||(t=Math.random().toString(36).substring(2,12),e.src+=\"#?secret=\"+t,e.setAttribute(\"data-secret\",t)),e.contentWindow.postMessage({message:\"ready\",secret:t},\"*\")},!1)))}(window,document);\n\/\/# sourceURL=https:\/\/denizcankizil.tr\/wp-includes\/js\/wp-embed.min.js\n<\/script>","thumbnail_url":"https:\/\/denizcankizil.tr\/wp-content\/uploads\/2025\/05\/6418-zbM9E4.jpg","thumbnail_width":1280,"thumbnail_height":720,"description":"Damlata\u015f Plaj\u0131&#8217;ndaki i\u015fletmede, 16 May\u0131s&#8217;ta, bir tesis \u00e7al\u0131\u015fan\u0131 ile yabanc\u0131 uyruklu turist aras\u0131nda tart\u0131\u015fma \u00e7\u0131kt\u0131. G\u00f6rg\u00fc tan\u0131klar\u0131n\u0131n iddias\u0131na g\u00f6re \u015fezlong kiralamak isteyen ancak rakam\u0131 y\u00fcksek bulunca vazge\u00e7en turist, e\u015fyalar\u0131n\u0131 kuma koyup denize girmek istedi. Turist ile kendisini ba\u015fka yere gitmesi i\u00e7in uyaran tesis \u00e7al\u0131\u015fan\u0131 aras\u0131ndaki tart\u0131\u015fma b\u00fcy\u00fcd\u00fc. Tesis \u00e7al\u0131\u015fan\u0131 kendisine ters cevap verdi\u011fi gerek\u00e7esiyle turisti di\u011fer tatilcilerin \u00f6n\u00fcnde darbetti. Olay\u0131 araya girenler yat\u0131\u015ft\u0131r\u0131rken, turist plajdan ayr\u0131ld\u0131. Olayla ilgili g\u00f6r\u00fcnt\u00fc, sosyal medyada h\u0131zla yay\u0131ld\u0131. G\u00f6r\u00fcnt\u00fcde turist oldu\u011fu g\u00f6r\u00fclen ki\u015finin darbedildi\u011fi anlar yer ald\u0131. &#8216;\u0130\u015eLETME AYNI G\u00dcN M\u00dcH\u00dcRLEND\u0130&#8217; Alanya Kaymakam\u0131 Fatih \u00dcrkmezer, s\u00f6z konusu i\u015fletmenin m\u00fch\u00fcrlendi\u011fini a\u00e7\u0131klayarak, &#8220;Ge\u00e7ti\u011fimiz g\u00fcnlerde Alanya&#8217;m\u0131z\u0131n bir plaj i\u015fletmesinde meydana gelen, kentimizi ve turizm anlay\u0131\u015f\u0131m\u0131z\u0131 yans\u0131tmayan turiste sald\u0131r\u0131 i\u015flemi ile ilgili adli ve idari i\u015flemler hemen ba\u015flat\u0131lm\u0131\u015ft\u0131r. Ad\u0131 ge\u00e7en i\u015fletme olay\u0131n oldu\u011fu ayn\u0131 g\u00fcn zab\u0131ta ekiplerince m\u00fch\u00fcrlenmi\u015ftir ve halen de m\u00fch\u00fcrl\u00fcd\u00fcr. T\u00fcrkiye&#8217;de turizmin ilk ba\u015flad\u0131\u011f\u0131 kentlerden olan Alanya&#8217;m\u0131zda hem kentimizin hem de \u00fclkemizin misafirperverlik anlay\u0131\u015f\u0131na ayk\u0131r\u0131 yakla\u015f\u0131mlara m\u00fcsamaha g\u00f6sterilmeyecektir&#8221; dedi. &#8216;DARP RAPORUM VAR, TUR\u0130ST\u0130N YOK&#8217; Ya\u015fanan olay\u0131n ard\u0131ndan i\u015fletme sahibi Serhan Ko\u00e7aro\u011flu, bas\u0131n kurulu\u015flar\u0131na yaz\u0131l\u0131 a\u00e7\u0131klama g\u00f6nderdi. Olay\u0131n kendi i\u015fletmesinin sahil s\u0131n\u0131rlar\u0131 d\u0131\u015f\u0131nda ger\u00e7ekle\u015fti\u011fini \u00f6ne s\u00fcren Ko\u00e7aro\u011flu, &#8220;Alkol\u00fcn etkisinde olan bir Rus turist, sahilimizde locada oturan T\u00fcrk m\u00fc\u015fterimize \u015fezlong f\u0131rlatt\u0131. M\u00fcdahale etmek \u00fczere yanlar\u0131na gitti\u011fimde ise s\u00f6z konusu &hellip;"}