{"version":"1.0","provider_name":"Av. Deniz Can K\u0131z\u0131l","provider_url":"https:\/\/denizcankizil.tr\/ru","author_name":"Av. Deniz Can K\u0131z\u0131l","author_url":"https:\/\/denizcankizil.tr\/ru\/author\/denizcankizil\/","title":"Toptanc\u0131 Hali'nde kundaklama","type":"rich","width":600,"height":338,"html":"<blockquote class=\"wp-embedded-content\" data-secret=\"smBldwd3Ay\"><a href=\"https:\/\/denizcankizil.tr\/ru\/haberler\/antalya\/toptanci-halinde-kundaklama\/\">Toptanc\u0131 Hali&#8217;nde kundaklama<\/a><\/blockquote><iframe sandbox=\"allow-scripts\" security=\"restricted\" src=\"https:\/\/denizcankizil.tr\/ru\/haberler\/antalya\/toptanci-halinde-kundaklama\/embed\/#?secret=smBldwd3Ay\" width=\"600\" height=\"338\" title=\"\u00abToptanc\u0131 Hali&#8217;nde kundaklama\u00bb &#8212; Av. Deniz Can K\u0131z\u0131l\" data-secret=\"smBldwd3Ay\" frameborder=\"0\" marginwidth=\"0\" marginheight=\"0\" scrolling=\"no\" class=\"wp-embedded-content\"><\/iframe><script>\n\/*! This file is auto-generated *\/\n!function(d,l){\"use strict\";l.querySelector&&d.addEventListener&&\"undefined\"!=typeof URL&&(d.wp=d.wp||{},d.wp.receiveEmbedMessage||(d.wp.receiveEmbedMessage=function(e){var t=e.data;if((t||t.secret||t.message||t.value)&&!\/[^a-zA-Z0-9]\/.test(t.secret)){for(var s,r,n,a=l.querySelectorAll('iframe[data-secret=\"'+t.secret+'\"]'),o=l.querySelectorAll('blockquote[data-secret=\"'+t.secret+'\"]'),c=new RegExp(\"^https?:$\",\"i\"),i=0;i<o.length;i++)o[i].style.display=\"none\";for(i=0;i<a.length;i++)s=a[i],e.source===s.contentWindow&&(s.removeAttribute(\"style\"),\"height\"===t.message?(1e3<(r=parseInt(t.value,10))?r=1e3:~~r<200&&(r=200),s.height=r):\"link\"===t.message&&(r=new URL(s.getAttribute(\"src\")),n=new URL(t.value),c.test(n.protocol))&&n.host===r.host&&l.activeElement===s&&(d.top.location.href=t.value))}},d.addEventListener(\"message\",d.wp.receiveEmbedMessage,!1),l.addEventListener(\"DOMContentLoaded\",function(){for(var e,t,s=l.querySelectorAll(\"iframe.wp-embedded-content\"),r=0;r<s.length;r++)(t=(e=s[r]).getAttribute(\"data-secret\"))||(t=Math.random().toString(36).substring(2,12),e.src+=\"#?secret=\"+t,e.setAttribute(\"data-secret\",t)),e.contentWindow.postMessage({message:\"ready\",secret:t},\"*\")},!1)))}(window,document);\n\/\/# sourceURL=https:\/\/denizcankizil.tr\/wp-includes\/js\/wp-embed.min.js\n<\/script>","thumbnail_url":"https:\/\/denizcankizil.tr\/wp-content\/uploads\/2025\/02\/5207-01-LYW58n.jpeg","thumbnail_width":1280,"thumbnail_height":720,"description":"Olay, d\u00fcn saat 23.35 s\u0131ralar\u0131nda Cumhuriyet Mahallesi Toptanc\u0131 Hali&#8217;nde meydana geldi. Edinilen bilgiye g\u00f6re, \u0130brahim \u00d6.&#8217;ye ait ardiye deposunun \u00f6n\u00fcne gelen \u015f\u00fcpheli, \u00e7\u00f6p konteynerinden ald\u0131\u011f\u0131 kartonu \u00e7akmakla ate\u015fe verdi. Ard\u0131ndan kartonu plastik kasalar\u0131n aras\u0131na atarak b\u00f6lgeden uzakla\u015ft\u0131. Bir s\u00fcre sonra geri d\u00f6nen \u015fah\u0131s, alevlerin y\u00fckseldi\u011fini fark edince olay yerinden h\u0131zla ayr\u0131ld\u0131. Yang\u0131nda i\u015f yeri deposu zarar g\u00f6rd\u00fc Yang\u0131n\u0131 fark eden vatanda\u015flar durumu 112 Acil \u00c7a\u011fr\u0131 Merkezi&#8217;ne bildirdi. \u0130hbar \u00fczerine olay yerine gelen itfaiye ekipleri yang\u0131n\u0131 k\u0131sa s\u00fcrede s\u00f6nd\u00fcrd\u00fc. Ancak i\u015f yerinde bulunan plastik kasalar kullan\u0131lamaz hale gelirken, depodaki sebzeler de zarar g\u00f6rd\u00fc. &#8220;Alevleri g\u00f6r\u00fcnce t\u0131r\u0131m\u0131 \u00e7ektim. Nas\u0131l oldu anlamad\u0131k&#8221; Olay s\u0131ras\u0131nda b\u00f6lgedeki t\u0131r \u015fof\u00f6rlerinden Seyfettin Mandac\u0131, yang\u0131n\u0131 fark eder etmez i\u015f yeri sahiplerini arad\u0131klar\u0131n\u0131 belirterek, &#8220;Ben buraya t\u0131r\u0131m\u0131 yana\u015ft\u0131rd\u0131m. Birdenbire alevler y\u00fckseldi. Hemen i\u015f yeri sahiplerini arad\u0131k. Alevleri g\u00f6r\u00fcnce t\u0131r\u0131m\u0131 ve di\u011fer ara\u00e7lar\u0131 zarar g\u00f6rmemesi i\u00e7in \u00e7ektik. Yang\u0131n \u00e7\u00f6p konteynerinin yan\u0131ndan ba\u015flad\u0131, nas\u0131l oldu anlamad\u0131k&#8221; dedi. Polis \u015f\u00fcpheliyi ar\u0131yor Olayla ilgili polis ekipleri inceleme ba\u015flatt\u0131. G\u00fcvenlik kameras\u0131na yans\u0131yan g\u00f6r\u00fcnt\u00fclerde, zanl\u0131n\u0131n plastik kasalar\u0131 ate\u015fe vermesi, ard\u0131ndan b\u00f6lgeden uzakla\u015fmas\u0131, daha sonra geri d\u00f6nerek yang\u0131n\u0131 kontrol etmesi ve alevleri g\u00f6r\u00fcnce ka\u00e7mas\u0131 anbean kaydedildi. \u015e\u00fcphelinin kimli\u011finin belirlenmesi ve yakalanmas\u0131 i\u00e7in \u00e7al\u0131\u015fmalar s\u00fcr\u00fcyor. Kaynak: www.kanalv.com.tr Haber Sitesinden Al\u0131nm\u0131\u015ft\u0131r."}