{"version":"1.0","provider_name":"Av. Deniz Can K\u0131z\u0131l","provider_url":"https:\/\/denizcankizil.tr\/ru","author_name":"Av. Deniz Can K\u0131z\u0131l","author_url":"https:\/\/denizcankizil.tr\/ru\/author\/denizcankizil\/","title":"Tarihi Oba Medresesi'nin restorasyonu son a\u015famada","type":"rich","width":600,"height":338,"html":"<blockquote class=\"wp-embedded-content\" data-secret=\"sYoqE5I5CI\"><a href=\"https:\/\/denizcankizil.tr\/ru\/haberler\/antalya\/tarihi-oba-medresesinin-restorasyonu-son-asamada\/\">Tarihi Oba Medresesi&#8217;nin restorasyonu son a\u015famada<\/a><\/blockquote><iframe sandbox=\"allow-scripts\" security=\"restricted\" src=\"https:\/\/denizcankizil.tr\/ru\/haberler\/antalya\/tarihi-oba-medresesinin-restorasyonu-son-asamada\/embed\/#?secret=sYoqE5I5CI\" width=\"600\" height=\"338\" title=\"\u00abTarihi Oba Medresesi&#8217;nin restorasyonu son a\u015famada\u00bb &#8212; Av. Deniz Can K\u0131z\u0131l\" data-secret=\"sYoqE5I5CI\" frameborder=\"0\" marginwidth=\"0\" marginheight=\"0\" scrolling=\"no\" class=\"wp-embedded-content\"><\/iframe><script>\n\/*! This file is auto-generated *\/\n!function(d,l){\"use strict\";l.querySelector&&d.addEventListener&&\"undefined\"!=typeof URL&&(d.wp=d.wp||{},d.wp.receiveEmbedMessage||(d.wp.receiveEmbedMessage=function(e){var t=e.data;if((t||t.secret||t.message||t.value)&&!\/[^a-zA-Z0-9]\/.test(t.secret)){for(var s,r,n,a=l.querySelectorAll('iframe[data-secret=\"'+t.secret+'\"]'),o=l.querySelectorAll('blockquote[data-secret=\"'+t.secret+'\"]'),c=new RegExp(\"^https?:$\",\"i\"),i=0;i<o.length;i++)o[i].style.display=\"none\";for(i=0;i<a.length;i++)s=a[i],e.source===s.contentWindow&&(s.removeAttribute(\"style\"),\"height\"===t.message?(1e3<(r=parseInt(t.value,10))?r=1e3:~~r<200&&(r=200),s.height=r):\"link\"===t.message&&(r=new URL(s.getAttribute(\"src\")),n=new URL(t.value),c.test(n.protocol))&&n.host===r.host&&l.activeElement===s&&(d.top.location.href=t.value))}},d.addEventListener(\"message\",d.wp.receiveEmbedMessage,!1),l.addEventListener(\"DOMContentLoaded\",function(){for(var e,t,s=l.querySelectorAll(\"iframe.wp-embedded-content\"),r=0;r<s.length;r++)(t=(e=s[r]).getAttribute(\"data-secret\"))||(t=Math.random().toString(36).substring(2,12),e.src+=\"#?secret=\"+t,e.setAttribute(\"data-secret\",t)),e.contentWindow.postMessage({message:\"ready\",secret:t},\"*\")},!1)))}(window,document);\n\/\/# sourceURL=https:\/\/denizcankizil.tr\/wp-includes\/js\/wp-embed.min.js\n<\/script>","thumbnail_url":"https:\/\/denizcankizil.tr\/wp-content\/uploads\/2025\/02\/4534-01-0Ek9ax.jpeg","thumbnail_width":1280,"thumbnail_height":720,"description":"Alanya\u2019n\u0131n \u00f6nemli tarihi yap\u0131lar\u0131ndan olan Oba Medresesi\u2019nde Alanya Belediyesi taraf\u0131ndan s\u00fcrd\u00fcr\u00fclen restorasyon \u00e7al\u0131\u015fmalar devam ediyor. Alanya Belediyesi\u2019nin k\u00fclt\u00fcr varl\u0131klar\u0131n\u0131n korunmas\u0131 ve gelecek ku\u015faklara aktar\u0131lmas\u0131 \u00e7al\u0131\u015fmalar\u0131 kapsam\u0131nda e\u011fitim yuvas\u0131 olarak kullan\u0131lan tarihi Oba Medresesi\u2019nde birinci etap \u00e7al\u0131\u015fmalar\u0131n\u0131n tamamlanmas\u0131n\u0131n ard\u0131ndan ikinci etap \u00e7al\u0131\u015fmalar\u0131na ge\u00e7ilmi\u015fti. \u00c7evre d\u00fczenlemesi ba\u015fta olmak \u00fczere devam eden ikinci etap restorasyon \u00e7al\u0131\u015fmalar\u0131nda son a\u015famaya gelindi. Vak\u0131flar Genel M\u00fcd\u00fcrl\u00fc\u011f\u00fc m\u00fclkiyetinde bulunan ve Alanya Belediyesi taraf\u0131ndan 30 y\u0131ll\u0131k kiralanan Oba Medresesi\u2019nde restorasyon \u00e7al\u0131\u015fmalar\u0131 K\u00fclt\u00fcr Varl\u0131klar\u0131n\u0131 Koruma B\u00f6lge Kurulu taraf\u0131ndan onaylanan projeye uygun olarak yap\u0131ld\u0131. \u00c7al\u0131\u015fmalar\u0131n tamamlanmas\u0131n\u0131n ard\u0131ndan Medrese, vatanda\u015flar\u0131n ve turizmin hizmetine sunulacak. \u2018\u2019Bir i\u015fin daha sonuna gelmek \u00fczereyiz\u2019\u2019 Alanya Belediye Ba\u015fkan\u0131 Osman Tar\u0131k \u00d6z\u00e7elik, Ba\u015fkan Yard\u0131mc\u0131lar\u0131 Hasan Servet \u00dcnl\u00fc ve Hasan Can Kamburo\u011flu ile \u00e7al\u0131\u015fmalar\u0131n s\u00fcrd\u00fc\u011f\u00fc Oba Medresesi\u2019nde incelemelerde bulundu. Ba\u015fkan \u00d6z\u00e7elik k\u0131sa s\u00fcre i\u00e7erisinde Oba Medresesi\u2019ni hizmete sunacaklar\u0131n\u0131 belirterek, &#8220;Oba Mahallemizde 14. y\u00fczy\u0131l d\u00f6neminde e\u011fitim maksatl\u0131 yap\u0131lan Oba Medresesi\u2019ndeki restorasyon \u00e7al\u0131\u015fmalar\u0131n\u0131 yerinde inceledik. \u0130lk olarak 1965 y\u0131l\u0131nda Metin S\u00f6zen taraf\u0131ndan bilimsel \u00e7al\u0131\u015fmalar\u0131 yap\u0131lm\u0131\u015ft\u0131. Buradaki ziyaretimiz s\u0131ras\u0131nda g\u00f6rd\u00fck ki bir i\u015fin daha sonuna gelmek \u00fczereyiz. 2017 y\u0131l\u0131nda Vak\u0131flar Genel M\u00fcd\u00fcrl\u00fc\u011f\u00fc taraf\u0131ndan 30 y\u0131ll\u0131\u011f\u0131na Alanya Belediyesi\u2019ne tahsis edilen bu medrese 7. y\u0131l\u0131n sonunda bizim taraf\u0131m\u0131zdan Alanya turizmine in\u015fallah kazand\u0131r\u0131lacakt\u0131r. Y\u00fczde 90 a\u015famas\u0131na kadar getirdik, birka\u00e7 ay i\u00e7erisinde tamamlanmas\u0131n\u0131 bekliyoruz&#8221; dedi. Kaynak: &hellip;"}