{"version":"1.0","provider_name":"Av. Deniz Can K\u0131z\u0131l","provider_url":"https:\/\/denizcankizil.tr\/ru","author_name":"Av. Deniz Can K\u0131z\u0131l","author_url":"https:\/\/denizcankizil.tr\/ru\/author\/denizcankizil\/","title":"\u015eiddetli r\u00fczgar ve so\u011fuk ya\u015fam\u0131 olumsuz etkiledi","type":"rich","width":600,"height":338,"html":"<blockquote class=\"wp-embedded-content\" data-secret=\"BIcu4TYmer\"><a href=\"https:\/\/denizcankizil.tr\/ru\/haberler\/antalya\/siddetli-ruzgar-ve-soguk-yasami-olumsuz-etkiledi\/\">\u015eiddetli r\u00fczgar ve so\u011fuk ya\u015fam\u0131 olumsuz etkiledi<\/a><\/blockquote><iframe sandbox=\"allow-scripts\" security=\"restricted\" src=\"https:\/\/denizcankizil.tr\/ru\/haberler\/antalya\/siddetli-ruzgar-ve-soguk-yasami-olumsuz-etkiledi\/embed\/#?secret=BIcu4TYmer\" width=\"600\" height=\"338\" title=\"\u00ab\u015eiddetli r\u00fczgar ve so\u011fuk ya\u015fam\u0131 olumsuz etkiledi\u00bb &#8212; Av. Deniz Can K\u0131z\u0131l\" data-secret=\"BIcu4TYmer\" frameborder=\"0\" marginwidth=\"0\" marginheight=\"0\" scrolling=\"no\" class=\"wp-embedded-content\"><\/iframe><script>\n\/*! This file is auto-generated *\/\n!function(d,l){\"use strict\";l.querySelector&&d.addEventListener&&\"undefined\"!=typeof URL&&(d.wp=d.wp||{},d.wp.receiveEmbedMessage||(d.wp.receiveEmbedMessage=function(e){var t=e.data;if((t||t.secret||t.message||t.value)&&!\/[^a-zA-Z0-9]\/.test(t.secret)){for(var s,r,n,a=l.querySelectorAll('iframe[data-secret=\"'+t.secret+'\"]'),o=l.querySelectorAll('blockquote[data-secret=\"'+t.secret+'\"]'),c=new RegExp(\"^https?:$\",\"i\"),i=0;i<o.length;i++)o[i].style.display=\"none\";for(i=0;i<a.length;i++)s=a[i],e.source===s.contentWindow&&(s.removeAttribute(\"style\"),\"height\"===t.message?(1e3<(r=parseInt(t.value,10))?r=1e3:~~r<200&&(r=200),s.height=r):\"link\"===t.message&&(r=new URL(s.getAttribute(\"src\")),n=new URL(t.value),c.test(n.protocol))&&n.host===r.host&&l.activeElement===s&&(d.top.location.href=t.value))}},d.addEventListener(\"message\",d.wp.receiveEmbedMessage,!1),l.addEventListener(\"DOMContentLoaded\",function(){for(var e,t,s=l.querySelectorAll(\"iframe.wp-embedded-content\"),r=0;r<s.length;r++)(t=(e=s[r]).getAttribute(\"data-secret\"))||(t=Math.random().toString(36).substring(2,12),e.src+=\"#?secret=\"+t,e.setAttribute(\"data-secret\",t)),e.contentWindow.postMessage({message:\"ready\",secret:t},\"*\")},!1)))}(window,document);\n\/\/# sourceURL=https:\/\/denizcankizil.tr\/wp-includes\/js\/wp-embed.min.js\n<\/script>","thumbnail_url":"https:\/\/denizcankizil.tr\/wp-content\/uploads\/2025\/03\/5630-01-IW2Zy1.jpeg","thumbnail_width":1280,"thumbnail_height":720,"description":"Alanya&#8217;da gece saatlerinde etkili olan \u015fiddetli r\u00fczgar, kent genelinde hasara yol a\u00e7t\u0131. \u0130skele Caddesi&#8217;nde bir binan\u0131n tadilat\u0131 i\u00e7in kurulan iskele, \u015fiddetli r\u00fczgar\u0131n etkisiyle yerinden oynad\u0131. \u00c7evredekilerin ihbar\u0131 \u00fczerine olay yerine polis ve zab\u0131ta ekipleri sevk edildi. G\u00fcvenlik \u00f6nlemleri alan ekipler, yolu trafi\u011fe kapatarak vatanda\u015flar\u0131 tehlikeye kar\u015f\u0131 uyard\u0131. \u0130FTAR \u00c7ADIRI YIKILDI K\u0131z\u0131lkule Meydan\u0131&#8217;nda kurulan iftar \u00e7ad\u0131r\u0131 da \u015fiddetli r\u00fczgar nedeniyle devrildi. Kayal\u0131klara savrulan \u00e7ad\u0131r, Alanya Belediyesi ekipleri taraf\u0131ndan kald\u0131r\u0131ld\u0131. \u00c7ad\u0131r\u0131n i\u00e7inde bulunan masa ve sandalyeler de \u00e7evreye sa\u00e7\u0131ld\u0131. \u0130skele Caddesi&#8217;nde ise m\u0131s\u0131r sat\u0131c\u0131lar\u0131n\u0131n tezgahlar\u0131 zarar g\u00f6rd\u00fc. YAYLA YOLLARI BUZ TUTTU Alanya&#8217;n\u0131n y\u00fcksek kesimlerinde hava s\u0131cakl\u0131\u011f\u0131n\u0131n s\u0131f\u0131r\u0131n alt\u0131na d\u00fc\u015fmesiyle birlikte yollar buz tuttu. Gece saatlerinde ba\u015flayan so\u011fuk hava nedeniyle s\u00fcr\u00fcc\u00fcler zor anlar ya\u015fad\u0131. Yayla yollar\u0131nda buzlanma meydana gelirken, yetkililer s\u00fcr\u00fcc\u00fcleri dikkatli olmalar\u0131 konusunda uyard\u0131. B\u00dcY\u00dcK HASAR OLU\u015eTU Badema\u011fac\u0131 Mahallesi&#8217;nde f\u0131rt\u0131na ve so\u011fuk hava nedeniyle elektrik kesintileri ya\u015fand\u0131. \u015eiddetli r\u00fczgar\u0131n etkisiyle telefon direkleri ve a\u011fa\u00e7lar devrildi, baz\u0131 evlerin \u00e7at\u0131lar\u0131 u\u00e7tu ve meyve a\u011fa\u00e7lar\u0131 zarar g\u00f6rd\u00fc. Elektrik kesintisi nedeniyle Oba \u00c7ay\u0131&#8217;ndaki su motorlar\u0131 devre d\u0131\u015f\u0131 kald\u0131, bu da depolara su pompalanmas\u0131n\u0131 engelledi. \u015eiddetli r\u00fczgar nedeniyle badem a\u011fa\u00e7lar\u0131ndaki \u00e7i\u00e7ekler d\u00f6k\u00fcld\u00fc. Mahalle sakinleri devrilen a\u011fa\u00e7lar\u0131 kendi imkanlar\u0131yla kald\u0131rarak yollar\u0131 a\u00e7maya \u00e7al\u0131\u015ft\u0131. Yetkililer, hasar tespit \u00e7al\u0131\u015fmalar\u0131n\u0131n ba\u015flat\u0131ld\u0131\u011f\u0131n\u0131 ve gerekli m\u00fcdahalelerin en k\u0131sa s\u00fcrede yap\u0131laca\u011f\u0131n\u0131 bildirdi. Kaynak: www.kanalv.com.tr &hellip;"}