{"version":"1.0","provider_name":"Av. Deniz Can K\u0131z\u0131l","provider_url":"https:\/\/denizcankizil.tr\/ru","author_name":"Av. Deniz Can K\u0131z\u0131l","author_url":"https:\/\/denizcankizil.tr\/ru\/author\/denizcankizil\/","title":"Sa\u011fanak ve dolu tar\u0131m arazilerine zarar verdi","type":"rich","width":600,"height":338,"html":"<blockquote class=\"wp-embedded-content\" data-secret=\"2fIjQMfIFG\"><a href=\"https:\/\/denizcankizil.tr\/ru\/haberler\/antalya\/saganak-ve-dolu-tarim-arazilerine-zarar-verdi\/\">Sa\u011fanak ve dolu tar\u0131m arazilerine zarar verdi<\/a><\/blockquote><iframe sandbox=\"allow-scripts\" security=\"restricted\" src=\"https:\/\/denizcankizil.tr\/ru\/haberler\/antalya\/saganak-ve-dolu-tarim-arazilerine-zarar-verdi\/embed\/#?secret=2fIjQMfIFG\" width=\"600\" height=\"338\" title=\"\u00abSa\u011fanak ve dolu tar\u0131m arazilerine zarar verdi\u00bb &#8212; Av. Deniz Can K\u0131z\u0131l\" data-secret=\"2fIjQMfIFG\" frameborder=\"0\" marginwidth=\"0\" marginheight=\"0\" scrolling=\"no\" class=\"wp-embedded-content\"><\/iframe><script>\n\/*! This file is auto-generated *\/\n!function(d,l){\"use strict\";l.querySelector&&d.addEventListener&&\"undefined\"!=typeof URL&&(d.wp=d.wp||{},d.wp.receiveEmbedMessage||(d.wp.receiveEmbedMessage=function(e){var t=e.data;if((t||t.secret||t.message||t.value)&&!\/[^a-zA-Z0-9]\/.test(t.secret)){for(var s,r,n,a=l.querySelectorAll('iframe[data-secret=\"'+t.secret+'\"]'),o=l.querySelectorAll('blockquote[data-secret=\"'+t.secret+'\"]'),c=new RegExp(\"^https?:$\",\"i\"),i=0;i<o.length;i++)o[i].style.display=\"none\";for(i=0;i<a.length;i++)s=a[i],e.source===s.contentWindow&&(s.removeAttribute(\"style\"),\"height\"===t.message?(1e3<(r=parseInt(t.value,10))?r=1e3:~~r<200&&(r=200),s.height=r):\"link\"===t.message&&(r=new URL(s.getAttribute(\"src\")),n=new URL(t.value),c.test(n.protocol))&&n.host===r.host&&l.activeElement===s&&(d.top.location.href=t.value))}},d.addEventListener(\"message\",d.wp.receiveEmbedMessage,!1),l.addEventListener(\"DOMContentLoaded\",function(){for(var e,t,s=l.querySelectorAll(\"iframe.wp-embedded-content\"),r=0;r<s.length;r++)(t=(e=s[r]).getAttribute(\"data-secret\"))||(t=Math.random().toString(36).substring(2,12),e.src+=\"#?secret=\"+t,e.setAttribute(\"data-secret\",t)),e.contentWindow.postMessage({message:\"ready\",secret:t},\"*\")},!1)))}(window,document);\n\/\/# sourceURL=https:\/\/denizcankizil.tr\/wp-includes\/js\/wp-embed.min.js\n<\/script>","thumbnail_url":"https:\/\/denizcankizil.tr\/wp-content\/uploads\/2025\/05\/6611-01-nIk6bO.jpg","thumbnail_width":1280,"thumbnail_height":720,"description":"Meteorolojinin uyar\u0131lar\u0131n\u0131n ard\u0131ndan sabah saatlerinde aniden bast\u0131ran \u015fiddetli sa\u011fanak ve dolu ya\u011f\u0131\u015f\u0131, il\u00e7e genelinde hayat\u0131 olumsuz etkiledi. Yank\u00f6y, Tekke, Z\u0131rlankaya ve P\u0131narc\u0131k mahallelerinde dolu nedeniyle bir\u00e7ok seran\u0131n camlar\u0131 k\u0131r\u0131ld\u0131, baz\u0131 seralar ise \u015fiddetli ya\u011f\u0131\u015fa dayanamayarak tamamen \u00e7\u00f6kt\u00fc. \u00c7\u00f6ken seralarda yeti\u015ftirilen domates ve biberler zarar g\u00f6r\u00fcrken, a\u00e7\u0131k alanda ekili karpuz tarlalar\u0131n\u0131n da doludan olumsuz etkilendi\u011fi bildirildi. \u0130l\u00e7e Tar\u0131m ve Orman M\u00fcd\u00fcrl\u00fc\u011f\u00fc yetkilileri, dolunun ard\u0131ndan sahaya inerek ilk incelemelere ba\u015flad\u0131. Resmi hasar tespit \u00e7al\u0131\u015fmalar\u0131n\u0131n en k\u0131sa s\u00fcrede tamamlanarak rapor haline getirilece\u011fi \u00f6\u011frenildi. Kaynak: www.kanalv.com.tr Haber Sitesinden Al\u0131nm\u0131\u015ft\u0131r."}