{"version":"1.0","provider_name":"Av. Deniz Can K\u0131z\u0131l","provider_url":"https:\/\/denizcankizil.tr\/ru","author_name":"Av. Deniz Can K\u0131z\u0131l","author_url":"https:\/\/denizcankizil.tr\/ru\/author\/denizcankizil\/","title":"Ref\u00fcje \u00e7arp\u0131p takla att\u0131","type":"rich","width":600,"height":338,"html":"<blockquote class=\"wp-embedded-content\" data-secret=\"mZCmdQZdQU\"><a href=\"https:\/\/denizcankizil.tr\/ru\/haberler\/antalya\/refuje-carpip-takla-atti\/\">Ref\u00fcje \u00e7arp\u0131p takla att\u0131<\/a><\/blockquote><iframe sandbox=\"allow-scripts\" security=\"restricted\" src=\"https:\/\/denizcankizil.tr\/ru\/haberler\/antalya\/refuje-carpip-takla-atti\/embed\/#?secret=mZCmdQZdQU\" width=\"600\" height=\"338\" title=\"\u00abRef\u00fcje \u00e7arp\u0131p takla att\u0131\u00bb &#8212; Av. Deniz Can K\u0131z\u0131l\" data-secret=\"mZCmdQZdQU\" frameborder=\"0\" marginwidth=\"0\" marginheight=\"0\" scrolling=\"no\" class=\"wp-embedded-content\"><\/iframe><script>\n\/*! This file is auto-generated *\/\n!function(d,l){\"use strict\";l.querySelector&&d.addEventListener&&\"undefined\"!=typeof URL&&(d.wp=d.wp||{},d.wp.receiveEmbedMessage||(d.wp.receiveEmbedMessage=function(e){var t=e.data;if((t||t.secret||t.message||t.value)&&!\/[^a-zA-Z0-9]\/.test(t.secret)){for(var s,r,n,a=l.querySelectorAll('iframe[data-secret=\"'+t.secret+'\"]'),o=l.querySelectorAll('blockquote[data-secret=\"'+t.secret+'\"]'),c=new RegExp(\"^https?:$\",\"i\"),i=0;i<o.length;i++)o[i].style.display=\"none\";for(i=0;i<a.length;i++)s=a[i],e.source===s.contentWindow&&(s.removeAttribute(\"style\"),\"height\"===t.message?(1e3<(r=parseInt(t.value,10))?r=1e3:~~r<200&&(r=200),s.height=r):\"link\"===t.message&&(r=new URL(s.getAttribute(\"src\")),n=new URL(t.value),c.test(n.protocol))&&n.host===r.host&&l.activeElement===s&&(d.top.location.href=t.value))}},d.addEventListener(\"message\",d.wp.receiveEmbedMessage,!1),l.addEventListener(\"DOMContentLoaded\",function(){for(var e,t,s=l.querySelectorAll(\"iframe.wp-embedded-content\"),r=0;r<s.length;r++)(t=(e=s[r]).getAttribute(\"data-secret\"))||(t=Math.random().toString(36).substring(2,12),e.src+=\"#?secret=\"+t,e.setAttribute(\"data-secret\",t)),e.contentWindow.postMessage({message:\"ready\",secret:t},\"*\")},!1)))}(window,document);\n\/\/# sourceURL=https:\/\/denizcankizil.tr\/wp-includes\/js\/wp-embed.min.js\n<\/script>","thumbnail_url":"https:\/\/denizcankizil.tr\/wp-content\/uploads\/2025\/05\/6605-01-RE2sKR.jpg","thumbnail_width":1280,"thumbnail_height":720,"description":"Kaza, d\u00fcn saat 23.30 s\u0131ralar\u0131nda Muratpa\u015fa il\u00e7esine ba\u011fl\u0131 K\u0131z\u0131l\u0131rmak Caddesi \u00fczerinde meydana geldi. Cadde \u00fczerinde seyir halinde olan 07 KM 053 plakal\u0131 otomobil, s\u00fcr\u00fcc\u00fcs\u00fcn\u00fcn direksiyon hakimiyetini kaybetmesi sonras\u0131nda sa\u011f \u015feritte ilerleyen 07 BTJ 695 plakal\u0131 otomobilin \u00e7amurluk ve kap\u0131 k\u0131sm\u0131na \u00e7arpt\u0131. \u00c7arpman\u0131n ard\u0131ndan savrulan 07 KM 053 ara\u00e7, ref\u00fcje \u00e7arpt\u0131ktan sonra takla atarak ters d\u00f6nd\u00fc. \u00c7evredekilerin ihbar\u0131yla adrese ekipler sevk edildi. Kazay\u0131 g\u00f6renlerin yard\u0131m etti\u011fi s\u00fcr\u00fcc\u00fc ara\u00e7tan kendi imk\u00e2nlar\u0131yla \u00e7\u0131kt\u0131. Kazada her iki ara\u00e7takilerden yaralanan olmad\u0131. Polis ekipleri kaza yerinde g\u00fcvenlik \u00f6nlemi ald\u0131. Ara\u00e7lar\u0131n \u00e7ekici yard\u0131m\u0131yla kald\u0131r\u0131lmas\u0131n\u0131n ard\u0131ndan trafik ak\u0131\u015f\u0131 normale d\u00f6nd\u00fc. Kazayla ilgili inceleme ba\u015flat\u0131ld\u0131 Kaynak: www.kanalv.com.tr Haber Sitesinden Al\u0131nm\u0131\u015ft\u0131r."}