{"version":"1.0","provider_name":"Av. Deniz Can K\u0131z\u0131l","provider_url":"https:\/\/denizcankizil.tr\/ru","author_name":"Av. Deniz Can K\u0131z\u0131l","author_url":"https:\/\/denizcankizil.tr\/ru\/author\/denizcankizil\/","title":"Polis memuru son yolculu\u011funa u\u011furland\u0131","type":"rich","width":600,"height":338,"html":"<blockquote class=\"wp-embedded-content\" data-secret=\"VUovBSy1fs\"><a href=\"https:\/\/denizcankizil.tr\/ru\/haberler\/antalya\/polis-memuru-son-yolculuguna-ugurlandi\/\">Polis memuru son yolculu\u011funa u\u011furland\u0131<\/a><\/blockquote><iframe sandbox=\"allow-scripts\" security=\"restricted\" src=\"https:\/\/denizcankizil.tr\/ru\/haberler\/antalya\/polis-memuru-son-yolculuguna-ugurlandi\/embed\/#?secret=VUovBSy1fs\" width=\"600\" height=\"338\" title=\"\u00abPolis memuru son yolculu\u011funa u\u011furland\u0131\u00bb &#8212; Av. Deniz Can K\u0131z\u0131l\" data-secret=\"VUovBSy1fs\" frameborder=\"0\" marginwidth=\"0\" marginheight=\"0\" scrolling=\"no\" class=\"wp-embedded-content\"><\/iframe><script>\n\/*! This file is auto-generated *\/\n!function(d,l){\"use strict\";l.querySelector&&d.addEventListener&&\"undefined\"!=typeof URL&&(d.wp=d.wp||{},d.wp.receiveEmbedMessage||(d.wp.receiveEmbedMessage=function(e){var t=e.data;if((t||t.secret||t.message||t.value)&&!\/[^a-zA-Z0-9]\/.test(t.secret)){for(var s,r,n,a=l.querySelectorAll('iframe[data-secret=\"'+t.secret+'\"]'),o=l.querySelectorAll('blockquote[data-secret=\"'+t.secret+'\"]'),c=new RegExp(\"^https?:$\",\"i\"),i=0;i<o.length;i++)o[i].style.display=\"none\";for(i=0;i<a.length;i++)s=a[i],e.source===s.contentWindow&&(s.removeAttribute(\"style\"),\"height\"===t.message?(1e3<(r=parseInt(t.value,10))?r=1e3:~~r<200&&(r=200),s.height=r):\"link\"===t.message&&(r=new URL(s.getAttribute(\"src\")),n=new URL(t.value),c.test(n.protocol))&&n.host===r.host&&l.activeElement===s&&(d.top.location.href=t.value))}},d.addEventListener(\"message\",d.wp.receiveEmbedMessage,!1),l.addEventListener(\"DOMContentLoaded\",function(){for(var e,t,s=l.querySelectorAll(\"iframe.wp-embedded-content\"),r=0;r<s.length;r++)(t=(e=s[r]).getAttribute(\"data-secret\"))||(t=Math.random().toString(36).substring(2,12),e.src+=\"#?secret=\"+t,e.setAttribute(\"data-secret\",t)),e.contentWindow.postMessage({message:\"ready\",secret:t},\"*\")},!1)))}(window,document);\n\/\/# sourceURL=https:\/\/denizcankizil.tr\/wp-includes\/js\/wp-embed.min.js\n<\/script>","thumbnail_url":"https:\/\/denizcankizil.tr\/wp-content\/uploads\/2025\/02\/5192-01-sAzUZM.jpeg","thumbnail_width":1280,"thumbnail_height":720,"description":"D\u00fcn, Muratpa\u015fa il\u00e7esi Sedir Mahallesi Ak\u0131n Caddesi&#8217;ndeki bir apartman\u0131n ikinci kat\u0131nda meydana gelen olayda Antalya Emniyet M\u00fcd\u00fcrl\u00fc\u011f\u00fc Bilgi Teknoloji ve Haberle\u015fme \u015eube M\u00fcd\u00fcrl\u00fc\u011f\u00fc&#8217;nde g\u00f6revli polis memuru Fikret O\u011fuz&#8217;un odas\u0131nda hareketsiz yatt\u0131\u011f\u0131n\u0131 g\u00f6ren e\u015fi, durumu 112 Acil \u00c7a\u011fr\u0131 Merkezi&#8217;ne bildirdi. \u0130hbarla adrese gelen sa\u011fl\u0131k ekipleri O\u011fuz&#8217;un hayat\u0131n\u0131 kaybetti\u011fini belirledi. Kalp krizi sonucu hayat\u0131n\u0131 kaybeden Fikret O\u011fuz i\u00e7in bug\u00fcn g\u00f6rev yapt\u0131\u011f\u0131 Antalya \u0130l Emniyet M\u00fcd\u00fcrl\u00fc\u011f\u00fc&#8217;nde t\u00f6ren d\u00fczenlendi. E\u015fi ve k\u0131z\u0131 ayakta durmakta zorland\u0131 T\u00f6rene Konyaalt\u0131 Kaymakam\u0131 Rahmi K\u00f6se, \u0130l Emniyet M\u00fcd\u00fcr\u00fc \u0130lker Arsan, \u0130l Jandarma Komutan\u0131 Tu\u011fgeneral Tar\u0131k Hekimo\u011flu, \u0130l Emniyet M\u00fcd\u00fcr Yard\u0131mc\u0131lar\u0131, birim amirleri, meslekta\u015flar\u0131, Fikret O\u011fuz&#8217;un e\u015fi, k\u0131z\u0131 ve yak\u0131nlar\u0131 kat\u0131ld\u0131. T\u00f6ren s\u0131ras\u0131nda O\u011fuz&#8217;un e\u015fi ve k\u0131z\u0131n\u0131n g\u00f6zya\u015flar\u0131na hakim olamad\u0131\u011f\u0131 ve ayakta durmakta zorluk \u00e7ekti\u011fi g\u00f6r\u00fcld\u00fc. Okunan dualar\u0131n ard\u0131ndan Fikret O\u011fuz&#8217;un cenazesi topra\u011fa verilmek \u00fczere memleketi Adana&#8217;ya do\u011fru yola \u00e7\u0131kt\u0131. Kaynak: www.kanalv.com.tr Haber Sitesinden Al\u0131nm\u0131\u015ft\u0131r."}